{"id":1014,"date":"2024-08-04T16:29:07","date_gmt":"2024-08-04T14:29:07","guid":{"rendered":"https:\/\/fondazionecarloacutis.webelements.it\/cosa-facciamo\/"},"modified":"2024-08-20T18:51:16","modified_gmt":"2024-08-20T16:51:16","slug":"que-hacemos","status":"publish","type":"page","link":"https:\/\/fondazionecarloacutis.webelements.it\/es\/que-hacemos\/","title":{"rendered":"Qu\u00e9 hacemos"},"content":{"rendered":"\n<div class=\"wp-block-group alignfull bg-logo-white no-pad has-background is-layout-constrained wp-block-group-is-layout-constrained\" style=\"background-color:#f8f9fa\"><div class=\"fca-spacer spacer-block_46bab2a357d8c55df158b237f2ddf80f\"  style=\"--height: 50px; --heightTablet: 50px; --heightMobile: 50px;\"><\/div>\n\n\n<h2 class=\"wp-block-heading has-text-align-center\"><strong>Qu\u00e9 hacemos: nuestra labor en Italia y en el mundo<\/strong><\/h2>\n\n\n<div class=\"fca-spacer spacer-block_57c984c8803d3cd3a274c615d64ad482\"  style=\"--height: 20px; --heightTablet: 20px; --heightMobile: 20px;\"><\/div>\n\n\n<p class=\"has-text-align-center\">La Fundaci\u00f3n Carlo Acutis nace con una misi\u00f3n: inspirar y crear una&nbsp;<strong>transformaci\u00f3n positiva del mundo.<\/strong>&nbsp;Hacer que todas las vidas cuenten significa poner en el centro a las Personas. De ah\u00ed la elecci\u00f3n de intervenciones sociales, culturales, art\u00edsticas y de investigaci\u00f3n m\u00e9dica y cient\u00edfica. Compromisos que asumimos&nbsp;<strong>en Italia y en todo el mundo<\/strong>, a veces seleccionando y apoyando proyectos ya existentes y otras veces creando nuevas l\u00edneas de actuaci\u00f3n.<\/p>\n\n\n<div class=\"fca-spacer spacer-block_8eb658b98f39b4f78154aa599adfbd3e\"  style=\"--height: 35px; --heightTablet: 35px; --heightMobile: 35px;\"><\/div>\n\n\n<p class=\"has-text-align-center has-medium-font-size\"><strong>EXPOSICIONES EN CURSO<\/strong><\/p>\n\n\n\n<p class=\"has-text-align-center has-medium-font-size\"><a href=\"https:\/\/fondazionecarloacutis.webelements.it\/es\/proyecto\/in-cammino-itinerari-sindonici-sulla-via-francigena-2\/\">IN CAMMINO. La porta di Torino: itinerari Sindonici sulla Via Francigena<\/a><\/p>\n\n\n<div class=\"fca-spacer spacer-block_46bab2a357d8c55df158b237f2ddf80f\"  style=\"--height: 50px; --heightTablet: 50px; --heightMobile: 50px;\"><\/div><\/div>\n\n\n<div class=\"fca-spacer spacer-block_46bab2a357d8c55df158b237f2ddf80f\"  style=\"--height: 50px; --heightTablet: 50px; --heightMobile: 50px;\"><\/div>\n\n\n<div class=\"wp-block-group alignfull is-layout-constrained wp-block-group-is-layout-constrained\"><section class=\"fca-project-masonry project-masonry-block_cd024519f1ace3b3cc8ee282c11b5505\" id=\"projects\"><div class=\"searchbar\">\n\t\t<div class=\"icona-ricerca\"><img decoding=\"async\" alt=\"search\" src=\"https:\/\/fondazionecarloacutis.webelements.it\/wp-content\/themes\/fondazionecarloacutis\/assets\/img\/search.svg\"><\/div>\n\t\t<div class=\"textbox\">\n\t\t\t<input id=\"isotope-search\" placeholder=\"Ver nuestros proyectos\" type=\"text\" value=\"\">\n\t\t<\/div>\n\t<\/div><div class=\"isotope-filter\"><span role=\"menuitem\" class=\"cat-arte-y-cultura\" data-type=\"tagsFilters\" data-filter=\"cat-arte-y-cultura\">Arte y Cultura<\/span><span role=\"menuitem\" class=\"cat-exposicion\" data-type=\"tagsFilters\" data-filter=\"cat-exposicion\">Exposici\u00f3n<\/span><span role=\"menuitem\" class=\"cat-investigacion-cientifica\" data-type=\"tagsFilters\" data-filter=\"cat-investigacion-cientifica\">Investigaci\u00f3n cient\u00edfica<\/span><span role=\"menuitem\" class=\"cat-sociales-y-caritativos\" data-type=\"tagsFilters\" data-filter=\"cat-sociales-y-caritativos\">Sociales y Caritativos<\/span><\/div><section class=\"isotope-archive-grid\">\t<div class=\"not-found\">No se encontr\u00f3 ning\u00fan proyecto<\/div>\t<ol class=\"isotope-grid\"><\/ol><\/section><script type=\"text\/javascript\"> var isotopeItems = [{\"name\":\"Digital Lab El centro juvenil se digitaliza para ofrecer a los j\\u00f3venes del nuevo milenio una comunidad, formaci\\u00f3n en valores y la creaci\\u00f3n de oportunidades laborales. Tur\\u00edn\",\"content\":\"<article id=\\\"project-846\\\" class=\\\"cat-sociales-y-caritativos tipologia-progetto stato-aperto project-card\\\" data-name=\\\"Digital Lab El centro juvenil se digitaliza para ofrecer a los j\\u00f3venes del nuevo milenio una comunidad, formaci\\u00f3n en valores y la creaci\\u00f3n de oportunidades laborales. Tur\\u00edn\\\"><a href=\\\"https:\\\/\\\/fondazionecarloacutis.webelements.it\\\/es\\\/proyecto\\\/digital-lab\\\/\\\"><div class=\\\"image-wrapper\\\"><img width=\\\"2560\\\" height=\\\"1920\\\" src=\\\"https:\\\/\\\/fondazionecarloacutis.webelements.it\\\/wp-content\\\/uploads\\\/2024\\\/08\\\/59b90e1005a220e2ebc542eb9d950b1e-IMG_20210417_160844-scaled-1.jpg\\\" class=\\\"attachment-full size-full wp-post-image\\\" alt=\\\"\\\" srcset=\\\"https:\\\/\\\/fondazionecarloacutis.webelements.it\\\/wp-content\\\/uploads\\\/2024\\\/08\\\/59b90e1005a220e2ebc542eb9d950b1e-IMG_20210417_160844-scaled-1.jpg 2560w, https:\\\/\\\/fondazionecarloacutis.webelements.it\\\/wp-content\\\/uploads\\\/2024\\\/08\\\/59b90e1005a220e2ebc542eb9d950b1e-IMG_20210417_160844-scaled-1-300x225.jpg 300w, https:\\\/\\\/fondazionecarloacutis.webelements.it\\\/wp-content\\\/uploads\\\/2024\\\/08\\\/59b90e1005a220e2ebc542eb9d950b1e-IMG_20210417_160844-scaled-1-1024x768.jpg 1024w, https:\\\/\\\/fondazionecarloacutis.webelements.it\\\/wp-content\\\/uploads\\\/2024\\\/08\\\/59b90e1005a220e2ebc542eb9d950b1e-IMG_20210417_160844-scaled-1-768x576.jpg 768w, https:\\\/\\\/fondazionecarloacutis.webelements.it\\\/wp-content\\\/uploads\\\/2024\\\/08\\\/59b90e1005a220e2ebc542eb9d950b1e-IMG_20210417_160844-scaled-1-1536x1152.jpg 1536w, https:\\\/\\\/fondazionecarloacutis.webelements.it\\\/wp-content\\\/uploads\\\/2024\\\/08\\\/59b90e1005a220e2ebc542eb9d950b1e-IMG_20210417_160844-scaled-1-2048x1536.jpg 2048w\\\" sizes=\\\"(max-width: 2560px) 100vw, 2560px\\\" \\\/><div class=\\\"location\\\">Tur\\u00edn<\\\/div><\\\/div><header><h3>Digital Lab<\\\/h3><\\\/header><p>El centro juvenil se digitaliza para ofrecer a los j\\u00f3venes del nuevo milenio una comunidad, formaci\\u00f3n en valores y la creaci\\u00f3n de oportunidades laborales.<\\\/p><div class=\\\"terms\\\"><img width=\\\"40\\\" height=\\\"43\\\" src=\\\"https:\\\/\\\/fondazionecarloacutis.webelements.it\\\/wp-content\\\/uploads\\\/2024\\\/07\\\/Group.png\\\" class=\\\"attachment-full size-full\\\" alt=\\\"\\\" \\\/><span>Sociales y Caritativos<\\\/span><\\\/div><\\\/a><\\\/article>\",\"label\":{\"sociales-y-caritativos\":\"<span role=\\\"menuitem\\\" class=\\\"cat-sociales-y-caritativos\\\" data-type=\\\"tagsFilters\\\" data-filter=\\\"cat-sociales-y-caritativos\\\">Sociales y Caritativos<\\\/span>\"},\"class\":[\"cat-sociales-y-caritativos\",\"tipologia-progetto\",\"stato-aperto\",\"project-card\"],\"pins\":[[\"44.99933\",\"7.680006\"]],\"published\":false},{\"name\":\"Investigaci\\u00f3n cient\\u00edfica Trabajos en curso Tur\\u00ecn\",\"content\":\"<article id=\\\"project-819\\\" class=\\\"cat-investigacion-cientifica tipologia-progetto stato-aperto project-card\\\" data-name=\\\"Investigaci\\u00f3n cient\\u00edfica Trabajos en curso Tur\\u00ecn\\\"><a href=\\\"https:\\\/\\\/fondazionecarloacutis.webelements.it\\\/es\\\/proyecto\\\/investigacion-cientifica\\\/\\\"><div class=\\\"image-wrapper\\\"><img width=\\\"380\\\" height=\\\"181\\\" src=\\\"https:\\\/\\\/fondazionecarloacutis.webelements.it\\\/wp-content\\\/uploads\\\/2024\\\/08\\\/Rectangle-54-2.png\\\" class=\\\"attachment-full size-full wp-post-image\\\" alt=\\\"\\\" srcset=\\\"https:\\\/\\\/fondazionecarloacutis.webelements.it\\\/wp-content\\\/uploads\\\/2024\\\/08\\\/Rectangle-54-2.png 380w, https:\\\/\\\/fondazionecarloacutis.webelements.it\\\/wp-content\\\/uploads\\\/2024\\\/08\\\/Rectangle-54-2-300x143.png 300w\\\" sizes=\\\"(max-width: 380px) 100vw, 380px\\\" \\\/><div class=\\\"location\\\">Tur\\u00ecn<\\\/div><\\\/div><header><h3>Investigaci\\u00f3n cient\\u00edfica<\\\/h3><\\\/header><p>Trabajos en curso<\\\/p><div class=\\\"terms\\\"><img width=\\\"35\\\" height=\\\"43\\\" src=\\\"https:\\\/\\\/fondazionecarloacutis.webelements.it\\\/wp-content\\\/uploads\\\/2024\\\/07\\\/Group-286.png\\\" class=\\\"attachment-full size-full\\\" alt=\\\"\\\" \\\/><span>Investigaci\\u00f3n cient\\u00edfica<\\\/span><\\\/div><\\\/a><\\\/article>\",\"label\":{\"investigacion-cientifica\":\"<span role=\\\"menuitem\\\" class=\\\"cat-investigacion-cientifica\\\" data-type=\\\"tagsFilters\\\" data-filter=\\\"cat-investigacion-cientifica\\\">Investigaci\\u00f3n cient\\u00edfica<\\\/span>\"},\"class\":[\"cat-investigacion-cientifica\",\"tipologia-progetto\",\"stato-aperto\",\"project-card\"],\"pins\":[[\"45.0673086\",\"7.6773319\"]],\"published\":false},{\"name\":\"El despu\\u00e9s de mirar la S\\u00e1bana Santa La Fundaci\\u00f3n Carlo Acutis promueve el conocimiento de la Santa S\\u00e1bana y apoya obras sociales y de caridad inspiradas en ella. Tur\\u00ecn\",\"content\":\"<article id=\\\"project-835\\\" class=\\\"cat-arte-y-cultura cat-sociales-y-caritativos tipologia-progetto stato-aperto project-card\\\" data-name=\\\"El despu\\u00e9s de mirar la S\\u00e1bana Santa La Fundaci\\u00f3n Carlo Acutis promueve el conocimiento de la Santa S\\u00e1bana y apoya obras sociales y de caridad inspiradas en ella. Tur\\u00ecn\\\"><a href=\\\"https:\\\/\\\/fondazionecarloacutis.webelements.it\\\/es\\\/proyecto\\\/sindone\\\/\\\"><div class=\\\"image-wrapper\\\"><img width=\\\"2560\\\" height=\\\"1321\\\" src=\\\"https:\\\/\\\/fondazionecarloacutis.webelements.it\\\/wp-content\\\/uploads\\\/2024\\\/08\\\/Sindone-scaled-1.jpg\\\" class=\\\"attachment-full size-full wp-post-image\\\" alt=\\\"\\\" srcset=\\\"https:\\\/\\\/fondazionecarloacutis.webelements.it\\\/wp-content\\\/uploads\\\/2024\\\/08\\\/Sindone-scaled-1.jpg 2560w, https:\\\/\\\/fondazionecarloacutis.webelements.it\\\/wp-content\\\/uploads\\\/2024\\\/08\\\/Sindone-scaled-1-300x155.jpg 300w, https:\\\/\\\/fondazionecarloacutis.webelements.it\\\/wp-content\\\/uploads\\\/2024\\\/08\\\/Sindone-scaled-1-1024x528.jpg 1024w, https:\\\/\\\/fondazionecarloacutis.webelements.it\\\/wp-content\\\/uploads\\\/2024\\\/08\\\/Sindone-scaled-1-768x396.jpg 768w, https:\\\/\\\/fondazionecarloacutis.webelements.it\\\/wp-content\\\/uploads\\\/2024\\\/08\\\/Sindone-scaled-1-1536x793.jpg 1536w, https:\\\/\\\/fondazionecarloacutis.webelements.it\\\/wp-content\\\/uploads\\\/2024\\\/08\\\/Sindone-scaled-1-2048x1057.jpg 2048w\\\" sizes=\\\"(max-width: 2560px) 100vw, 2560px\\\" \\\/><div class=\\\"location\\\">Tur\\u00ecn<\\\/div><\\\/div><header><h3>El despu\\u00e9s de mirar la S\\u00e1bana Santa<\\\/h3><\\\/header><p>La Fundaci\\u00f3n Carlo Acutis promueve el conocimiento de la Santa S\\u00e1bana y apoya obras sociales y de caridad inspiradas en ella.<\\\/p><div class=\\\"terms\\\"><img width=\\\"43\\\" height=\\\"39\\\" src=\\\"https:\\\/\\\/fondazionecarloacutis.webelements.it\\\/wp-content\\\/uploads\\\/2024\\\/07\\\/Group-284.png\\\" class=\\\"attachment-full size-full\\\" alt=\\\"\\\" \\\/><img width=\\\"40\\\" height=\\\"43\\\" src=\\\"https:\\\/\\\/fondazionecarloacutis.webelements.it\\\/wp-content\\\/uploads\\\/2024\\\/07\\\/Group.png\\\" class=\\\"attachment-full size-full\\\" alt=\\\"\\\" \\\/><span>Arte y Cultura, Sociales y Caritativos<\\\/span><\\\/div><\\\/a><\\\/article>\",\"label\":{\"arte-y-cultura\":\"<span role=\\\"menuitem\\\" class=\\\"cat-arte-y-cultura\\\" data-type=\\\"tagsFilters\\\" data-filter=\\\"cat-arte-y-cultura\\\">Arte y Cultura<\\\/span>\",\"sociales-y-caritativos\":\"<span role=\\\"menuitem\\\" class=\\\"cat-sociales-y-caritativos\\\" data-type=\\\"tagsFilters\\\" data-filter=\\\"cat-sociales-y-caritativos\\\">Sociales y Caritativos<\\\/span>\"},\"class\":[\"cat-arte-y-cultura\",\"cat-sociales-y-caritativos\",\"tipologia-progetto\",\"stato-aperto\",\"project-card\"],\"pins\":[[\"45.068375\",\"7.683066\"]],\"published\":false},{\"name\":\"Carlo Acutis Talents Ayudamos a j\\u00f3venes entusiastas y con talento. Hemos puesto en marcha un proyecto de apoyo a estudiantes talentosos de inform\\u00e1tica con dificultades econ\\u00f3micas. Tur\\u00edn, Mil\\u00e1n\",\"content\":\"<article id=\\\"project-831\\\" class=\\\"cat-sociales-y-caritativos tipologia-progetto stato-aperto project-card\\\" data-name=\\\"Carlo Acutis Talents Ayudamos a j\\u00f3venes entusiastas y con talento. Hemos puesto en marcha un proyecto de apoyo a estudiantes talentosos de inform\\u00e1tica con dificultades econ\\u00f3micas. Tur\\u00edn, Mil\\u00e1n\\\"><a href=\\\"https:\\\/\\\/fondazionecarloacutis.webelements.it\\\/es\\\/proyecto\\\/becas-carlo-acutis\\\/\\\"><div class=\\\"image-wrapper\\\"><img width=\\\"1440\\\" height=\\\"570\\\" src=\\\"https:\\\/\\\/fondazionecarloacutis.webelements.it\\\/wp-content\\\/uploads\\\/2024\\\/08\\\/2-1.jpg\\\" class=\\\"attachment-full size-full wp-post-image\\\" alt=\\\"\\\" srcset=\\\"https:\\\/\\\/fondazionecarloacutis.webelements.it\\\/wp-content\\\/uploads\\\/2024\\\/08\\\/2-1.jpg 1440w, https:\\\/\\\/fondazionecarloacutis.webelements.it\\\/wp-content\\\/uploads\\\/2024\\\/08\\\/2-1-300x119.jpg 300w, https:\\\/\\\/fondazionecarloacutis.webelements.it\\\/wp-content\\\/uploads\\\/2024\\\/08\\\/2-1-1024x405.jpg 1024w, https:\\\/\\\/fondazionecarloacutis.webelements.it\\\/wp-content\\\/uploads\\\/2024\\\/08\\\/2-1-768x304.jpg 768w\\\" sizes=\\\"(max-width: 1440px) 100vw, 1440px\\\" \\\/><div class=\\\"location\\\">Tur\\u00edn, Mil\\u00e1n<\\\/div><\\\/div><header><h3>Carlo Acutis Talents<\\\/h3><\\\/header><p>Ayudamos a j\\u00f3venes entusiastas y con talento. Hemos puesto en marcha un proyecto de apoyo a estudiantes talentosos de inform\\u00e1tica con dificultades econ\\u00f3micas.<\\\/p><div class=\\\"terms\\\"><img width=\\\"40\\\" height=\\\"43\\\" src=\\\"https:\\\/\\\/fondazionecarloacutis.webelements.it\\\/wp-content\\\/uploads\\\/2024\\\/07\\\/Group.png\\\" class=\\\"attachment-full size-full\\\" alt=\\\"\\\" \\\/><span>Sociales y Caritativos<\\\/span><\\\/div><\\\/a><\\\/article>\",\"label\":{\"sociales-y-caritativos\":\"<span role=\\\"menuitem\\\" class=\\\"cat-sociales-y-caritativos\\\" data-type=\\\"tagsFilters\\\" data-filter=\\\"cat-sociales-y-caritativos\\\">Sociales y Caritativos<\\\/span>\"},\"class\":[\"cat-sociales-y-caritativos\",\"tipologia-progetto\",\"stato-aperto\",\"project-card\"],\"pins\":[[\"45.46888\",\"9.18109\"],[\"45.43631339884303\",\"9.224957458531591\"]],\"published\":false},{\"name\":\"Capilla del Orfanato Oasi della Piet\\u00e0 El Orfanato \\u00abOasi della Piet\\u00e0\\u00bb servir\\u00e1 para ofrecer a los ni\\u00f1os y j\\u00f3venes, privados de asistencia familiar, un hogar donde recibir\\u00e1n cuidados, protecci\\u00f3n y acompa\\u00f1amiento para un crecimiento sano y su desarrollo... El Cairo\",\"content\":\"<article id=\\\"project-827\\\" class=\\\"cat-sociales-y-caritativos tipologia-progetto stato-aperto project-card\\\" data-name=\\\"Capilla del Orfanato Oasi della Piet\\u00e0 El Orfanato \\u00abOasi della Piet\\u00e0\\u00bb servir\\u00e1 para ofrecer a los ni\\u00f1os y j\\u00f3venes, privados de asistencia familiar, un hogar donde recibir\\u00e1n cuidados, protecci\\u00f3n y acompa\\u00f1amiento para un crecimiento sano y su desarrollo... El Cairo\\\"><a href=\\\"https:\\\/\\\/fondazionecarloacutis.webelements.it\\\/es\\\/proyecto\\\/capilla-del-orfanato-oasi-della-pieta\\\/\\\"><div class=\\\"image-wrapper\\\"><img width=\\\"1440\\\" height=\\\"570\\\" src=\\\"https:\\\/\\\/fondazionecarloacutis.webelements.it\\\/wp-content\\\/uploads\\\/2024\\\/08\\\/9.jpg\\\" class=\\\"attachment-full size-full wp-post-image\\\" alt=\\\"\\\" srcset=\\\"https:\\\/\\\/fondazionecarloacutis.webelements.it\\\/wp-content\\\/uploads\\\/2024\\\/08\\\/9.jpg 1440w, https:\\\/\\\/fondazionecarloacutis.webelements.it\\\/wp-content\\\/uploads\\\/2024\\\/08\\\/9-300x119.jpg 300w, https:\\\/\\\/fondazionecarloacutis.webelements.it\\\/wp-content\\\/uploads\\\/2024\\\/08\\\/9-1024x405.jpg 1024w, https:\\\/\\\/fondazionecarloacutis.webelements.it\\\/wp-content\\\/uploads\\\/2024\\\/08\\\/9-768x304.jpg 768w\\\" sizes=\\\"(max-width: 1440px) 100vw, 1440px\\\" \\\/><div class=\\\"location\\\">El Cairo<\\\/div><\\\/div><header><h3>Capilla del Orfanato Oasi della Piet\\u00e0<\\\/h3><\\\/header><p>El Orfanato \\u00abOasi della Piet\\u00e0\\u00bb servir\\u00e1 para ofrecer a los ni\\u00f1os y j\\u00f3venes, privados de asistencia familiar, un hogar donde recibir\\u00e1n cuidados, protecci\\u00f3n y acompa\\u00f1amiento para un crecimiento sano y su desarrollo...<\\\/p><div class=\\\"terms\\\"><img width=\\\"40\\\" height=\\\"43\\\" src=\\\"https:\\\/\\\/fondazionecarloacutis.webelements.it\\\/wp-content\\\/uploads\\\/2024\\\/07\\\/Group.png\\\" class=\\\"attachment-full size-full\\\" alt=\\\"\\\" \\\/><span>Sociales y Caritativos<\\\/span><\\\/div><\\\/a><\\\/article>\",\"label\":{\"sociales-y-caritativos\":\"<span role=\\\"menuitem\\\" class=\\\"cat-sociales-y-caritativos\\\" data-type=\\\"tagsFilters\\\" data-filter=\\\"cat-sociales-y-caritativos\\\">Sociales y Caritativos<\\\/span>\"},\"class\":[\"cat-sociales-y-caritativos\",\"tipologia-progetto\",\"stato-aperto\",\"project-card\"],\"pins\":[[\"30.043488\",\"31.235292\"]],\"published\":false},{\"name\":\"Formaci\\u00f3n y trabajo Un hist\\u00f3rico programa de escuela taller creado para ayudar a j\\u00f3venes desfavorecidos a conseguir el graduado escolar. Mil\\u00e1n\",\"content\":\"<article id=\\\"project-823\\\" class=\\\"cat-sociales-y-caritativos tipologia-progetto stato-aperto project-card\\\" data-name=\\\"Formaci\\u00f3n y trabajo Un hist\\u00f3rico programa de escuela taller creado para ayudar a j\\u00f3venes desfavorecidos a conseguir el graduado escolar. Mil\\u00e1n\\\"><a href=\\\"https:\\\/\\\/fondazionecarloacutis.webelements.it\\\/es\\\/proyecto\\\/formacion-y-trabajo\\\/\\\"><div class=\\\"image-wrapper\\\"><img width=\\\"2257\\\" height=\\\"1191\\\" src=\\\"https:\\\/\\\/fondazionecarloacutis.webelements.it\\\/wp-content\\\/uploads\\\/2024\\\/08\\\/MILANO_064_mod_scuola_bottega_crop_web.jpg\\\" class=\\\"attachment-full size-full wp-post-image\\\" alt=\\\"\\\" srcset=\\\"https:\\\/\\\/fondazionecarloacutis.webelements.it\\\/wp-content\\\/uploads\\\/2024\\\/08\\\/MILANO_064_mod_scuola_bottega_crop_web.jpg 2257w, https:\\\/\\\/fondazionecarloacutis.webelements.it\\\/wp-content\\\/uploads\\\/2024\\\/08\\\/MILANO_064_mod_scuola_bottega_crop_web-300x158.jpg 300w, https:\\\/\\\/fondazionecarloacutis.webelements.it\\\/wp-content\\\/uploads\\\/2024\\\/08\\\/MILANO_064_mod_scuola_bottega_crop_web-1024x540.jpg 1024w, https:\\\/\\\/fondazionecarloacutis.webelements.it\\\/wp-content\\\/uploads\\\/2024\\\/08\\\/MILANO_064_mod_scuola_bottega_crop_web-768x405.jpg 768w, https:\\\/\\\/fondazionecarloacutis.webelements.it\\\/wp-content\\\/uploads\\\/2024\\\/08\\\/MILANO_064_mod_scuola_bottega_crop_web-1536x811.jpg 1536w, https:\\\/\\\/fondazionecarloacutis.webelements.it\\\/wp-content\\\/uploads\\\/2024\\\/08\\\/MILANO_064_mod_scuola_bottega_crop_web-2048x1081.jpg 2048w\\\" sizes=\\\"(max-width: 2257px) 100vw, 2257px\\\" \\\/><div class=\\\"location\\\">Mil\\u00e1n<\\\/div><\\\/div><header><h3>Formaci\\u00f3n y trabajo<\\\/h3><\\\/header><p>Un hist\\u00f3rico programa de escuela taller creado para ayudar a j\\u00f3venes desfavorecidos a conseguir el graduado escolar.<\\\/p><div class=\\\"terms\\\"><img width=\\\"40\\\" height=\\\"43\\\" src=\\\"https:\\\/\\\/fondazionecarloacutis.webelements.it\\\/wp-content\\\/uploads\\\/2024\\\/07\\\/Group.png\\\" class=\\\"attachment-full size-full\\\" alt=\\\"\\\" \\\/><span>Sociales y Caritativos<\\\/span><\\\/div><\\\/a><\\\/article>\",\"label\":{\"sociales-y-caritativos\":\"<span role=\\\"menuitem\\\" class=\\\"cat-sociales-y-caritativos\\\" data-type=\\\"tagsFilters\\\" data-filter=\\\"cat-sociales-y-caritativos\\\">Sociales y Caritativos<\\\/span>\"},\"class\":[\"cat-sociales-y-caritativos\",\"tipologia-progetto\",\"stato-aperto\",\"project-card\"],\"pins\":[[\"45.43631339884303\",\"9.224957458531591\"]],\"published\":false},{\"name\":\"Casa Familia Carlo Acutis La Casa Familia acoge ni\\u00f1as y adolescentes hu\\u00e9rfanas o en situaci\\u00f3n familiar de vulnerabilidad, y act\\u00faa tambi\\u00e9n como centro de animaci\\u00f3n y espacio de encuentro para los ni\\u00f1os de la zona. Tanzania - Kitiwiru\",\"content\":\"<article id=\\\"project-815\\\" class=\\\"cat-sociales-y-caritativos tipologia-progetto stato-aperto project-card\\\" data-name=\\\"Casa Familia Carlo Acutis La Casa Familia acoge ni\\u00f1as y adolescentes hu\\u00e9rfanas o en situaci\\u00f3n familiar de vulnerabilidad, y act\\u00faa tambi\\u00e9n como centro de animaci\\u00f3n y espacio de encuentro para los ni\\u00f1os de la zona. Tanzania - Kitiwiru\\\"><a href=\\\"https:\\\/\\\/fondazionecarloacutis.webelements.it\\\/es\\\/proyecto\\\/casa-familia-carlo-acutis\\\/\\\"><div class=\\\"image-wrapper\\\"><img width=\\\"1440\\\" height=\\\"570\\\" src=\\\"https:\\\/\\\/fondazionecarloacutis.webelements.it\\\/wp-content\\\/uploads\\\/2024\\\/08\\\/10-1.jpg\\\" class=\\\"attachment-full size-full wp-post-image\\\" alt=\\\"\\\" srcset=\\\"https:\\\/\\\/fondazionecarloacutis.webelements.it\\\/wp-content\\\/uploads\\\/2024\\\/08\\\/10-1.jpg 1440w, https:\\\/\\\/fondazionecarloacutis.webelements.it\\\/wp-content\\\/uploads\\\/2024\\\/08\\\/10-1-300x119.jpg 300w, https:\\\/\\\/fondazionecarloacutis.webelements.it\\\/wp-content\\\/uploads\\\/2024\\\/08\\\/10-1-1024x405.jpg 1024w, https:\\\/\\\/fondazionecarloacutis.webelements.it\\\/wp-content\\\/uploads\\\/2024\\\/08\\\/10-1-768x304.jpg 768w\\\" sizes=\\\"(max-width: 1440px) 100vw, 1440px\\\" \\\/><div class=\\\"location\\\">Tanzania - Kitiwiru<\\\/div><\\\/div><header><h3>Casa Familia Carlo Acutis<\\\/h3><\\\/header><p>La Casa Familia acoge ni\\u00f1as y adolescentes hu\\u00e9rfanas o en situaci\\u00f3n familiar de vulnerabilidad, y act\\u00faa tambi\\u00e9n como centro de animaci\\u00f3n y espacio de encuentro para los ni\\u00f1os de la zona.<\\\/p><div class=\\\"terms\\\"><img width=\\\"40\\\" height=\\\"43\\\" src=\\\"https:\\\/\\\/fondazionecarloacutis.webelements.it\\\/wp-content\\\/uploads\\\/2024\\\/07\\\/Group.png\\\" class=\\\"attachment-full size-full\\\" alt=\\\"\\\" \\\/><span>Sociales y Caritativos<\\\/span><\\\/div><\\\/a><\\\/article>\",\"label\":{\"sociales-y-caritativos\":\"<span role=\\\"menuitem\\\" class=\\\"cat-sociales-y-caritativos\\\" data-type=\\\"tagsFilters\\\" data-filter=\\\"cat-sociales-y-caritativos\\\">Sociales y Caritativos<\\\/span>\"},\"class\":[\"cat-sociales-y-caritativos\",\"tipologia-progetto\",\"stato-aperto\",\"project-card\"],\"pins\":[[\"-6.5247123\",\"35.7878438\"]],\"published\":false},{\"name\":\"Santuario del Despojo El proyecto de restauraci\\u00f3n pretende sacar a la luz los elementos romanos que a\\u00fan se encuentran presentes y los lugares donde f\\u00edsicamente tuvo lugar el Despojo de San Francisco, y crear un recorrido muse\\u00edstico. As\\u00eds\",\"content\":\"<article id=\\\"project-811\\\" class=\\\"cat-arte-y-cultura tipologia-progetto stato-aperto project-card\\\" data-name=\\\"Santuario del Despojo El proyecto de restauraci\\u00f3n pretende sacar a la luz los elementos romanos que a\\u00fan se encuentran presentes y los lugares donde f\\u00edsicamente tuvo lugar el Despojo de San Francisco, y crear un recorrido muse\\u00edstico. As\\u00eds\\\"><a href=\\\"https:\\\/\\\/fondazionecarloacutis.webelements.it\\\/es\\\/proyecto\\\/santuario-del-despojo\\\/\\\"><div class=\\\"image-wrapper\\\"><img width=\\\"1440\\\" height=\\\"570\\\" src=\\\"https:\\\/\\\/fondazionecarloacutis.webelements.it\\\/wp-content\\\/uploads\\\/2024\\\/08\\\/8.jpg\\\" class=\\\"attachment-full size-full wp-post-image\\\" alt=\\\"\\\" srcset=\\\"https:\\\/\\\/fondazionecarloacutis.webelements.it\\\/wp-content\\\/uploads\\\/2024\\\/08\\\/8.jpg 1440w, https:\\\/\\\/fondazionecarloacutis.webelements.it\\\/wp-content\\\/uploads\\\/2024\\\/08\\\/8-300x119.jpg 300w, https:\\\/\\\/fondazionecarloacutis.webelements.it\\\/wp-content\\\/uploads\\\/2024\\\/08\\\/8-1024x405.jpg 1024w, https:\\\/\\\/fondazionecarloacutis.webelements.it\\\/wp-content\\\/uploads\\\/2024\\\/08\\\/8-768x304.jpg 768w\\\" sizes=\\\"(max-width: 1440px) 100vw, 1440px\\\" \\\/><div class=\\\"location\\\">As\\u00eds<\\\/div><\\\/div><header><h3>Santuario del Despojo<\\\/h3><\\\/header><p>El proyecto de restauraci\\u00f3n pretende sacar a la luz los elementos romanos que a\\u00fan se encuentran presentes y los lugares donde f\\u00edsicamente tuvo lugar el Despojo de San Francisco, y crear un recorrido muse\\u00edstico.<\\\/p><div class=\\\"terms\\\"><img width=\\\"43\\\" height=\\\"39\\\" src=\\\"https:\\\/\\\/fondazionecarloacutis.webelements.it\\\/wp-content\\\/uploads\\\/2024\\\/07\\\/Group-284.png\\\" class=\\\"attachment-full size-full\\\" alt=\\\"\\\" \\\/><span>Arte y Cultura<\\\/span><\\\/div><\\\/a><\\\/article>\",\"label\":{\"arte-y-cultura\":\"<span role=\\\"menuitem\\\" class=\\\"cat-arte-y-cultura\\\" data-type=\\\"tagsFilters\\\" data-filter=\\\"cat-arte-y-cultura\\\">Arte y Cultura<\\\/span>\"},\"class\":[\"cat-arte-y-cultura\",\"tipologia-progetto\",\"stato-aperto\",\"project-card\"],\"pins\":[[\"43.063065\",\"12.652036\"]],\"published\":false},{\"name\":\"Para los ni\\u00f1os de Ruanda Una iniciativa que permitir\\u00e1 que los ni\\u00f1os no interrumpan sus estudios. Ruanda\",\"content\":\"<article id=\\\"project-807\\\" class=\\\"cat-sociales-y-caritativos tipologia-progetto stato-aperto project-card\\\" data-name=\\\"Para los ni\\u00f1os de Ruanda Una iniciativa que permitir\\u00e1 que los ni\\u00f1os no interrumpan sus estudios. Ruanda\\\"><a href=\\\"https:\\\/\\\/fondazionecarloacutis.webelements.it\\\/es\\\/proyecto\\\/para-los-ninos-de-ruanda\\\/\\\"><div class=\\\"image-wrapper\\\"><img width=\\\"1440\\\" height=\\\"570\\\" src=\\\"https:\\\/\\\/fondazionecarloacutis.webelements.it\\\/wp-content\\\/uploads\\\/2024\\\/08\\\/11.jpg\\\" class=\\\"attachment-full size-full wp-post-image\\\" alt=\\\"\\\" srcset=\\\"https:\\\/\\\/fondazionecarloacutis.webelements.it\\\/wp-content\\\/uploads\\\/2024\\\/08\\\/11.jpg 1440w, https:\\\/\\\/fondazionecarloacutis.webelements.it\\\/wp-content\\\/uploads\\\/2024\\\/08\\\/11-300x119.jpg 300w, https:\\\/\\\/fondazionecarloacutis.webelements.it\\\/wp-content\\\/uploads\\\/2024\\\/08\\\/11-1024x405.jpg 1024w, https:\\\/\\\/fondazionecarloacutis.webelements.it\\\/wp-content\\\/uploads\\\/2024\\\/08\\\/11-768x304.jpg 768w\\\" sizes=\\\"(max-width: 1440px) 100vw, 1440px\\\" \\\/><div class=\\\"location\\\">Ruanda<\\\/div><\\\/div><header><h3>Para los ni\\u00f1os de Ruanda<\\\/h3><\\\/header><p>Una iniciativa que permitir\\u00e1 que los ni\\u00f1os no interrumpan sus estudios.<\\\/p><div class=\\\"terms\\\"><img width=\\\"40\\\" height=\\\"43\\\" src=\\\"https:\\\/\\\/fondazionecarloacutis.webelements.it\\\/wp-content\\\/uploads\\\/2024\\\/07\\\/Group.png\\\" class=\\\"attachment-full size-full\\\" alt=\\\"\\\" \\\/><span>Sociales y Caritativos<\\\/span><\\\/div><\\\/a><\\\/article>\",\"label\":{\"sociales-y-caritativos\":\"<span role=\\\"menuitem\\\" class=\\\"cat-sociales-y-caritativos\\\" data-type=\\\"tagsFilters\\\" data-filter=\\\"cat-sociales-y-caritativos\\\">Sociales y Caritativos<\\\/span>\"},\"class\":[\"cat-sociales-y-caritativos\",\"tipologia-progetto\",\"stato-aperto\",\"project-card\"],\"pins\":[[\"-2.020368\",\"29.904135\"]],\"published\":false},{\"name\":\"Comedor y Albergue Carlo Acutis Estamos renovando el comedor diocesano y hemos puesto en marcha un servicio de acogida para familias en dificultad econ\\u00f3mica. As\\u00eds\",\"content\":\"<article id=\\\"project-803\\\" class=\\\"cat-sociales-y-caritativos tipologia-progetto stato-aperto project-card\\\" data-name=\\\"Comedor y Albergue Carlo Acutis Estamos renovando el comedor diocesano y hemos puesto en marcha un servicio de acogida para familias en dificultad econ\\u00f3mica. As\\u00eds\\\"><a href=\\\"https:\\\/\\\/fondazionecarloacutis.webelements.it\\\/es\\\/proyecto\\\/comedor-y-albergue-carlo-acutis\\\/\\\"><div class=\\\"image-wrapper\\\"><img width=\\\"1440\\\" height=\\\"570\\\" src=\\\"https:\\\/\\\/fondazionecarloacutis.webelements.it\\\/wp-content\\\/uploads\\\/2024\\\/08\\\/1-1.jpg\\\" class=\\\"attachment-full size-full wp-post-image\\\" alt=\\\"\\\" srcset=\\\"https:\\\/\\\/fondazionecarloacutis.webelements.it\\\/wp-content\\\/uploads\\\/2024\\\/08\\\/1-1.jpg 1440w, https:\\\/\\\/fondazionecarloacutis.webelements.it\\\/wp-content\\\/uploads\\\/2024\\\/08\\\/1-1-300x119.jpg 300w, https:\\\/\\\/fondazionecarloacutis.webelements.it\\\/wp-content\\\/uploads\\\/2024\\\/08\\\/1-1-1024x405.jpg 1024w, https:\\\/\\\/fondazionecarloacutis.webelements.it\\\/wp-content\\\/uploads\\\/2024\\\/08\\\/1-1-768x304.jpg 768w\\\" sizes=\\\"(max-width: 1440px) 100vw, 1440px\\\" \\\/><div class=\\\"location\\\">As\\u00eds<\\\/div><\\\/div><header><h3>Comedor y Albergue Carlo Acutis<\\\/h3><\\\/header><p>Estamos renovando el comedor diocesano y hemos puesto en marcha un servicio de acogida para familias en dificultad econ\\u00f3mica.<\\\/p><div class=\\\"terms\\\"><img width=\\\"40\\\" height=\\\"43\\\" src=\\\"https:\\\/\\\/fondazionecarloacutis.webelements.it\\\/wp-content\\\/uploads\\\/2024\\\/07\\\/Group.png\\\" class=\\\"attachment-full size-full\\\" alt=\\\"\\\" \\\/><span>Sociales y Caritativos<\\\/span><\\\/div><\\\/a><\\\/article>\",\"label\":{\"sociales-y-caritativos\":\"<span role=\\\"menuitem\\\" class=\\\"cat-sociales-y-caritativos\\\" data-type=\\\"tagsFilters\\\" data-filter=\\\"cat-sociales-y-caritativos\\\">Sociales y Caritativos<\\\/span>\"},\"class\":[\"cat-sociales-y-caritativos\",\"tipologia-progetto\",\"stato-aperto\",\"project-card\"],\"pins\":[[\"43.067\",\"12.617\"]],\"published\":false},{\"name\":\"Colecciones I Talenti y Sources Chr\\u00e9tiennes Apoyo a la publicaci\\u00f3n para permitir la compra a precios bajos de los libros de las colecciones I Talenti y Sources Chr\\u00e9tiennes a personas desfavorecidas. Bologna\",\"content\":\"<article id=\\\"project-799\\\" class=\\\"cat-arte-y-cultura tipologia-progetto stato-aperto project-card\\\" data-name=\\\"Colecciones I Talenti y Sources Chr\\u00e9tiennes Apoyo a la publicaci\\u00f3n para permitir la compra a precios bajos de los libros de las colecciones I Talenti y Sources Chr\\u00e9tiennes a personas desfavorecidas. Bologna\\\"><a href=\\\"https:\\\/\\\/fondazionecarloacutis.webelements.it\\\/es\\\/proyecto\\\/colecciones-i-talenti-y-sources-chretiennes\\\/\\\"><div class=\\\"image-wrapper\\\"><img width=\\\"1440\\\" height=\\\"570\\\" src=\\\"https:\\\/\\\/fondazionecarloacutis.webelements.it\\\/wp-content\\\/uploads\\\/2024\\\/08\\\/6-1.jpg\\\" class=\\\"attachment-full size-full wp-post-image\\\" alt=\\\"\\\" srcset=\\\"https:\\\/\\\/fondazionecarloacutis.webelements.it\\\/wp-content\\\/uploads\\\/2024\\\/08\\\/6-1.jpg 1440w, https:\\\/\\\/fondazionecarloacutis.webelements.it\\\/wp-content\\\/uploads\\\/2024\\\/08\\\/6-1-300x119.jpg 300w, https:\\\/\\\/fondazionecarloacutis.webelements.it\\\/wp-content\\\/uploads\\\/2024\\\/08\\\/6-1-1024x405.jpg 1024w, https:\\\/\\\/fondazionecarloacutis.webelements.it\\\/wp-content\\\/uploads\\\/2024\\\/08\\\/6-1-768x304.jpg 768w\\\" sizes=\\\"(max-width: 1440px) 100vw, 1440px\\\" \\\/><div class=\\\"location\\\">Bologna<\\\/div><\\\/div><header><h3>Colecciones I Talenti y Sources Chr\\u00e9tiennes<\\\/h3><\\\/header><p>Apoyo a la publicaci\\u00f3n para permitir la compra a precios bajos de los libros de las colecciones I Talenti y Sources Chr\\u00e9tiennes a personas desfavorecidas.<\\\/p><div class=\\\"terms\\\"><img width=\\\"43\\\" height=\\\"39\\\" src=\\\"https:\\\/\\\/fondazionecarloacutis.webelements.it\\\/wp-content\\\/uploads\\\/2024\\\/07\\\/Group-284.png\\\" class=\\\"attachment-full size-full\\\" alt=\\\"\\\" \\\/><span>Arte y Cultura<\\\/span><\\\/div><\\\/a><\\\/article>\",\"label\":{\"arte-y-cultura\":\"<span role=\\\"menuitem\\\" class=\\\"cat-arte-y-cultura\\\" data-type=\\\"tagsFilters\\\" data-filter=\\\"cat-arte-y-cultura\\\">Arte y Cultura<\\\/span>\"},\"class\":[\"cat-arte-y-cultura\",\"tipologia-progetto\",\"stato-aperto\",\"project-card\"],\"pins\":[[\"44.4938100\",\"11.3387500\"]],\"published\":false},{\"name\":\"Bolsa de trabajo Contribuir a la mejora de las condiciones y las perspectivas de vida de las personas con dificultad para la reinserci\\u00f3n laboral. Turin\",\"content\":\"<article id=\\\"project-780\\\" class=\\\"cat-sociales-y-caritativos tipologia-progetto stato-aperto project-card\\\" data-name=\\\"Bolsa de trabajo Contribuir a la mejora de las condiciones y las perspectivas de vida de las personas con dificultad para la reinserci\\u00f3n laboral. Turin\\\"><a href=\\\"https:\\\/\\\/fondazionecarloacutis.webelements.it\\\/es\\\/proyecto\\\/bolsa-de-trabajo\\\/\\\"><div class=\\\"image-wrapper\\\"><img width=\\\"1440\\\" height=\\\"570\\\" src=\\\"https:\\\/\\\/fondazionecarloacutis.webelements.it\\\/wp-content\\\/uploads\\\/2024\\\/08\\\/5-1.jpg\\\" class=\\\"attachment-full size-full wp-post-image\\\" alt=\\\"\\\" srcset=\\\"https:\\\/\\\/fondazionecarloacutis.webelements.it\\\/wp-content\\\/uploads\\\/2024\\\/08\\\/5-1.jpg 1440w, https:\\\/\\\/fondazionecarloacutis.webelements.it\\\/wp-content\\\/uploads\\\/2024\\\/08\\\/5-1-300x119.jpg 300w, https:\\\/\\\/fondazionecarloacutis.webelements.it\\\/wp-content\\\/uploads\\\/2024\\\/08\\\/5-1-1024x405.jpg 1024w, https:\\\/\\\/fondazionecarloacutis.webelements.it\\\/wp-content\\\/uploads\\\/2024\\\/08\\\/5-1-768x304.jpg 768w\\\" sizes=\\\"(max-width: 1440px) 100vw, 1440px\\\" \\\/><div class=\\\"location\\\">Turin<\\\/div><\\\/div><header><h3>Bolsa de trabajo<\\\/h3><\\\/header><p>Contribuir a la mejora de las condiciones y las perspectivas de vida de las personas con dificultad para la reinserci\\u00f3n laboral.<\\\/p><div class=\\\"terms\\\"><img width=\\\"40\\\" height=\\\"43\\\" src=\\\"https:\\\/\\\/fondazionecarloacutis.webelements.it\\\/wp-content\\\/uploads\\\/2024\\\/07\\\/Group.png\\\" class=\\\"attachment-full size-full\\\" alt=\\\"\\\" \\\/><span>Sociales y Caritativos<\\\/span><\\\/div><\\\/a><\\\/article>\",\"label\":{\"sociales-y-caritativos\":\"<span role=\\\"menuitem\\\" class=\\\"cat-sociales-y-caritativos\\\" data-type=\\\"tagsFilters\\\" data-filter=\\\"cat-sociales-y-caritativos\\\">Sociales y Caritativos<\\\/span>\"},\"class\":[\"cat-sociales-y-caritativos\",\"tipologia-progetto\",\"stato-aperto\",\"project-card\"],\"pins\":[[\"45.06968\",\"7.70493\"]],\"published\":false},{\"name\":\"IN CAMMINO. La Porta di Torino: Itinerari Sindonici sulla Via Francigena IN CAMMINO. La porta di Torino: itinerari Sindonici sulla Via Francigena El turismo religioso, inclusivo y sostenible es el n\\u00facleo del proyecto \\u201cVia Francigena for All\\u201d con la exposici\\u00f3n \\u201cEn camino. La puerta de Tur\\u00edn: itinerarios sind\\u00f3nicos en la V\\u00eda Franc\\u00edgena\\u201d, presentada en el Palacio Madama \\u2013 Museo C\\u00edvico de Arte Antigua de Tur\\u00edn desde [&hellip;] Bruxelles\",\"content\":\"<article id=\\\"project-998\\\" class=\\\"cat-exposicion tipologia-progetto stato-aperto project-card\\\" data-name=\\\"IN CAMMINO. La Porta di Torino: Itinerari Sindonici sulla Via Francigena IN CAMMINO. La porta di Torino: itinerari Sindonici sulla Via Francigena El turismo religioso, inclusivo y sostenible es el n\\u00facleo del proyecto \\u201cVia Francigena for All\\u201d con la exposici\\u00f3n \\u201cEn camino. La puerta de Tur\\u00edn: itinerarios sind\\u00f3nicos en la V\\u00eda Franc\\u00edgena\\u201d, presentada en el Palacio Madama \\u2013 Museo C\\u00edvico de Arte Antigua de Tur\\u00edn desde [&amp;hellip;] Bruxelles\\\"><a href=\\\"https:\\\/\\\/fondazionecarloacutis.webelements.it\\\/es\\\/proyecto\\\/in-cammino-itinerari-sindonici-sulla-via-francigena-2\\\/\\\"><div class=\\\"image-wrapper\\\"><img width=\\\"2560\\\" height=\\\"1029\\\" src=\\\"https:\\\/\\\/fondazionecarloacutis.webelements.it\\\/wp-content\\\/uploads\\\/2024\\\/08\\\/Bannerweb_Cammino_web-3-1-scaled-1.jpg\\\" class=\\\"attachment-full size-full wp-post-image\\\" alt=\\\"\\\" srcset=\\\"https:\\\/\\\/fondazionecarloacutis.webelements.it\\\/wp-content\\\/uploads\\\/2024\\\/08\\\/Bannerweb_Cammino_web-3-1-scaled-1.jpg 2560w, https:\\\/\\\/fondazionecarloacutis.webelements.it\\\/wp-content\\\/uploads\\\/2024\\\/08\\\/Bannerweb_Cammino_web-3-1-scaled-1-300x121.jpg 300w, https:\\\/\\\/fondazionecarloacutis.webelements.it\\\/wp-content\\\/uploads\\\/2024\\\/08\\\/Bannerweb_Cammino_web-3-1-scaled-1-1024x412.jpg 1024w, https:\\\/\\\/fondazionecarloacutis.webelements.it\\\/wp-content\\\/uploads\\\/2024\\\/08\\\/Bannerweb_Cammino_web-3-1-scaled-1-768x309.jpg 768w, https:\\\/\\\/fondazionecarloacutis.webelements.it\\\/wp-content\\\/uploads\\\/2024\\\/08\\\/Bannerweb_Cammino_web-3-1-scaled-1-1536x617.jpg 1536w, https:\\\/\\\/fondazionecarloacutis.webelements.it\\\/wp-content\\\/uploads\\\/2024\\\/08\\\/Bannerweb_Cammino_web-3-1-scaled-1-2048x823.jpg 2048w\\\" sizes=\\\"(max-width: 2560px) 100vw, 2560px\\\" \\\/><div class=\\\"location\\\">Bruxelles<\\\/div><\\\/div><header><h3>IN CAMMINO. La Porta di Torino: Itinerari Sindonici sulla Via Francigena<\\\/h3><\\\/header><p>IN CAMMINO. La porta di Torino: itinerari Sindonici sulla Via Francigena El turismo religioso, inclusivo y sostenible es el n\\u00facleo del proyecto \\u201cVia Francigena for All\\u201d con la exposici\\u00f3n \\u201cEn camino. La puerta de Tur\\u00edn: itinerarios sind\\u00f3nicos en la V\\u00eda Franc\\u00edgena\\u201d, presentada en el Palacio Madama \\u2013 Museo C\\u00edvico de Arte Antigua de Tur\\u00edn desde [&hellip;]<\\\/p><div class=\\\"terms\\\"><img width=\\\"80\\\" height=\\\"81\\\" src=\\\"https:\\\/\\\/fondazionecarloacutis.webelements.it\\\/wp-content\\\/uploads\\\/2024\\\/08\\\/event-exhibition.png\\\" class=\\\"attachment-full size-full\\\" alt=\\\"\\\" \\\/><span>Exposici\\u00f3n<\\\/span><\\\/div><\\\/a><\\\/article>\",\"label\":{\"exposicion\":\"<span role=\\\"menuitem\\\" class=\\\"cat-exposicion\\\" data-type=\\\"tagsFilters\\\" data-filter=\\\"cat-exposicion\\\">Exposici\\u00f3n<\\\/span>\"},\"class\":[\"cat-exposicion\",\"tipologia-progetto\",\"stato-aperto\",\"project-card\"],\"pins\":[[\"50.8380365\",\"4.3665465\"]],\"published\":false},{\"name\":\"En el Signo de Jes\\u00fas &#8211; rostros en el Rostro En el Signo de Jes\\u00fas &#8211; rostros en el Rostro En la exposici\\u00f3n se presentan obras realizadas en 2022 por algunos de los mejores estudiantes de la&nbsp;Accademia Albertina di Torino, junto a una obra del artista&nbsp;Ezio Gribaudo&nbsp;y tres objetos de profunda relevancia hist\\u00f3rica: una impresi\\u00f3n firmada de la primera&nbsp;fotograf\\u00eda de la S\\u00e1bana Santa realizada por [&hellip;] Asti\",\"content\":\"<article id=\\\"project-994\\\" class=\\\"cat-exposicion tipologia-evento stato-chiuso project-card\\\" data-name=\\\"En el Signo de Jes\\u00fas &amp;#8211; rostros en el Rostro En el Signo de Jes\\u00fas &amp;#8211; rostros en el Rostro En la exposici\\u00f3n se presentan obras realizadas en 2022 por algunos de los mejores estudiantes de la&amp;nbsp;Accademia Albertina di Torino, junto a una obra del artista&amp;nbsp;Ezio Gribaudo&amp;nbsp;y tres objetos de profunda relevancia hist\\u00f3rica: una impresi\\u00f3n firmada de la primera&amp;nbsp;fotograf\\u00eda de la S\\u00e1bana Santa realizada por [&amp;hellip;] Asti\\\"><a href=\\\"https:\\\/\\\/fondazionecarloacutis.webelements.it\\\/es\\\/proyecto\\\/nel-segno-di-gesu-volti-nel-volto\\\/\\\"><div class=\\\"image-wrapper\\\"><img width=\\\"1010\\\" height=\\\"452\\\" src=\\\"https:\\\/\\\/fondazionecarloacutis.webelements.it\\\/wp-content\\\/uploads\\\/2024\\\/08\\\/Secondo-Pia.png\\\" class=\\\"attachment-full size-full wp-post-image\\\" alt=\\\"\\\" srcset=\\\"https:\\\/\\\/fondazionecarloacutis.webelements.it\\\/wp-content\\\/uploads\\\/2024\\\/08\\\/Secondo-Pia.png 1010w, https:\\\/\\\/fondazionecarloacutis.webelements.it\\\/wp-content\\\/uploads\\\/2024\\\/08\\\/Secondo-Pia-300x134.png 300w, https:\\\/\\\/fondazionecarloacutis.webelements.it\\\/wp-content\\\/uploads\\\/2024\\\/08\\\/Secondo-Pia-768x344.png 768w\\\" sizes=\\\"(max-width: 1010px) 100vw, 1010px\\\" \\\/><div class=\\\"location\\\">Asti<\\\/div><\\\/div><header><h3>En el Signo de Jes\\u00fas &#8211; rostros en el Rostro<\\\/h3><\\\/header><p>En el Signo de Jes\\u00fas &#8211; rostros en el Rostro En la exposici\\u00f3n se presentan obras realizadas en 2022 por algunos de los mejores estudiantes de la&nbsp;Accademia Albertina di Torino, junto a una obra del artista&nbsp;Ezio Gribaudo&nbsp;y tres objetos de profunda relevancia hist\\u00f3rica: una impresi\\u00f3n firmada de la primera&nbsp;fotograf\\u00eda de la S\\u00e1bana Santa realizada por [&hellip;]<\\\/p><div class=\\\"terms\\\"><img width=\\\"80\\\" height=\\\"81\\\" src=\\\"https:\\\/\\\/fondazionecarloacutis.webelements.it\\\/wp-content\\\/uploads\\\/2024\\\/08\\\/event-exhibition.png\\\" class=\\\"attachment-full size-full\\\" alt=\\\"\\\" \\\/><span>Exposici\\u00f3n<\\\/span><\\\/div><\\\/a><\\\/article>\",\"label\":{\"exposicion\":\"<span role=\\\"menuitem\\\" class=\\\"cat-exposicion\\\" data-type=\\\"tagsFilters\\\" data-filter=\\\"cat-exposicion\\\">Exposici\\u00f3n<\\\/span>\"},\"class\":[\"cat-exposicion\",\"tipologia-evento\",\"stato-chiuso\",\"project-card\"],\"pins\":[[\"44.9011197\",\"8.1924723\"]],\"published\":false},{\"name\":\"IN CAMMINO: Itinerari sindonici sulla Via Francigena IN CAMMINO. La porta di Torino: itinerari sindonici sulla Via Francigena Palazzo Madama \\u2013 Museo C\\u00edvico de Arte Antiguo y la Fundaci\\u00f3n Carlo Acutis, en colaboraci\\u00f3n con la Regione Piemonte, presentan, desde el 13 de julio al 10 de octubre de 2023, en el \\u00e1mbito del proyecto \\u201cVia Francigena for All\\u201d, la exposici\\u00f3n IN CAMMINO. [&hellip;] Tur\\u00edn\",\"content\":\"<article id=\\\"project-989\\\" class=\\\"cat-exposicion tipologia-evento stato-chiuso project-card\\\" data-name=\\\"IN CAMMINO: Itinerari sindonici sulla Via Francigena IN CAMMINO. La porta di Torino: itinerari sindonici sulla Via Francigena Palazzo Madama \\u2013 Museo C\\u00edvico de Arte Antiguo y la Fundaci\\u00f3n Carlo Acutis, en colaboraci\\u00f3n con la Regione Piemonte, presentan, desde el 13 de julio al 10 de octubre de 2023, en el \\u00e1mbito del proyecto \\u201cVia Francigena for All\\u201d, la exposici\\u00f3n IN CAMMINO. [&amp;hellip;] Tur\\u00edn\\\"><a href=\\\"https:\\\/\\\/fondazionecarloacutis.webelements.it\\\/es\\\/proyecto\\\/in-cammino-itinerari-sindonici-sulla-via-francigena\\\/\\\"><div class=\\\"image-wrapper\\\"><img width=\\\"2560\\\" height=\\\"1029\\\" src=\\\"https:\\\/\\\/fondazionecarloacutis.webelements.it\\\/wp-content\\\/uploads\\\/2024\\\/08\\\/Bannerweb_Cammino_web-3-1-scaled-1.jpg\\\" class=\\\"attachment-full size-full wp-post-image\\\" alt=\\\"\\\" srcset=\\\"https:\\\/\\\/fondazionecarloacutis.webelements.it\\\/wp-content\\\/uploads\\\/2024\\\/08\\\/Bannerweb_Cammino_web-3-1-scaled-1.jpg 2560w, https:\\\/\\\/fondazionecarloacutis.webelements.it\\\/wp-content\\\/uploads\\\/2024\\\/08\\\/Bannerweb_Cammino_web-3-1-scaled-1-300x121.jpg 300w, https:\\\/\\\/fondazionecarloacutis.webelements.it\\\/wp-content\\\/uploads\\\/2024\\\/08\\\/Bannerweb_Cammino_web-3-1-scaled-1-1024x412.jpg 1024w, https:\\\/\\\/fondazionecarloacutis.webelements.it\\\/wp-content\\\/uploads\\\/2024\\\/08\\\/Bannerweb_Cammino_web-3-1-scaled-1-768x309.jpg 768w, https:\\\/\\\/fondazionecarloacutis.webelements.it\\\/wp-content\\\/uploads\\\/2024\\\/08\\\/Bannerweb_Cammino_web-3-1-scaled-1-1536x617.jpg 1536w, https:\\\/\\\/fondazionecarloacutis.webelements.it\\\/wp-content\\\/uploads\\\/2024\\\/08\\\/Bannerweb_Cammino_web-3-1-scaled-1-2048x823.jpg 2048w\\\" sizes=\\\"(max-width: 2560px) 100vw, 2560px\\\" \\\/><div class=\\\"location\\\">Tur\\u00edn<\\\/div><\\\/div><header><h3>IN CAMMINO: Itinerari sindonici sulla Via Francigena<\\\/h3><\\\/header><p>IN CAMMINO. La porta di Torino: itinerari sindonici sulla Via Francigena Palazzo Madama \\u2013 Museo C\\u00edvico de Arte Antiguo y la Fundaci\\u00f3n Carlo Acutis, en colaboraci\\u00f3n con la Regione Piemonte, presentan, desde el 13 de julio al 10 de octubre de 2023, en el \\u00e1mbito del proyecto \\u201cVia Francigena for All\\u201d, la exposici\\u00f3n IN CAMMINO. [&hellip;]<\\\/p><div class=\\\"terms\\\"><img width=\\\"80\\\" height=\\\"81\\\" src=\\\"https:\\\/\\\/fondazionecarloacutis.webelements.it\\\/wp-content\\\/uploads\\\/2024\\\/08\\\/event-exhibition.png\\\" class=\\\"attachment-full size-full\\\" alt=\\\"\\\" \\\/><span>Exposici\\u00f3n<\\\/span><\\\/div><\\\/a><\\\/article>\",\"label\":{\"exposicion\":\"<span role=\\\"menuitem\\\" class=\\\"cat-exposicion\\\" data-type=\\\"tagsFilters\\\" data-filter=\\\"cat-exposicion\\\">Exposici\\u00f3n<\\\/span>\"},\"class\":[\"cat-exposicion\",\"tipologia-evento\",\"stato-chiuso\",\"project-card\"],\"pins\":[[\"45.0710721\",\"7.6806071\"]],\"published\":false},{\"name\":\"volti nel volto volti nel Volto: arte, historia y espiritualidad Pinturas renacentistas y&nbsp;caravaggescas, dibujos preciosos que normalmente no se exponen al p\\u00fablico y fascinantes instalaciones multimedia: estos son los ingredientes de&nbsp;volti nel Volto, la exposici\\u00f3n promovida por la&nbsp;Fundaci\\u00f3n Carlo Acutis&nbsp;en colaboraci\\u00f3n con la&nbsp;Academia Albertina de Bellas Artes&nbsp;y con el apoyo de la&nbsp;Consulta para los Bienes Art\\u00edsticos y Culturales. [&hellip;] Tur\\u00edn\",\"content\":\"<article id=\\\"project-1006\\\" class=\\\"cat-exposicion tipologia-evento stato-aperto project-card\\\" data-name=\\\"volti nel volto volti nel Volto: arte, historia y espiritualidad Pinturas renacentistas y&amp;nbsp;caravaggescas, dibujos preciosos que normalmente no se exponen al p\\u00fablico y fascinantes instalaciones multimedia: estos son los ingredientes de&amp;nbsp;volti nel Volto, la exposici\\u00f3n promovida por la&amp;nbsp;Fundaci\\u00f3n Carlo Acutis&amp;nbsp;en colaboraci\\u00f3n con la&amp;nbsp;Academia Albertina de Bellas Artes&amp;nbsp;y con el apoyo de la&amp;nbsp;Consulta para los Bienes Art\\u00edsticos y Culturales. [&amp;hellip;] Tur\\u00edn\\\"><a href=\\\"https:\\\/\\\/fondazionecarloacutis.webelements.it\\\/es\\\/proyecto\\\/volti-nel-volto\\\/\\\"><div class=\\\"image-wrapper\\\"><img width=\\\"1440\\\" height=\\\"579\\\" src=\\\"https:\\\/\\\/fondazionecarloacutis.webelements.it\\\/wp-content\\\/uploads\\\/2022\\\/06\\\/volti-nel-volto-hero.png\\\" class=\\\"attachment-full size-full wp-post-image\\\" alt=\\\"\\\" srcset=\\\"https:\\\/\\\/fondazionecarloacutis.webelements.it\\\/wp-content\\\/uploads\\\/2022\\\/06\\\/volti-nel-volto-hero.png 1440w, https:\\\/\\\/fondazionecarloacutis.webelements.it\\\/wp-content\\\/uploads\\\/2022\\\/06\\\/volti-nel-volto-hero-300x121.png 300w, https:\\\/\\\/fondazionecarloacutis.webelements.it\\\/wp-content\\\/uploads\\\/2022\\\/06\\\/volti-nel-volto-hero-1024x412.png 1024w, https:\\\/\\\/fondazionecarloacutis.webelements.it\\\/wp-content\\\/uploads\\\/2022\\\/06\\\/volti-nel-volto-hero-768x309.png 768w\\\" sizes=\\\"(max-width: 1440px) 100vw, 1440px\\\" \\\/><div class=\\\"location\\\">Tur\\u00edn<\\\/div><\\\/div><header><h3>volti nel volto<\\\/h3><\\\/header><p>volti nel Volto: arte, historia y espiritualidad Pinturas renacentistas y&nbsp;caravaggescas, dibujos preciosos que normalmente no se exponen al p\\u00fablico y fascinantes instalaciones multimedia: estos son los ingredientes de&nbsp;volti nel Volto, la exposici\\u00f3n promovida por la&nbsp;Fundaci\\u00f3n Carlo Acutis&nbsp;en colaboraci\\u00f3n con la&nbsp;Academia Albertina de Bellas Artes&nbsp;y con el apoyo de la&nbsp;Consulta para los Bienes Art\\u00edsticos y Culturales. [&hellip;]<\\\/p><div class=\\\"terms\\\"><img width=\\\"80\\\" height=\\\"81\\\" src=\\\"https:\\\/\\\/fondazionecarloacutis.webelements.it\\\/wp-content\\\/uploads\\\/2024\\\/08\\\/event-exhibition.png\\\" class=\\\"attachment-full size-full\\\" alt=\\\"\\\" \\\/><span>Exposici\\u00f3n<\\\/span><\\\/div><\\\/a><\\\/article>\",\"label\":{\"exposicion\":\"<span role=\\\"menuitem\\\" class=\\\"cat-exposicion\\\" data-type=\\\"tagsFilters\\\" data-filter=\\\"cat-exposicion\\\">Exposici\\u00f3n<\\\/span>\"},\"class\":[\"cat-exposicion\",\"tipologia-evento\",\"stato-aperto\",\"project-card\"],\"pins\":[[\"45.0673325\",\"7.6869027\"]],\"published\":false}];<\/script><\/section><\/div>\n\n\n<div class=\"fca-spacer spacer-block_8fa105e0aef98206941a3d617f5d32e0\"  style=\"--height: 50px; --heightTablet: 50px; --heightMobile: 40px;\"><\/div>\n\n\n<div class=\"wp-block-group alignfull has-background is-layout-constrained wp-block-group-is-layout-constrained\" style=\"background-color:#f8f9fa\"><div class=\"fca-spacer spacer-block_57c984c8803d3cd3a274c615d64ad482\"  style=\"--height: 20px; --heightTablet: 20px; --heightMobile: 20px;\"><\/div>\n\n\n<div class=\"wp-block-columns alignwide is-layout-flex wp-container-core-columns-is-layout-1 wp-block-columns-is-layout-flex\">\n<div class=\"wp-block-column is-layout-flow wp-block-column-is-layout-flow\"><section class=\"fca-quote quote-block_c2c27d71c405818e6ae12a4e373d2937\" style=\"--bg: url(https:\/\/fondazionecarloacutis.webelements.it\/wp-content\/uploads\/2024\/08\/Rectangle-53-1.png); --overlay: #003f6e\">\t<div class=\"foreground\">\t<blockquote>\u00ab\u00bfPor qu\u00e9 las personas se preocupan tanto por la belleza de su cuerpo y no por la belleza de su alma?\u00bb<\/blockquote>\t\t<cite>Carlo Acutis<\/cite>\t<\/div><\/section><\/div>\n\n\n\n<div class=\"wp-block-column is-layout-flow wp-block-column-is-layout-flow\"><section class=\"fca-quote quote-block_5422361ec0b44ea0dea43e67e7f7ff84\" style=\"--bg: url(https:\/\/fondazionecarloacutis.webelements.it\/wp-content\/uploads\/2024\/08\/Rectangle-53-2.png); --overlay: #d75f2b\">\t<div class=\"foreground\">\t<blockquote>\u00ab\u00bfDe qu\u00e9 les sirve a las personas ganar mil batallas si luego no son capaces de vencerse a s\u00ed mismas?\u00bb<\/blockquote>\t\t<cite>Carlo Acutis<\/cite>\t<\/div><\/section><\/div>\n\n\n\n<div class=\"wp-block-column is-layout-flow wp-block-column-is-layout-flow\"><section class=\"fca-quote quote-block_e147bc6333a536ecaa6ec6f15422c6af\" style=\"--bg: url(https:\/\/fondazionecarloacutis.webelements.it\/wp-content\/uploads\/2024\/07\/Rectangle-53.png); --overlay: #a6322e\">\t<div class=\"foreground\">\t<blockquote>\u00abTodos nacen como originales, pero muchos mueren como fotocopias\u00bb<\/blockquote>\t\t<cite>Carlo Acutis<\/cite>\t<\/div><\/section><\/div>\n<\/div>\n\n\n<div class=\"fca-spacer spacer-block_57c984c8803d3cd3a274c615d64ad482\"  style=\"--height: 20px; --heightTablet: 20px; --heightMobile: 20px;\"><\/div><\/div>\n","protected":false},"excerpt":{"rendered":"<p>Qu\u00e9 hacemos: nuestra labor en Italia y en el mundo La Fundaci\u00f3n Carlo Acutis nace con una misi\u00f3n: inspirar y crear una&nbsp;transformaci\u00f3n positiva del mundo.&nbsp;Hacer que todas las vidas cuenten significa poner en el centro a las Personas. De ah\u00ed la elecci\u00f3n de intervenciones sociales, culturales, art\u00edsticas y de investigaci\u00f3n m\u00e9dica y cient\u00edfica. Compromisos que [&hellip;]<\/p>\n","protected":false},"author":1,"featured_media":1065,"parent":0,"menu_order":0,"comment_status":"closed","ping_status":"closed","template":"","meta":{"_acf_changed":false,"inline_featured_image":false,"_themeisle_gutenberg_block_has_review":false,"footnotes":""},"class_list":["post-1014","page","type-page","status-publish","has-post-thumbnail","hentry"],"acf":{"revslider":"[rev_slider alias=\"progetti\"][\/rev_slider]","sottotitolo":"","titolo":"","colore_titolo":"#FFFFFF","velatura":"rgba(35,31,32,0)","style":""},"yoast_head":"<!-- This site is optimized with the Yoast SEO plugin v23.4 - https:\/\/yoast.com\/wordpress\/plugins\/seo\/ -->\n<title>Cosa facciamo: i nostri progetti | Fondazione Carlo Acutis<\/title>\n<meta name=\"description\" content=\"Fondazione Carlo Acutis sostiene interventi sociali, culturali, di ricerca medico-scientifica: scopri gli impegni che assumiamo in Italia e nel mondo.\" \/>\n<meta name=\"robots\" content=\"noindex, follow, max-snippet:-1, max-image-preview:large, max-video-preview:-1\" \/>\n<meta property=\"og:locale\" content=\"es_ES\" \/>\n<meta property=\"og:type\" content=\"article\" \/>\n<meta property=\"og:title\" content=\"Cosa facciamo: i nostri progetti | Fondazione Carlo Acutis\" \/>\n<meta property=\"og:description\" content=\"Fondazione Carlo Acutis sostiene interventi sociali, culturali, di ricerca medico-scientifica: scopri gli impegni che assumiamo in Italia e nel mondo.\" \/>\n<meta property=\"og:url\" content=\"https:\/\/fondazionecarloacutis.webelements.it\/es\/que-hacemos\/\" \/>\n<meta property=\"og:site_name\" content=\"Fondazione Carlo Acutis\" \/>\n<meta property=\"article:modified_time\" content=\"2024-08-20T16:51:16+00:00\" \/>\n<meta property=\"og:image\" content=\"https:\/\/fondazionecarloacutis.webelements.it\/wp-content\/uploads\/2024\/08\/Banner_HP-scuro-scaled-1.jpg\" \/>\n\t<meta property=\"og:image:width\" content=\"2560\" \/>\n\t<meta property=\"og:image:height\" content=\"1029\" \/>\n\t<meta property=\"og:image:type\" content=\"image\/jpeg\" \/>\n<meta name=\"twitter:card\" content=\"summary_large_image\" \/>\n<meta name=\"twitter:label1\" content=\"Tiempo de lectura\" \/>\n\t<meta name=\"twitter:data1\" content=\"1 minuto\" \/>\n<script type=\"application\/ld+json\" class=\"yoast-schema-graph\">{\"@context\":\"https:\/\/schema.org\",\"@graph\":[{\"@type\":\"WebPage\",\"@id\":\"https:\/\/fondazionecarloacutis.webelements.it\/es\/que-hacemos\/\",\"url\":\"https:\/\/fondazionecarloacutis.webelements.it\/es\/que-hacemos\/\",\"name\":\"Cosa facciamo: i nostri progetti | Fondazione Carlo Acutis\",\"isPartOf\":{\"@id\":\"https:\/\/fondazionecarloacutis.webelements.it\/es\/#website\"},\"primaryImageOfPage\":{\"@id\":\"https:\/\/fondazionecarloacutis.webelements.it\/es\/que-hacemos\/#primaryimage\"},\"image\":{\"@id\":\"https:\/\/fondazionecarloacutis.webelements.it\/es\/que-hacemos\/#primaryimage\"},\"thumbnailUrl\":\"https:\/\/fondazionecarloacutis.webelements.it\/wp-content\/uploads\/2024\/08\/Banner_HP-scuro-scaled-1.jpg\",\"datePublished\":\"2024-08-04T14:29:07+00:00\",\"dateModified\":\"2024-08-20T16:51:16+00:00\",\"description\":\"Fondazione Carlo Acutis sostiene interventi sociali, culturali, di ricerca medico-scientifica: scopri gli impegni che assumiamo in Italia e nel mondo.\",\"breadcrumb\":{\"@id\":\"https:\/\/fondazionecarloacutis.webelements.it\/es\/que-hacemos\/#breadcrumb\"},\"inLanguage\":\"es\",\"potentialAction\":[{\"@type\":\"ReadAction\",\"target\":[\"https:\/\/fondazionecarloacutis.webelements.it\/es\/que-hacemos\/\"]}]},{\"@type\":\"ImageObject\",\"inLanguage\":\"es\",\"@id\":\"https:\/\/fondazionecarloacutis.webelements.it\/es\/que-hacemos\/#primaryimage\",\"url\":\"https:\/\/fondazionecarloacutis.webelements.it\/wp-content\/uploads\/2024\/08\/Banner_HP-scuro-scaled-1.jpg\",\"contentUrl\":\"https:\/\/fondazionecarloacutis.webelements.it\/wp-content\/uploads\/2024\/08\/Banner_HP-scuro-scaled-1.jpg\",\"width\":2560,\"height\":1029},{\"@type\":\"BreadcrumbList\",\"@id\":\"https:\/\/fondazionecarloacutis.webelements.it\/es\/que-hacemos\/#breadcrumb\",\"itemListElement\":[{\"@type\":\"ListItem\",\"position\":1,\"name\":\"Home\",\"item\":\"https:\/\/fondazionecarloacutis.webelements.it\/es\/\"},{\"@type\":\"ListItem\",\"position\":2,\"name\":\"Qu\u00e9 hacemos\"}]},{\"@type\":\"WebSite\",\"@id\":\"https:\/\/fondazionecarloacutis.webelements.it\/es\/#website\",\"url\":\"https:\/\/fondazionecarloacutis.webelements.it\/es\/\",\"name\":\"Fondazione Carlo Acutis\",\"description\":\"Sito Ufficiale Fondazione Carlo Acutis\",\"publisher\":{\"@id\":\"https:\/\/fondazionecarloacutis.webelements.it\/es\/#organization\"},\"potentialAction\":[{\"@type\":\"SearchAction\",\"target\":{\"@type\":\"EntryPoint\",\"urlTemplate\":\"https:\/\/fondazionecarloacutis.webelements.it\/es\/?s={search_term_string}\"},\"query-input\":{\"@type\":\"PropertyValueSpecification\",\"valueRequired\":true,\"valueName\":\"search_term_string\"}}],\"inLanguage\":\"es\"},{\"@type\":\"Organization\",\"@id\":\"https:\/\/fondazionecarloacutis.webelements.it\/es\/#organization\",\"name\":\"Fondazione Carlo Acutis\",\"url\":\"https:\/\/fondazionecarloacutis.webelements.it\/es\/\",\"logo\":{\"@type\":\"ImageObject\",\"inLanguage\":\"es\",\"@id\":\"https:\/\/fondazionecarloacutis.webelements.it\/es\/#\/schema\/logo\/image\/\",\"url\":\"https:\/\/fondazionecarloacutis.webelements.it\/wp-content\/uploads\/2024\/06\/logo-487c76feba5148a519f510677ab1bb3a.svg\",\"contentUrl\":\"https:\/\/fondazionecarloacutis.webelements.it\/wp-content\/uploads\/2024\/06\/logo-487c76feba5148a519f510677ab1bb3a.svg\",\"width\":96,\"height\":46,\"caption\":\"Fondazione Carlo Acutis\"},\"image\":{\"@id\":\"https:\/\/fondazionecarloacutis.webelements.it\/es\/#\/schema\/logo\/image\/\"}}]}<\/script>\n<!-- \/ Yoast SEO plugin. -->","yoast_head_json":{"title":"Cosa facciamo: i nostri progetti | Fondazione Carlo Acutis","description":"Fondazione Carlo Acutis sostiene interventi sociali, culturali, di ricerca medico-scientifica: scopri gli impegni che assumiamo in Italia e nel mondo.","robots":{"index":"noindex","follow":"follow","max-snippet":"max-snippet:-1","max-image-preview":"max-image-preview:large","max-video-preview":"max-video-preview:-1"},"og_locale":"es_ES","og_type":"article","og_title":"Cosa facciamo: i nostri progetti | Fondazione Carlo Acutis","og_description":"Fondazione Carlo Acutis sostiene interventi sociali, culturali, di ricerca medico-scientifica: scopri gli impegni che assumiamo in Italia e nel mondo.","og_url":"https:\/\/fondazionecarloacutis.webelements.it\/es\/que-hacemos\/","og_site_name":"Fondazione Carlo Acutis","article_modified_time":"2024-08-20T16:51:16+00:00","og_image":[{"width":2560,"height":1029,"url":"https:\/\/fondazionecarloacutis.webelements.it\/wp-content\/uploads\/2024\/08\/Banner_HP-scuro-scaled-1.jpg","type":"image\/jpeg"}],"twitter_card":"summary_large_image","twitter_misc":{"Tiempo de lectura":"1 minuto"},"schema":{"@context":"https:\/\/schema.org","@graph":[{"@type":"WebPage","@id":"https:\/\/fondazionecarloacutis.webelements.it\/es\/que-hacemos\/","url":"https:\/\/fondazionecarloacutis.webelements.it\/es\/que-hacemos\/","name":"Cosa facciamo: i nostri progetti | Fondazione Carlo Acutis","isPartOf":{"@id":"https:\/\/fondazionecarloacutis.webelements.it\/es\/#website"},"primaryImageOfPage":{"@id":"https:\/\/fondazionecarloacutis.webelements.it\/es\/que-hacemos\/#primaryimage"},"image":{"@id":"https:\/\/fondazionecarloacutis.webelements.it\/es\/que-hacemos\/#primaryimage"},"thumbnailUrl":"https:\/\/fondazionecarloacutis.webelements.it\/wp-content\/uploads\/2024\/08\/Banner_HP-scuro-scaled-1.jpg","datePublished":"2024-08-04T14:29:07+00:00","dateModified":"2024-08-20T16:51:16+00:00","description":"Fondazione Carlo Acutis sostiene interventi sociali, culturali, di ricerca medico-scientifica: scopri gli impegni che assumiamo in Italia e nel mondo.","breadcrumb":{"@id":"https:\/\/fondazionecarloacutis.webelements.it\/es\/que-hacemos\/#breadcrumb"},"inLanguage":"es","potentialAction":[{"@type":"ReadAction","target":["https:\/\/fondazionecarloacutis.webelements.it\/es\/que-hacemos\/"]}]},{"@type":"ImageObject","inLanguage":"es","@id":"https:\/\/fondazionecarloacutis.webelements.it\/es\/que-hacemos\/#primaryimage","url":"https:\/\/fondazionecarloacutis.webelements.it\/wp-content\/uploads\/2024\/08\/Banner_HP-scuro-scaled-1.jpg","contentUrl":"https:\/\/fondazionecarloacutis.webelements.it\/wp-content\/uploads\/2024\/08\/Banner_HP-scuro-scaled-1.jpg","width":2560,"height":1029},{"@type":"BreadcrumbList","@id":"https:\/\/fondazionecarloacutis.webelements.it\/es\/que-hacemos\/#breadcrumb","itemListElement":[{"@type":"ListItem","position":1,"name":"Home","item":"https:\/\/fondazionecarloacutis.webelements.it\/es\/"},{"@type":"ListItem","position":2,"name":"Qu\u00e9 hacemos"}]},{"@type":"WebSite","@id":"https:\/\/fondazionecarloacutis.webelements.it\/es\/#website","url":"https:\/\/fondazionecarloacutis.webelements.it\/es\/","name":"Fondazione Carlo Acutis","description":"Sito Ufficiale Fondazione Carlo Acutis","publisher":{"@id":"https:\/\/fondazionecarloacutis.webelements.it\/es\/#organization"},"potentialAction":[{"@type":"SearchAction","target":{"@type":"EntryPoint","urlTemplate":"https:\/\/fondazionecarloacutis.webelements.it\/es\/?s={search_term_string}"},"query-input":{"@type":"PropertyValueSpecification","valueRequired":true,"valueName":"search_term_string"}}],"inLanguage":"es"},{"@type":"Organization","@id":"https:\/\/fondazionecarloacutis.webelements.it\/es\/#organization","name":"Fondazione Carlo Acutis","url":"https:\/\/fondazionecarloacutis.webelements.it\/es\/","logo":{"@type":"ImageObject","inLanguage":"es","@id":"https:\/\/fondazionecarloacutis.webelements.it\/es\/#\/schema\/logo\/image\/","url":"https:\/\/fondazionecarloacutis.webelements.it\/wp-content\/uploads\/2024\/06\/logo-487c76feba5148a519f510677ab1bb3a.svg","contentUrl":"https:\/\/fondazionecarloacutis.webelements.it\/wp-content\/uploads\/2024\/06\/logo-487c76feba5148a519f510677ab1bb3a.svg","width":96,"height":46,"caption":"Fondazione Carlo Acutis"},"image":{"@id":"https:\/\/fondazionecarloacutis.webelements.it\/es\/#\/schema\/logo\/image\/"}}]}},"_links":{"self":[{"href":"https:\/\/fondazionecarloacutis.webelements.it\/es\/wp-json\/wp\/v2\/pages\/1014"}],"collection":[{"href":"https:\/\/fondazionecarloacutis.webelements.it\/es\/wp-json\/wp\/v2\/pages"}],"about":[{"href":"https:\/\/fondazionecarloacutis.webelements.it\/es\/wp-json\/wp\/v2\/types\/page"}],"author":[{"embeddable":true,"href":"https:\/\/fondazionecarloacutis.webelements.it\/es\/wp-json\/wp\/v2\/users\/1"}],"replies":[{"embeddable":true,"href":"https:\/\/fondazionecarloacutis.webelements.it\/es\/wp-json\/wp\/v2\/comments?post=1014"}],"version-history":[{"count":24,"href":"https:\/\/fondazionecarloacutis.webelements.it\/es\/wp-json\/wp\/v2\/pages\/1014\/revisions"}],"predecessor-version":[{"id":1321,"href":"https:\/\/fondazionecarloacutis.webelements.it\/es\/wp-json\/wp\/v2\/pages\/1014\/revisions\/1321"}],"wp:featuredmedia":[{"embeddable":true,"href":"https:\/\/fondazionecarloacutis.webelements.it\/es\/wp-json\/wp\/v2\/media\/1065"}],"wp:attachment":[{"href":"https:\/\/fondazionecarloacutis.webelements.it\/es\/wp-json\/wp\/v2\/media?parent=1014"}],"curies":[{"name":"wp","href":"https:\/\/api.w.org\/{rel}","templated":true}]}}