{"id":534,"date":"2024-07-27T16:05:28","date_gmt":"2024-07-27T14:05:28","guid":{"rendered":"https:\/\/fondazionecarloacutis.webelements.it\/aziende\/"},"modified":"2024-09-16T10:36:03","modified_gmt":"2024-09-16T08:36:03","slug":"empresas","status":"publish","type":"page","link":"https:\/\/fondazionecarloacutis.webelements.it\/es\/empresas\/","title":{"rendered":"Empresas"},"content":{"rendered":"<div class=\"fca-spacer spacer-block_6ab45b0963260aa4d95fd2c1c29029df\"  style=\"--height: 70px; --heightTablet: 70px; --heightMobile: 40px;\"><\/div>\n\n\n<h2 class=\"wp-block-heading\"><strong>Empresas<\/strong><\/h2>\n\n\n<div class=\"fca-spacer spacer-block_f2a997ace90b065b07ed887de2bc76c6\"  style=\"--height: 35px; --heightTablet: 35px; --heightMobile: 35px;\"><\/div>\n\n\n<p>Los objetivos m\u00e1s importantes son los que se consiguen juntos.<\/p>\n\n\n\n<p>Y por eso consideramos a las empresas&nbsp;<strong>aliados naturales<\/strong>&nbsp;de nuestro proyecto.<\/p>\n\n\n\n<p>La Fundaci\u00f3n Carlo Acutis, de hecho, nace de una profunda convicci\u00f3n: la responsabilidad social de las empresas no es una f\u00f3rmula abstracta o gen\u00e9rica. Forma parte de la larga trayectoria y del credo empresarial y familiar de los promotores: la familia Acutis, Yafa SpA, Vittoria Assicurazioni junto con algunos amigos empresarios. Y significa incluir en el horizonte de la actividad empresarial objetivos como la creaci\u00f3n de&nbsp;<strong>valor \u00e9tico<\/strong>&nbsp;y&nbsp;<strong>valor social<\/strong>.<\/p>\n\n\n\n<details class=\"wp-block-details is-layout-flow wp-block-details-is-layout-flow\"><summary>Detalles<\/summary>\n<p>De ah\u00ed la elecci\u00f3n de intervenciones sociales, culturales, art\u00edsticas y de investigaci\u00f3n m\u00e9dica y cient\u00edfica.<\/p>\n\n\n\n<p>Proponemos un pacto a las empresas que comparten nuestra misi\u00f3n: aunar nuestras fuerzas para&nbsp;<strong>mejorar<\/strong>&nbsp;partes cada vez m\u00e1s grandes de nuestro mundo. Para aumentar as\u00ed la calidad y la cantidad de los proyectos que podremos realizar a\u00f1o tras a\u00f1o. Y, con el tiempo, pensar en otros nuevos: tal vez a partir de las ideas y lo est\u00edmulos de quienes quieren compartir este camino con nosotros.<\/p>\n<\/details>\n\n\n<div class=\"fca-spacer spacer-block_57089b7a2983235775c1372637466fd2\"  style=\"--height: 70px; --heightTablet: 70px; --heightMobile: 70px;\"><\/div>\n\n\n<h2 class=\"wp-block-heading has-text-align-left\">Como colaborar con nosotros<\/h2>\n\n\n<div class=\"fca-spacer spacer-block_f2a997ace90b065b07ed887de2bc76c6\"  style=\"--height: 35px; --heightTablet: 35px; --heightMobile: 35px;\"><\/div>\n\n<section class=\"fca-tab tab-block_a8215a7e85eb7697b94e10d4a40ee4d1\" ><a href=\"#partner\">Convi\u00e9rtete en colaborador <\/a><a href=\"#support\">Colabora con nosotros<\/a><\/section>\n\n<div class=\"fca-spacer spacer-block_f2a997ace90b065b07ed887de2bc76c6\"  style=\"--height: 35px; --heightTablet: 35px; --heightMobile: 35px;\"><\/div>\n\n<section class=\"fca-support support-block_b53efd47f8ac416d628ddbac372f4328 conditional-block\"  id=\"partner\">\t<div class=\"title\">Convi\u00e9rtete en colaborador<\/div>\t<div class=\"body\">\t\t<div class=\"label\">Mail<\/div>\t\t<div class=\"content\">info@fondazionecarloacutis.org<\/div>\t\t<a href=\"mailto:info@fondazionecarloacutis.org\">Contacta con nosotros<\/a>\t<\/div><\/section>\n\n<section class=\"fca-support support-block_6a966eee3f0cb67a679e80bc70f85794 conditional-block\"  id=\"support\">\t<div class=\"title\">Colabora con nosotros<\/div>\t<div class=\"body\">\t\t<div class=\"label\">Iban<\/div>\t\t<div class=\"content\">IT61 H 03332 01000 000001614322<\/div>\t\t<a href=\"javascript:navigator.clipboard.writeText('IT61 H 03332 01000 000001614322');\">Copiar<\/a>\t<\/div><\/section>\n\n<div class=\"fca-spacer spacer-block_89b47cd20a2c696aa6c3f040b932affa\"  style=\"--height: 50px; --heightTablet: 50px; --heightMobile: 50px;\"><\/div>\n\n\n<div class=\"wp-block-group alignfull bg-logo-white has-background is-layout-constrained wp-block-group-is-layout-constrained\" style=\"background-color:#f8f9fa\"><div class=\"fca-spacer spacer-block_89b47cd20a2c696aa6c3f040b932affa\"  style=\"--height: 50px; --heightTablet: 50px; --heightMobile: 50px;\"><\/div>\n\n<section class=\"section-title-block section-title-block_7f72642a06d4f9d382fcfc9899aac3db\" ><img decoding=\"async\" alt=\"iconBlock\" src=\"https:\/\/fondazionecarloacutis.webelements.it\/wp-content\/uploads\/2024\/07\/Group-288.png\"><h3 style=\"--color: #000000;\">Empresas asociadas<\/h3><\/section>\n\n<div class=\"fca-spacer spacer-block_2484703af94407186b41cfe5ef99d2ae\"  style=\"--height: 20px; --heightTablet: 20px; --heightMobile: 20px;\"><\/div>\n\n<section class=\"fca-promo promo-block_884f11e81f391e1e5f5388e9d598eb1b  small\" ><div class=\"item-container\"><div class=\"item\">\n\t\t\t<a nohref>  <figure><img loading=\"lazy\" decoding=\"async\" width=\"462\" height=\"96\" src=\"https:\/\/fondazionecarloacutis.webelements.it\/wp-content\/uploads\/2024\/07\/LogoSmallYafa.png\" class=\"attachment-full size-full\" alt=\"\" srcset=\"https:\/\/fondazionecarloacutis.webelements.it\/wp-content\/uploads\/2024\/07\/LogoSmallYafa.png 462w, https:\/\/fondazionecarloacutis.webelements.it\/wp-content\/uploads\/2024\/07\/LogoSmallYafa-300x62.png 300w\" sizes=\"(max-width: 462px) 100vw, 462px\" \/><\/figure><\/a>\n\t\t<\/div><\/div><div class=\"item-container\"><div class=\"item\">\n\t\t\t<a nohref>  <figure><img loading=\"lazy\" decoding=\"async\" width=\"510\" height=\"150\" src=\"https:\/\/fondazionecarloacutis.webelements.it\/wp-content\/uploads\/2024\/07\/LogoSmallVittoria.png\" class=\"attachment-full size-full\" alt=\"\" srcset=\"https:\/\/fondazionecarloacutis.webelements.it\/wp-content\/uploads\/2024\/07\/LogoSmallVittoria.png 510w, https:\/\/fondazionecarloacutis.webelements.it\/wp-content\/uploads\/2024\/07\/LogoSmallVittoria-300x88.png 300w\" sizes=\"(max-width: 510px) 100vw, 510px\" \/><\/figure><\/a>\n\t\t<\/div><\/div><\/section>\n\n<div class=\"fca-spacer spacer-block_89b47cd20a2c696aa6c3f040b932affa\"  style=\"--height: 50px; --heightTablet: 50px; --heightMobile: 50px;\"><\/div><\/div>\n","protected":false},"excerpt":{"rendered":"<p>Empresas Los objetivos m\u00e1s importantes son los que se consiguen juntos. Y por eso consideramos a las empresas&nbsp;aliados naturales&nbsp;de nuestro proyecto. La Fundaci\u00f3n Carlo Acutis, de hecho, nace de una profunda convicci\u00f3n: la responsabilidad social de las empresas no es una f\u00f3rmula abstracta o gen\u00e9rica. Forma parte de la larga trayectoria y del credo empresarial [&hellip;]<\/p>\n","protected":false},"author":1,"featured_media":428,"parent":0,"menu_order":0,"comment_status":"closed","ping_status":"closed","template":"","meta":{"_acf_changed":false,"inline_featured_image":false,"_themeisle_gutenberg_block_has_review":false,"footnotes":""},"class_list":["post-534","page","type-page","status-publish","has-post-thumbnail","hentry"],"acf":{"revslider":"","sottotitolo":"Empresas","titolo":"Tu ayuda puede marcar la diferencia","colore_titolo":"#FFFFFF","velatura":"rgba(35,31,32,0)","style":""},"yoast_head":"<!-- This site is optimized with the Yoast SEO plugin v23.4 - https:\/\/yoast.com\/wordpress\/plugins\/seo\/ -->\n<title>Convi\u00e9rtete en empresa asociada | Fundaci\u00f3n Oficial Carlo Acutis<\/title>\n<meta name=\"description\" content=\"Miramos a las empresas como aliadas naturales: comparte con nosotros este camino de transformaci\u00f3n social. Convi\u00e9rtete en socio o descubre c\u00f3mo apoyarnos.\" \/>\n<meta name=\"robots\" content=\"noindex, follow, max-snippet:-1, max-image-preview:large, max-video-preview:-1\" \/>\n<meta property=\"og:locale\" content=\"es_ES\" \/>\n<meta property=\"og:type\" content=\"article\" \/>\n<meta property=\"og:title\" content=\"Convi\u00e9rtete en empresa asociada | Fundaci\u00f3n Oficial Carlo Acutis\" \/>\n<meta property=\"og:description\" content=\"Miramos a las empresas como aliadas naturales: comparte con nosotros este camino de transformaci\u00f3n social. Convi\u00e9rtete en socio o descubre c\u00f3mo apoyarnos.\" \/>\n<meta property=\"og:url\" content=\"https:\/\/fondazionecarloacutis.webelements.it\/es\/empresas\/\" \/>\n<meta property=\"og:site_name\" content=\"Fondazione Carlo Acutis\" \/>\n<meta property=\"article:modified_time\" content=\"2024-09-16T08:36:03+00:00\" \/>\n<meta property=\"og:image\" content=\"https:\/\/fondazionecarloacutis.webelements.it\/wp-content\/uploads\/2024\/07\/Rectangle.png\" \/>\n\t<meta property=\"og:image:width\" content=\"1440\" \/>\n\t<meta property=\"og:image:height\" content=\"535\" \/>\n\t<meta property=\"og:image:type\" content=\"image\/png\" \/>\n<meta name=\"twitter:card\" content=\"summary_large_image\" \/>\n<meta name=\"twitter:label1\" content=\"Tiempo de lectura\" \/>\n\t<meta name=\"twitter:data1\" content=\"2 minutos\" \/>\n<script type=\"application\/ld+json\" class=\"yoast-schema-graph\">{\"@context\":\"https:\/\/schema.org\",\"@graph\":[{\"@type\":\"WebPage\",\"@id\":\"https:\/\/fondazionecarloacutis.webelements.it\/es\/empresas\/\",\"url\":\"https:\/\/fondazionecarloacutis.webelements.it\/es\/empresas\/\",\"name\":\"Convi\u00e9rtete en empresa asociada | Fundaci\u00f3n Oficial Carlo Acutis\",\"isPartOf\":{\"@id\":\"https:\/\/fondazionecarloacutis.webelements.it\/es\/#website\"},\"primaryImageOfPage\":{\"@id\":\"https:\/\/fondazionecarloacutis.webelements.it\/es\/empresas\/#primaryimage\"},\"image\":{\"@id\":\"https:\/\/fondazionecarloacutis.webelements.it\/es\/empresas\/#primaryimage\"},\"thumbnailUrl\":\"https:\/\/fondazionecarloacutis.webelements.it\/wp-content\/uploads\/2024\/07\/Rectangle.png\",\"datePublished\":\"2024-07-27T14:05:28+00:00\",\"dateModified\":\"2024-09-16T08:36:03+00:00\",\"description\":\"Miramos a las empresas como aliadas naturales: comparte con nosotros este camino de transformaci\u00f3n social. Convi\u00e9rtete en socio o descubre c\u00f3mo apoyarnos.\",\"breadcrumb\":{\"@id\":\"https:\/\/fondazionecarloacutis.webelements.it\/es\/empresas\/#breadcrumb\"},\"inLanguage\":\"es\",\"potentialAction\":[{\"@type\":\"ReadAction\",\"target\":[\"https:\/\/fondazionecarloacutis.webelements.it\/es\/empresas\/\"]}]},{\"@type\":\"ImageObject\",\"inLanguage\":\"es\",\"@id\":\"https:\/\/fondazionecarloacutis.webelements.it\/es\/empresas\/#primaryimage\",\"url\":\"https:\/\/fondazionecarloacutis.webelements.it\/wp-content\/uploads\/2024\/07\/Rectangle.png\",\"contentUrl\":\"https:\/\/fondazionecarloacutis.webelements.it\/wp-content\/uploads\/2024\/07\/Rectangle.png\",\"width\":1440,\"height\":535},{\"@type\":\"BreadcrumbList\",\"@id\":\"https:\/\/fondazionecarloacutis.webelements.it\/es\/empresas\/#breadcrumb\",\"itemListElement\":[{\"@type\":\"ListItem\",\"position\":1,\"name\":\"Home\",\"item\":\"https:\/\/fondazionecarloacutis.webelements.it\/es\/\"},{\"@type\":\"ListItem\",\"position\":2,\"name\":\"Empresas\"}]},{\"@type\":\"WebSite\",\"@id\":\"https:\/\/fondazionecarloacutis.webelements.it\/es\/#website\",\"url\":\"https:\/\/fondazionecarloacutis.webelements.it\/es\/\",\"name\":\"Fondazione Carlo Acutis\",\"description\":\"Sito Ufficiale Fondazione Carlo Acutis\",\"publisher\":{\"@id\":\"https:\/\/fondazionecarloacutis.webelements.it\/es\/#organization\"},\"potentialAction\":[{\"@type\":\"SearchAction\",\"target\":{\"@type\":\"EntryPoint\",\"urlTemplate\":\"https:\/\/fondazionecarloacutis.webelements.it\/es\/?s={search_term_string}\"},\"query-input\":{\"@type\":\"PropertyValueSpecification\",\"valueRequired\":true,\"valueName\":\"search_term_string\"}}],\"inLanguage\":\"es\"},{\"@type\":\"Organization\",\"@id\":\"https:\/\/fondazionecarloacutis.webelements.it\/es\/#organization\",\"name\":\"Fondazione Carlo Acutis\",\"url\":\"https:\/\/fondazionecarloacutis.webelements.it\/es\/\",\"logo\":{\"@type\":\"ImageObject\",\"inLanguage\":\"es\",\"@id\":\"https:\/\/fondazionecarloacutis.webelements.it\/es\/#\/schema\/logo\/image\/\",\"url\":\"https:\/\/fondazionecarloacutis.webelements.it\/wp-content\/uploads\/2024\/06\/logo-487c76feba5148a519f510677ab1bb3a.svg\",\"contentUrl\":\"https:\/\/fondazionecarloacutis.webelements.it\/wp-content\/uploads\/2024\/06\/logo-487c76feba5148a519f510677ab1bb3a.svg\",\"width\":96,\"height\":46,\"caption\":\"Fondazione Carlo Acutis\"},\"image\":{\"@id\":\"https:\/\/fondazionecarloacutis.webelements.it\/es\/#\/schema\/logo\/image\/\"}}]}<\/script>\n<!-- \/ Yoast SEO plugin. -->","yoast_head_json":{"title":"Convi\u00e9rtete en empresa asociada | Fundaci\u00f3n Oficial Carlo Acutis","description":"Miramos a las empresas como aliadas naturales: comparte con nosotros este camino de transformaci\u00f3n social. Convi\u00e9rtete en socio o descubre c\u00f3mo apoyarnos.","robots":{"index":"noindex","follow":"follow","max-snippet":"max-snippet:-1","max-image-preview":"max-image-preview:large","max-video-preview":"max-video-preview:-1"},"og_locale":"es_ES","og_type":"article","og_title":"Convi\u00e9rtete en empresa asociada | Fundaci\u00f3n Oficial Carlo Acutis","og_description":"Miramos a las empresas como aliadas naturales: comparte con nosotros este camino de transformaci\u00f3n social. Convi\u00e9rtete en socio o descubre c\u00f3mo apoyarnos.","og_url":"https:\/\/fondazionecarloacutis.webelements.it\/es\/empresas\/","og_site_name":"Fondazione Carlo Acutis","article_modified_time":"2024-09-16T08:36:03+00:00","og_image":[{"width":1440,"height":535,"url":"https:\/\/fondazionecarloacutis.webelements.it\/wp-content\/uploads\/2024\/07\/Rectangle.png","type":"image\/png"}],"twitter_card":"summary_large_image","twitter_misc":{"Tiempo de lectura":"2 minutos"},"schema":{"@context":"https:\/\/schema.org","@graph":[{"@type":"WebPage","@id":"https:\/\/fondazionecarloacutis.webelements.it\/es\/empresas\/","url":"https:\/\/fondazionecarloacutis.webelements.it\/es\/empresas\/","name":"Convi\u00e9rtete en empresa asociada | Fundaci\u00f3n Oficial Carlo Acutis","isPartOf":{"@id":"https:\/\/fondazionecarloacutis.webelements.it\/es\/#website"},"primaryImageOfPage":{"@id":"https:\/\/fondazionecarloacutis.webelements.it\/es\/empresas\/#primaryimage"},"image":{"@id":"https:\/\/fondazionecarloacutis.webelements.it\/es\/empresas\/#primaryimage"},"thumbnailUrl":"https:\/\/fondazionecarloacutis.webelements.it\/wp-content\/uploads\/2024\/07\/Rectangle.png","datePublished":"2024-07-27T14:05:28+00:00","dateModified":"2024-09-16T08:36:03+00:00","description":"Miramos a las empresas como aliadas naturales: comparte con nosotros este camino de transformaci\u00f3n social. Convi\u00e9rtete en socio o descubre c\u00f3mo apoyarnos.","breadcrumb":{"@id":"https:\/\/fondazionecarloacutis.webelements.it\/es\/empresas\/#breadcrumb"},"inLanguage":"es","potentialAction":[{"@type":"ReadAction","target":["https:\/\/fondazionecarloacutis.webelements.it\/es\/empresas\/"]}]},{"@type":"ImageObject","inLanguage":"es","@id":"https:\/\/fondazionecarloacutis.webelements.it\/es\/empresas\/#primaryimage","url":"https:\/\/fondazionecarloacutis.webelements.it\/wp-content\/uploads\/2024\/07\/Rectangle.png","contentUrl":"https:\/\/fondazionecarloacutis.webelements.it\/wp-content\/uploads\/2024\/07\/Rectangle.png","width":1440,"height":535},{"@type":"BreadcrumbList","@id":"https:\/\/fondazionecarloacutis.webelements.it\/es\/empresas\/#breadcrumb","itemListElement":[{"@type":"ListItem","position":1,"name":"Home","item":"https:\/\/fondazionecarloacutis.webelements.it\/es\/"},{"@type":"ListItem","position":2,"name":"Empresas"}]},{"@type":"WebSite","@id":"https:\/\/fondazionecarloacutis.webelements.it\/es\/#website","url":"https:\/\/fondazionecarloacutis.webelements.it\/es\/","name":"Fondazione Carlo Acutis","description":"Sito Ufficiale Fondazione Carlo Acutis","publisher":{"@id":"https:\/\/fondazionecarloacutis.webelements.it\/es\/#organization"},"potentialAction":[{"@type":"SearchAction","target":{"@type":"EntryPoint","urlTemplate":"https:\/\/fondazionecarloacutis.webelements.it\/es\/?s={search_term_string}"},"query-input":{"@type":"PropertyValueSpecification","valueRequired":true,"valueName":"search_term_string"}}],"inLanguage":"es"},{"@type":"Organization","@id":"https:\/\/fondazionecarloacutis.webelements.it\/es\/#organization","name":"Fondazione Carlo Acutis","url":"https:\/\/fondazionecarloacutis.webelements.it\/es\/","logo":{"@type":"ImageObject","inLanguage":"es","@id":"https:\/\/fondazionecarloacutis.webelements.it\/es\/#\/schema\/logo\/image\/","url":"https:\/\/fondazionecarloacutis.webelements.it\/wp-content\/uploads\/2024\/06\/logo-487c76feba5148a519f510677ab1bb3a.svg","contentUrl":"https:\/\/fondazionecarloacutis.webelements.it\/wp-content\/uploads\/2024\/06\/logo-487c76feba5148a519f510677ab1bb3a.svg","width":96,"height":46,"caption":"Fondazione Carlo Acutis"},"image":{"@id":"https:\/\/fondazionecarloacutis.webelements.it\/es\/#\/schema\/logo\/image\/"}}]}},"_links":{"self":[{"href":"https:\/\/fondazionecarloacutis.webelements.it\/es\/wp-json\/wp\/v2\/pages\/534"}],"collection":[{"href":"https:\/\/fondazionecarloacutis.webelements.it\/es\/wp-json\/wp\/v2\/pages"}],"about":[{"href":"https:\/\/fondazionecarloacutis.webelements.it\/es\/wp-json\/wp\/v2\/types\/page"}],"author":[{"embeddable":true,"href":"https:\/\/fondazionecarloacutis.webelements.it\/es\/wp-json\/wp\/v2\/users\/1"}],"replies":[{"embeddable":true,"href":"https:\/\/fondazionecarloacutis.webelements.it\/es\/wp-json\/wp\/v2\/comments?post=534"}],"version-history":[{"count":5,"href":"https:\/\/fondazionecarloacutis.webelements.it\/es\/wp-json\/wp\/v2\/pages\/534\/revisions"}],"predecessor-version":[{"id":1420,"href":"https:\/\/fondazionecarloacutis.webelements.it\/es\/wp-json\/wp\/v2\/pages\/534\/revisions\/1420"}],"wp:featuredmedia":[{"embeddable":true,"href":"https:\/\/fondazionecarloacutis.webelements.it\/es\/wp-json\/wp\/v2\/media\/428"}],"wp:attachment":[{"href":"https:\/\/fondazionecarloacutis.webelements.it\/es\/wp-json\/wp\/v2\/media?parent=534"}],"curies":[{"name":"wp","href":"https:\/\/api.w.org\/{rel}","templated":true}]}}