{"id":542,"date":"2024-07-17T11:48:16","date_gmt":"2024-07-17T09:48:16","guid":{"rendered":"https:\/\/fondazionecarloacutis.webelements.it\/i-promotori\/"},"modified":"2024-09-16T10:36:18","modified_gmt":"2024-09-16T08:36:18","slug":"los-promotores","status":"publish","type":"page","link":"https:\/\/fondazionecarloacutis.webelements.it\/es\/los-promotores\/","title":{"rendered":"Los promotores"},"content":{"rendered":"<section class=\"fca-promo promo-block_17063e784a32863f5699de5ad97ae1df  big overlap\" ><div class=\"item-container\"><div class=\"item\">\n\t\t\t<a nohref>  <figure><img loading=\"lazy\" decoding=\"async\" width=\"462\" height=\"96\" src=\"https:\/\/fondazionecarloacutis.webelements.it\/wp-content\/uploads\/2024\/07\/LogoSmallYafa.png\" class=\"attachment-full size-full\" alt=\"\" srcset=\"https:\/\/fondazionecarloacutis.webelements.it\/wp-content\/uploads\/2024\/07\/LogoSmallYafa.png 462w, https:\/\/fondazionecarloacutis.webelements.it\/wp-content\/uploads\/2024\/07\/LogoSmallYafa-300x62.png 300w\" sizes=\"(max-width: 462px) 100vw, 462px\" \/><\/figure><\/a>\n\t\t<\/div><\/div><div class=\"item-container\"><div class=\"item\">\n\t\t\t<a nohref>  <figure><img loading=\"lazy\" decoding=\"async\" width=\"510\" height=\"150\" src=\"https:\/\/fondazionecarloacutis.webelements.it\/wp-content\/uploads\/2024\/07\/LogoSmallVittoria.png\" class=\"attachment-full size-full\" alt=\"\" srcset=\"https:\/\/fondazionecarloacutis.webelements.it\/wp-content\/uploads\/2024\/07\/LogoSmallVittoria.png 510w, https:\/\/fondazionecarloacutis.webelements.it\/wp-content\/uploads\/2024\/07\/LogoSmallVittoria-300x88.png 300w\" sizes=\"(max-width: 510px) 100vw, 510px\" \/><\/figure><\/a>\n\t\t<\/div><\/div><\/section>\n\n\n<div class=\"wp-block-group alignfull has-background is-layout-constrained wp-block-group-is-layout-constrained\" style=\"background-color:#f8f9fa\"><div class=\"fca-spacer spacer-block_cf94ab2a165df55dd70805d1fdbe661c\"  style=\"--height: 160px; --heightTablet: 160px; --heightMobile: 200px;\"><\/div>\n\n\n<h2 class=\"wp-block-heading\">Del Grupo a la Fundaci\u00f3n<\/h2>\n\n\n<div class=\"fca-spacer spacer-block_3d4213630bb22f3957ab52a159da9d23\"  style=\"--height: 35px; --heightTablet: 35px; --heightMobile: 35px;\"><\/div>\n\n\n<p>Para un Grupo que est\u00e1 tan estrechamente relacionado con la historia de una familia, la responsabilidad social de la empresa no es una f\u00f3rmula abstracta o gen\u00e9rica. Forma parte de la herencia gen\u00e9tica y del credo empresarial y biogr\u00e1fico.<\/p>\n\n\n\n<p>Para el Grupo Vittoria, actuar con Responsabilidad Social significa&nbsp;<strong>poner a las Personas en el centro<\/strong>.<\/p>\n\n\n\n<details class=\"wp-block-details is-layout-flow wp-block-details-is-layout-flow\"><summary>Detalles<\/summary>\n<p>La decisi\u00f3n de crear la Fundaci\u00f3n Carlo Acutis ha sido, por lo tanto, un acto natural para el Grupo, del que forman parte los dos principales promotores de la Fundaci\u00f3n: Yafa y Vittoria Assicurazioni.<\/p>\n\n\n\n<p>Una decisi\u00f3n que traduce el deseo de ampliar la posibilidad de&nbsp;<strong>crear valor econ\u00f3mico, \u00e9tico y social<\/strong>, m\u00e1s all\u00e1 de los l\u00edmites de la actividad de la empresa.<\/p>\n<\/details>\n\n\n<div class=\"fca-spacer spacer-block_99ab7c43b0cc195936b8d1ea36469307\"  style=\"--height: 70px; --heightTablet: 70px; --heightMobile: 20px;\"><\/div><\/div>\n\n\n<section class=\"fca-banner banner-block_9944154cfeefec36d0abf56dd8ebe461  alignfull\" style=\"--bg: url(https:\/\/fondazionecarloacutis.webelements.it\/wp-content\/uploads\/2024\/07\/Rectangle-110.png);\">\t<div class=\"foreground\" style=\"background: rgba(0,63,110,0.8)\">\t<h3>Responsabilidad social corporativa<\/h3>\t\t<h4>Responsabilidad social corporativa significa para nosotros poner a las personas en el centro de todo<\/h4>\t<\/div><\/section>\n\n\n<div class=\"wp-block-group alignfull bg-logo-white has-background is-layout-constrained wp-block-group-is-layout-constrained\" style=\"background-color:#f8f9fa\"><div class=\"fca-spacer spacer-block_8fa849cf0576713e90020e0545f8bfc2\"  style=\"--height: 50px; --heightTablet: 50px; --heightMobile: 50px;\"><\/div>\n\n\n<h2 class=\"wp-block-heading has-text-align-center\">Medioambiental, Social, Gobernanza<\/h2>\n\n\n<div class=\"fca-spacer spacer-block_d73778f36008d8c18c332fcbacd309ba\"  style=\"--height: 20px; --heightTablet: 20px; --heightMobile: 20px;\"><\/div>\n\n<section class=\"section-title-block section-title-block_1f49ab375d018086ada9f0accd0b426c\" ><img decoding=\"async\" alt=\"iconBlock\" src=\"https:\/\/fondazionecarloacutis.webelements.it\/wp-content\/uploads\/2024\/07\/13.png\"><h3 style=\"--color: #000000;\">Una elecci\u00f3n de responsabilidad<\/h3><\/section>\n\n\n<p>Para el Grupo Vittoria Assicurazioni, actuar con responsabilidad implica tener en cuenta las consecuencias de sus acciones y su impacto en&nbsp;<strong>la<\/strong>&nbsp;<strong>sociedad y el medio ambiente<\/strong>, con la atenci\u00f3n puesta en todas las partes interesadas, desde una perspectiva de sostenibilidad.<\/p>\n\n\n<div class=\"fca-spacer spacer-block_d73778f36008d8c18c332fcbacd309ba\"  style=\"--height: 20px; --heightTablet: 20px; --heightMobile: 20px;\"><\/div>\n\n<section class=\"section-title-block section-title-block_20f5f4dfe869ea4e8676d3ff229bb830\" ><img decoding=\"async\" alt=\"iconBlock\" src=\"https:\/\/fondazionecarloacutis.webelements.it\/wp-content\/uploads\/2024\/07\/14.png\"><h3 style=\"--color: #000000;\">Di\u00e1logo con los grupos de inter\u00e9s<\/h3><\/section>\n\n\n<p>Mantener un di\u00e1logo constante y transparente con los grupos de inter\u00e9s es parte esencial de la pol\u00edtica del Grupo y fuente de inspiraci\u00f3n para planificar decisiones que beneficien al&nbsp;<strong>territorio<\/strong>&nbsp;y a la&nbsp;<strong>comunidad<\/strong>&nbsp;a los que se siente pertenecer.<\/p>\n\n\n<div class=\"fca-spacer spacer-block_d73778f36008d8c18c332fcbacd309ba\"  style=\"--height: 20px; --heightTablet: 20px; --heightMobile: 20px;\"><\/div>\n\n<section class=\"section-title-block section-title-block_668ae3d45e05a5a6bf1064d06f21eca0\" ><img decoding=\"async\" alt=\"iconBlock\" src=\"https:\/\/fondazionecarloacutis.webelements.it\/wp-content\/uploads\/2024\/07\/15.png\"><h3 style=\"--color: #000000;\">Valores clave<\/h3><\/section>\n\n\n<p>La relaci\u00f3n con los distintos grupos de inter\u00e9s se concreta en acciones basadas en los valores clave del Grupo, que definen su forma de ser y de hacer:<\/p>\n\n\n\n<ul class=\"wp-block-list\">\n<li>Centralidad de las personas, igualdad, inclusi\u00f3n y formaci\u00f3n<\/li>\n\n\n\n<li>Compromiso, entusiasmo, dedicaci\u00f3n y atenci\u00f3n a todos los proyectos<\/li>\n\n\n\n<li>Integridad, \u00e9tica y transparencia<\/li>\n\n\n\n<li>Visi\u00f3n a largo plazo y continuidad<\/li>\n\n\n\n<li>Innovaci\u00f3n, planificaci\u00f3n y capacidad de colaboraci\u00f3n<\/li>\n<\/ul>\n\n\n<div class=\"fca-spacer spacer-block_8bf044fb60357ce4ba7a23c148ecd459\"  style=\"--height: 40px; --heightTablet: 40px; --heightMobile: 40px;\"><\/div><\/div>\n\n\n<div class=\"fca-spacer spacer-block_8bf044fb60357ce4ba7a23c148ecd459\"  style=\"--height: 40px; --heightTablet: 40px; --heightMobile: 40px;\"><\/div>\n\n<section class=\"section-title-block section-title-block_b97361ce27792ab4ce75e81743adccb9\" ><img decoding=\"async\" alt=\"iconBlock\" src=\"https:\/\/fondazionecarloacutis.webelements.it\/wp-content\/uploads\/2024\/07\/promotori.svg\"><h3 style=\"--color: #000000;\">Los fundadores<\/h3><\/section>\n\n<section class=\"fca-cards cards-block_540348aca567cf0c4e3ef5f50f188f0e mobile-cards-holder\" ><div class=\"item-container\"><div class=\"item\">  <figure><img loading=\"lazy\" decoding=\"async\" width=\"578\" height=\"512\" src=\"https:\/\/fondazionecarloacutis.webelements.it\/wp-content\/uploads\/2024\/07\/YafaSpa.png\" class=\"attachment-full size-full\" alt=\"\" srcset=\"https:\/\/fondazionecarloacutis.webelements.it\/wp-content\/uploads\/2024\/07\/YafaSpa.png 578w, https:\/\/fondazionecarloacutis.webelements.it\/wp-content\/uploads\/2024\/07\/YafaSpa-300x266.png 300w\" sizes=\"(max-width: 578px) 100vw, 578px\" \/><\/figure>  <h5>Yafa S.p.a.<\/h5><p>Yafa es la empresa matriz del Grupo Vittoria Assicurazioni, una empresa internacional fundada por la familia Acutis. Se dedica al sector de los seguros e inmobiliario, con inversiones a largo plazo.<\/p>\n<\/div><\/div><div class=\"item-container\"><div class=\"item\">  <figure><img loading=\"lazy\" decoding=\"async\" width=\"576\" height=\"512\" src=\"https:\/\/fondazionecarloacutis.webelements.it\/wp-content\/uploads\/2024\/07\/VittoriaAssicurazioni.png\" class=\"attachment-full size-full\" alt=\"\" srcset=\"https:\/\/fondazionecarloacutis.webelements.it\/wp-content\/uploads\/2024\/07\/VittoriaAssicurazioni.png 576w, https:\/\/fondazionecarloacutis.webelements.it\/wp-content\/uploads\/2024\/07\/VittoriaAssicurazioni-300x267.png 300w\" sizes=\"(max-width: 576px) 100vw, 576px\" \/><\/figure>  <h5>Vittoria Assicurazioni<\/h5><p>El Grupo Vittoria Assicurazioni opera en todos los ramos del seguro y basa sus actividades en una larga experiencia en el campo de los seguros, adquirida desde 1921 hasta hoy, para la protecci\u00f3n de particulares, familias y empresas. <\/p>\n<\/div><\/div><\/section>\n\n<div class=\"fca-spacer spacer-block_8bf044fb60357ce4ba7a23c148ecd459\"  style=\"--height: 40px; --heightTablet: 40px; --heightMobile: 40px;\"><\/div>","protected":false},"excerpt":{"rendered":"<p>Del Grupo a la Fundaci\u00f3n Para un Grupo que est\u00e1 tan estrechamente relacionado con la historia de una familia, la responsabilidad social de la empresa no es una f\u00f3rmula abstracta o gen\u00e9rica. Forma parte de la herencia gen\u00e9tica y del credo empresarial y biogr\u00e1fico. Para el Grupo Vittoria, actuar con Responsabilidad Social significa&nbsp;poner a las [&hellip;]<\/p>\n","protected":false},"author":1,"featured_media":490,"parent":0,"menu_order":0,"comment_status":"closed","ping_status":"closed","template":"","meta":{"_acf_changed":false,"inline_featured_image":false,"_themeisle_gutenberg_block_has_review":false,"footnotes":""},"class_list":["post-542","page","type-page","status-publish","has-post-thumbnail","hentry"],"acf":{"revslider":"","sottotitolo":"","titolo":"","colore_titolo":"#FFFFFF","velatura":"rgba(35,31,32,0)","style":".bg-logo-white { background-size: 80%; background-position: 310% -100%; }\r\n@media (max-width: 1199px) and (min-width: 768px) {\r\n\t.bg-logo-white { background-size: 100%; background-position: 0% 30%; }\r\n}\r\n@media (max-width: 767px) {\r\n\t.bg-logo-white { background-size: 250%; background-position: 0% 120%; }\r\n}"},"yoast_head":"<!-- This site is optimized with the Yoast SEO plugin v23.4 - https:\/\/yoast.com\/wordpress\/plugins\/seo\/ -->\n<title>Los Promotores: Vittoria Assicurazioni e Yafa Spa | Fondazione Acutis<\/title>\n<meta name=\"description\" content=\"Vittoria Assicurazioni y Yafa spa han decidido dar vida a la Fundaci\u00f3n Carlo Acutis con el objetivo de poner a las Personas en el centro. M\u00e1s informaci\u00f3n en el sitio.\" \/>\n<meta name=\"robots\" content=\"noindex, follow, max-snippet:-1, max-image-preview:large, max-video-preview:-1\" \/>\n<meta property=\"og:locale\" content=\"es_ES\" \/>\n<meta property=\"og:type\" content=\"article\" \/>\n<meta property=\"og:title\" content=\"Los Promotores: Vittoria Assicurazioni e Yafa Spa | Fondazione Acutis\" \/>\n<meta property=\"og:description\" content=\"Vittoria Assicurazioni y Yafa spa han decidido dar vida a la Fundaci\u00f3n Carlo Acutis con el objetivo de poner a las Personas en el centro. M\u00e1s informaci\u00f3n en el sitio.\" \/>\n<meta property=\"og:url\" content=\"https:\/\/fondazionecarloacutis.webelements.it\/es\/los-promotores\/\" \/>\n<meta property=\"og:site_name\" content=\"Fondazione Carlo Acutis\" \/>\n<meta property=\"article:modified_time\" content=\"2024-09-16T08:36:18+00:00\" \/>\n<meta property=\"og:image\" content=\"https:\/\/fondazionecarloacutis.webelements.it\/wp-content\/uploads\/2024\/07\/Rectangle-56-3-1.png\" \/>\n\t<meta property=\"og:image:width\" content=\"1440\" \/>\n\t<meta property=\"og:image:height\" content=\"579\" \/>\n\t<meta property=\"og:image:type\" content=\"image\/png\" \/>\n<meta name=\"twitter:card\" content=\"summary_large_image\" \/>\n<meta name=\"twitter:label1\" content=\"Tiempo de lectura\" \/>\n\t<meta name=\"twitter:data1\" content=\"2 minutos\" \/>\n<script type=\"application\/ld+json\" class=\"yoast-schema-graph\">{\"@context\":\"https:\/\/schema.org\",\"@graph\":[{\"@type\":\"WebPage\",\"@id\":\"https:\/\/fondazionecarloacutis.webelements.it\/es\/los-promotores\/\",\"url\":\"https:\/\/fondazionecarloacutis.webelements.it\/es\/los-promotores\/\",\"name\":\"Los Promotores: Vittoria Assicurazioni e Yafa Spa | Fondazione Acutis\",\"isPartOf\":{\"@id\":\"https:\/\/fondazionecarloacutis.webelements.it\/es\/#website\"},\"primaryImageOfPage\":{\"@id\":\"https:\/\/fondazionecarloacutis.webelements.it\/es\/los-promotores\/#primaryimage\"},\"image\":{\"@id\":\"https:\/\/fondazionecarloacutis.webelements.it\/es\/los-promotores\/#primaryimage\"},\"thumbnailUrl\":\"https:\/\/fondazionecarloacutis.webelements.it\/wp-content\/uploads\/2024\/07\/Rectangle-56-3-1.png\",\"datePublished\":\"2024-07-17T09:48:16+00:00\",\"dateModified\":\"2024-09-16T08:36:18+00:00\",\"description\":\"Vittoria Assicurazioni y Yafa spa han decidido dar vida a la Fundaci\u00f3n Carlo Acutis con el objetivo de poner a las Personas en el centro. M\u00e1s informaci\u00f3n en el sitio.\",\"breadcrumb\":{\"@id\":\"https:\/\/fondazionecarloacutis.webelements.it\/es\/los-promotores\/#breadcrumb\"},\"inLanguage\":\"es\",\"potentialAction\":[{\"@type\":\"ReadAction\",\"target\":[\"https:\/\/fondazionecarloacutis.webelements.it\/es\/los-promotores\/\"]}]},{\"@type\":\"ImageObject\",\"inLanguage\":\"es\",\"@id\":\"https:\/\/fondazionecarloacutis.webelements.it\/es\/los-promotores\/#primaryimage\",\"url\":\"https:\/\/fondazionecarloacutis.webelements.it\/wp-content\/uploads\/2024\/07\/Rectangle-56-3-1.png\",\"contentUrl\":\"https:\/\/fondazionecarloacutis.webelements.it\/wp-content\/uploads\/2024\/07\/Rectangle-56-3-1.png\",\"width\":1440,\"height\":579},{\"@type\":\"BreadcrumbList\",\"@id\":\"https:\/\/fondazionecarloacutis.webelements.it\/es\/los-promotores\/#breadcrumb\",\"itemListElement\":[{\"@type\":\"ListItem\",\"position\":1,\"name\":\"Home\",\"item\":\"https:\/\/fondazionecarloacutis.webelements.it\/es\/\"},{\"@type\":\"ListItem\",\"position\":2,\"name\":\"Los promotores\"}]},{\"@type\":\"WebSite\",\"@id\":\"https:\/\/fondazionecarloacutis.webelements.it\/es\/#website\",\"url\":\"https:\/\/fondazionecarloacutis.webelements.it\/es\/\",\"name\":\"Fondazione Carlo Acutis\",\"description\":\"Sito Ufficiale Fondazione Carlo Acutis\",\"publisher\":{\"@id\":\"https:\/\/fondazionecarloacutis.webelements.it\/es\/#organization\"},\"potentialAction\":[{\"@type\":\"SearchAction\",\"target\":{\"@type\":\"EntryPoint\",\"urlTemplate\":\"https:\/\/fondazionecarloacutis.webelements.it\/es\/?s={search_term_string}\"},\"query-input\":{\"@type\":\"PropertyValueSpecification\",\"valueRequired\":true,\"valueName\":\"search_term_string\"}}],\"inLanguage\":\"es\"},{\"@type\":\"Organization\",\"@id\":\"https:\/\/fondazionecarloacutis.webelements.it\/es\/#organization\",\"name\":\"Fondazione Carlo Acutis\",\"url\":\"https:\/\/fondazionecarloacutis.webelements.it\/es\/\",\"logo\":{\"@type\":\"ImageObject\",\"inLanguage\":\"es\",\"@id\":\"https:\/\/fondazionecarloacutis.webelements.it\/es\/#\/schema\/logo\/image\/\",\"url\":\"https:\/\/fondazionecarloacutis.webelements.it\/wp-content\/uploads\/2024\/06\/logo-487c76feba5148a519f510677ab1bb3a.svg\",\"contentUrl\":\"https:\/\/fondazionecarloacutis.webelements.it\/wp-content\/uploads\/2024\/06\/logo-487c76feba5148a519f510677ab1bb3a.svg\",\"width\":96,\"height\":46,\"caption\":\"Fondazione Carlo Acutis\"},\"image\":{\"@id\":\"https:\/\/fondazionecarloacutis.webelements.it\/es\/#\/schema\/logo\/image\/\"}}]}<\/script>\n<!-- \/ Yoast SEO plugin. -->","yoast_head_json":{"title":"Los Promotores: Vittoria Assicurazioni e Yafa Spa | Fondazione Acutis","description":"Vittoria Assicurazioni y Yafa spa han decidido dar vida a la Fundaci\u00f3n Carlo Acutis con el objetivo de poner a las Personas en el centro. M\u00e1s informaci\u00f3n en el sitio.","robots":{"index":"noindex","follow":"follow","max-snippet":"max-snippet:-1","max-image-preview":"max-image-preview:large","max-video-preview":"max-video-preview:-1"},"og_locale":"es_ES","og_type":"article","og_title":"Los Promotores: Vittoria Assicurazioni e Yafa Spa | Fondazione Acutis","og_description":"Vittoria Assicurazioni y Yafa spa han decidido dar vida a la Fundaci\u00f3n Carlo Acutis con el objetivo de poner a las Personas en el centro. M\u00e1s informaci\u00f3n en el sitio.","og_url":"https:\/\/fondazionecarloacutis.webelements.it\/es\/los-promotores\/","og_site_name":"Fondazione Carlo Acutis","article_modified_time":"2024-09-16T08:36:18+00:00","og_image":[{"width":1440,"height":579,"url":"https:\/\/fondazionecarloacutis.webelements.it\/wp-content\/uploads\/2024\/07\/Rectangle-56-3-1.png","type":"image\/png"}],"twitter_card":"summary_large_image","twitter_misc":{"Tiempo de lectura":"2 minutos"},"schema":{"@context":"https:\/\/schema.org","@graph":[{"@type":"WebPage","@id":"https:\/\/fondazionecarloacutis.webelements.it\/es\/los-promotores\/","url":"https:\/\/fondazionecarloacutis.webelements.it\/es\/los-promotores\/","name":"Los Promotores: Vittoria Assicurazioni e Yafa Spa | Fondazione Acutis","isPartOf":{"@id":"https:\/\/fondazionecarloacutis.webelements.it\/es\/#website"},"primaryImageOfPage":{"@id":"https:\/\/fondazionecarloacutis.webelements.it\/es\/los-promotores\/#primaryimage"},"image":{"@id":"https:\/\/fondazionecarloacutis.webelements.it\/es\/los-promotores\/#primaryimage"},"thumbnailUrl":"https:\/\/fondazionecarloacutis.webelements.it\/wp-content\/uploads\/2024\/07\/Rectangle-56-3-1.png","datePublished":"2024-07-17T09:48:16+00:00","dateModified":"2024-09-16T08:36:18+00:00","description":"Vittoria Assicurazioni y Yafa spa han decidido dar vida a la Fundaci\u00f3n Carlo Acutis con el objetivo de poner a las Personas en el centro. M\u00e1s informaci\u00f3n en el sitio.","breadcrumb":{"@id":"https:\/\/fondazionecarloacutis.webelements.it\/es\/los-promotores\/#breadcrumb"},"inLanguage":"es","potentialAction":[{"@type":"ReadAction","target":["https:\/\/fondazionecarloacutis.webelements.it\/es\/los-promotores\/"]}]},{"@type":"ImageObject","inLanguage":"es","@id":"https:\/\/fondazionecarloacutis.webelements.it\/es\/los-promotores\/#primaryimage","url":"https:\/\/fondazionecarloacutis.webelements.it\/wp-content\/uploads\/2024\/07\/Rectangle-56-3-1.png","contentUrl":"https:\/\/fondazionecarloacutis.webelements.it\/wp-content\/uploads\/2024\/07\/Rectangle-56-3-1.png","width":1440,"height":579},{"@type":"BreadcrumbList","@id":"https:\/\/fondazionecarloacutis.webelements.it\/es\/los-promotores\/#breadcrumb","itemListElement":[{"@type":"ListItem","position":1,"name":"Home","item":"https:\/\/fondazionecarloacutis.webelements.it\/es\/"},{"@type":"ListItem","position":2,"name":"Los promotores"}]},{"@type":"WebSite","@id":"https:\/\/fondazionecarloacutis.webelements.it\/es\/#website","url":"https:\/\/fondazionecarloacutis.webelements.it\/es\/","name":"Fondazione Carlo Acutis","description":"Sito Ufficiale Fondazione Carlo Acutis","publisher":{"@id":"https:\/\/fondazionecarloacutis.webelements.it\/es\/#organization"},"potentialAction":[{"@type":"SearchAction","target":{"@type":"EntryPoint","urlTemplate":"https:\/\/fondazionecarloacutis.webelements.it\/es\/?s={search_term_string}"},"query-input":{"@type":"PropertyValueSpecification","valueRequired":true,"valueName":"search_term_string"}}],"inLanguage":"es"},{"@type":"Organization","@id":"https:\/\/fondazionecarloacutis.webelements.it\/es\/#organization","name":"Fondazione Carlo Acutis","url":"https:\/\/fondazionecarloacutis.webelements.it\/es\/","logo":{"@type":"ImageObject","inLanguage":"es","@id":"https:\/\/fondazionecarloacutis.webelements.it\/es\/#\/schema\/logo\/image\/","url":"https:\/\/fondazionecarloacutis.webelements.it\/wp-content\/uploads\/2024\/06\/logo-487c76feba5148a519f510677ab1bb3a.svg","contentUrl":"https:\/\/fondazionecarloacutis.webelements.it\/wp-content\/uploads\/2024\/06\/logo-487c76feba5148a519f510677ab1bb3a.svg","width":96,"height":46,"caption":"Fondazione Carlo Acutis"},"image":{"@id":"https:\/\/fondazionecarloacutis.webelements.it\/es\/#\/schema\/logo\/image\/"}}]}},"_links":{"self":[{"href":"https:\/\/fondazionecarloacutis.webelements.it\/es\/wp-json\/wp\/v2\/pages\/542"}],"collection":[{"href":"https:\/\/fondazionecarloacutis.webelements.it\/es\/wp-json\/wp\/v2\/pages"}],"about":[{"href":"https:\/\/fondazionecarloacutis.webelements.it\/es\/wp-json\/wp\/v2\/types\/page"}],"author":[{"embeddable":true,"href":"https:\/\/fondazionecarloacutis.webelements.it\/es\/wp-json\/wp\/v2\/users\/1"}],"replies":[{"embeddable":true,"href":"https:\/\/fondazionecarloacutis.webelements.it\/es\/wp-json\/wp\/v2\/comments?post=542"}],"version-history":[{"count":6,"href":"https:\/\/fondazionecarloacutis.webelements.it\/es\/wp-json\/wp\/v2\/pages\/542\/revisions"}],"predecessor-version":[{"id":1421,"href":"https:\/\/fondazionecarloacutis.webelements.it\/es\/wp-json\/wp\/v2\/pages\/542\/revisions\/1421"}],"wp:featuredmedia":[{"embeddable":true,"href":"https:\/\/fondazionecarloacutis.webelements.it\/es\/wp-json\/wp\/v2\/media\/490"}],"wp:attachment":[{"href":"https:\/\/fondazionecarloacutis.webelements.it\/es\/wp-json\/wp\/v2\/media?parent=542"}],"curies":[{"name":"wp","href":"https:\/\/api.w.org\/{rel}","templated":true}]}}