{"id":548,"date":"2024-07-14T13:25:58","date_gmt":"2024-07-14T11:25:58","guid":{"rendered":"https:\/\/fondazionecarloacutis.webelements.it\/il-beato\/"},"modified":"2024-09-16T10:36:37","modified_gmt":"2024-09-16T08:36:37","slug":"el-beato","status":"publish","type":"page","link":"https:\/\/fondazionecarloacutis.webelements.it\/es\/el-beato\/","title":{"rendered":"El Beato"},"content":{"rendered":"<div class=\"fca-spacer spacer-block_2c1da46f3dc86c230138db513c7fd370\"  style=\"--height: 70px; --heightTablet: 70px; --heightMobile: 70px;\"><\/div>\n\n\n<h2 class=\"wp-block-heading\">El Beato Carlo Acutis<\/h2>\n\n\n<div class=\"fca-spacer spacer-block_2d73590d9cc2434052e875d7e3f827e6\"  style=\"--height: 35px; --heightTablet: 35px; --heightMobile: 35px;\"><\/div>\n\n\n<p>Hay vidas que transcurren aparentemente normales. Y hay vidas&nbsp;<strong>excepcionales<\/strong>.&nbsp;Lo que m\u00e1s sorprende de la historia de Carlo es c\u00f3mo supo ser profundamente original para ofrecer a todos los que lo conocieron el retrato de una&nbsp;<strong>sonriente y excepcional normalidad<\/strong>.<\/p>\n\n\n\n<p>Carlo era un joven como todos los dem\u00e1s, y al mismo tiempo hac\u00eda cosas fuera de lo com\u00fan. Sin aparente esfuerzo, sin ninguna contradicci\u00f3n. Tocaba el saxof\u00f3n y, siendo todav\u00eda muy joven,&nbsp;<strong>ense\u00f1aba catecismo<\/strong>&nbsp;a los ni\u00f1os. Jugaba al f\u00fatbol con los amigos y una hora despu\u00e9s estaba trabajando como&nbsp;<strong>voluntario<\/strong>&nbsp;en el comedor social de los Capuchinos y de las Hermanas de Madre Teresa.<\/p>\n\n\n\n<details class=\"wp-block-details is-layout-flow wp-block-details-is-layout-flow\"><summary>Detalles<\/summary>\n<p>Le gustaban los videojuegos y al mismo tiempo&nbsp;<strong>utilizaba Internet para hacer obras de apostolado<\/strong>. Ve\u00eda series polic\u00edacas y grababa pel\u00edculas con sus perros y gatos, y ayudaba a los m\u00e1s desfavorecidos del barrio.&nbsp;<strong>Creaba programas inform\u00e1ticos y ayudaba a otros ni\u00f1os en situaci\u00f3n de vulnerabilidad con sus deberes.<\/strong><\/p>\n\n\n\n<p>Iluminado, brillante, movido por una&nbsp;<strong>fe extraordinaria<\/strong>&nbsp;que desde ni\u00f1o hab\u00eda sentido de manera muy intensa. Que ha hecho de \u00e9l un ejemplo, capaz de implicar e inspirar a otros para pasar a la acci\u00f3n. Y que hoy lleva a la Fundaci\u00f3n Carlo Acutis a querer&nbsp;<strong>ensalzar el valor de su testimonio y su legado moral y espiritual<\/strong>. De manera coherente con esos mismos valores atemporales que le inculcaron en casa al joven Carlo, desde siempre parte de&nbsp;<strong>una historia familiar<\/strong>, ahora traducidos a mayor escala por la obra social de la Fundaci\u00f3n Carlo Acutis.<\/p>\n<\/details>\n\n\n<div class=\"fca-spacer spacer-block_2c1da46f3dc86c230138db513c7fd370\"  style=\"--height: 70px; --heightTablet: 70px; --heightMobile: 70px;\"><\/div>\n\n<section class=\"slick-carusel carusel-block_aa851c20ea3e748c32da862b67bd4589\" >\t<div class=\"carusel\"><div class=\"item\"><figure><img loading=\"lazy\" decoding=\"async\" width=\"1800\" height=\"1551\" src=\"https:\/\/fondazionecarloacutis.webelements.it\/wp-content\/uploads\/2024\/07\/foto_021.jpg\" class=\"attachment-full size-full\" alt=\"\" srcset=\"https:\/\/fondazionecarloacutis.webelements.it\/wp-content\/uploads\/2024\/07\/foto_021.jpg 1800w, https:\/\/fondazionecarloacutis.webelements.it\/wp-content\/uploads\/2024\/07\/foto_021-300x259.jpg 300w, https:\/\/fondazionecarloacutis.webelements.it\/wp-content\/uploads\/2024\/07\/foto_021-1024x882.jpg 1024w, https:\/\/fondazionecarloacutis.webelements.it\/wp-content\/uploads\/2024\/07\/foto_021-768x662.jpg 768w, https:\/\/fondazionecarloacutis.webelements.it\/wp-content\/uploads\/2024\/07\/foto_021-1536x1324.jpg 1536w\" sizes=\"(max-width: 1800px) 100vw, 1800px\" \/><\/figure><\/div><div class=\"item\"><figure><img loading=\"lazy\" decoding=\"async\" width=\"1800\" height=\"1243\" src=\"https:\/\/fondazionecarloacutis.webelements.it\/wp-content\/uploads\/2024\/07\/foto_061.jpg\" class=\"attachment-full size-full\" alt=\"\" srcset=\"https:\/\/fondazionecarloacutis.webelements.it\/wp-content\/uploads\/2024\/07\/foto_061.jpg 1800w, https:\/\/fondazionecarloacutis.webelements.it\/wp-content\/uploads\/2024\/07\/foto_061-300x207.jpg 300w, https:\/\/fondazionecarloacutis.webelements.it\/wp-content\/uploads\/2024\/07\/foto_061-1024x707.jpg 1024w, https:\/\/fondazionecarloacutis.webelements.it\/wp-content\/uploads\/2024\/07\/foto_061-768x530.jpg 768w, https:\/\/fondazionecarloacutis.webelements.it\/wp-content\/uploads\/2024\/07\/foto_061-1536x1061.jpg 1536w\" sizes=\"(max-width: 1800px) 100vw, 1800px\" \/><\/figure><\/div><div class=\"item\"><figure><img loading=\"lazy\" decoding=\"async\" width=\"1588\" height=\"1311\" src=\"https:\/\/fondazionecarloacutis.webelements.it\/wp-content\/uploads\/2024\/07\/foto_003.jpg\" class=\"attachment-full size-full\" alt=\"\" srcset=\"https:\/\/fondazionecarloacutis.webelements.it\/wp-content\/uploads\/2024\/07\/foto_003.jpg 1588w, https:\/\/fondazionecarloacutis.webelements.it\/wp-content\/uploads\/2024\/07\/foto_003-300x248.jpg 300w, https:\/\/fondazionecarloacutis.webelements.it\/wp-content\/uploads\/2024\/07\/foto_003-1024x845.jpg 1024w, https:\/\/fondazionecarloacutis.webelements.it\/wp-content\/uploads\/2024\/07\/foto_003-768x634.jpg 768w, https:\/\/fondazionecarloacutis.webelements.it\/wp-content\/uploads\/2024\/07\/foto_003-1536x1268.jpg 1536w\" sizes=\"(max-width: 1588px) 100vw, 1588px\" \/><\/figure><\/div><div class=\"item\"><figure><img loading=\"lazy\" decoding=\"async\" width=\"1920\" height=\"1300\" src=\"https:\/\/fondazionecarloacutis.webelements.it\/wp-content\/uploads\/2024\/07\/Progetto-senza-titolo-70.jpg\" class=\"attachment-full size-full\" alt=\"\" srcset=\"https:\/\/fondazionecarloacutis.webelements.it\/wp-content\/uploads\/2024\/07\/Progetto-senza-titolo-70.jpg 1920w, https:\/\/fondazionecarloacutis.webelements.it\/wp-content\/uploads\/2024\/07\/Progetto-senza-titolo-70-300x203.jpg 300w, https:\/\/fondazionecarloacutis.webelements.it\/wp-content\/uploads\/2024\/07\/Progetto-senza-titolo-70-1024x693.jpg 1024w, https:\/\/fondazionecarloacutis.webelements.it\/wp-content\/uploads\/2024\/07\/Progetto-senza-titolo-70-768x520.jpg 768w, https:\/\/fondazionecarloacutis.webelements.it\/wp-content\/uploads\/2024\/07\/Progetto-senza-titolo-70-1536x1040.jpg 1536w\" sizes=\"(max-width: 1920px) 100vw, 1920px\" \/><\/figure><\/div><div class=\"item\"><figure><img loading=\"lazy\" decoding=\"async\" width=\"1133\" height=\"982\" src=\"https:\/\/fondazionecarloacutis.webelements.it\/wp-content\/uploads\/2024\/07\/foto_037-e1635017213327.jpg\" class=\"attachment-full size-full\" alt=\"\" srcset=\"https:\/\/fondazionecarloacutis.webelements.it\/wp-content\/uploads\/2024\/07\/foto_037-e1635017213327.jpg 1133w, https:\/\/fondazionecarloacutis.webelements.it\/wp-content\/uploads\/2024\/07\/foto_037-e1635017213327-300x260.jpg 300w, https:\/\/fondazionecarloacutis.webelements.it\/wp-content\/uploads\/2024\/07\/foto_037-e1635017213327-1024x888.jpg 1024w, https:\/\/fondazionecarloacutis.webelements.it\/wp-content\/uploads\/2024\/07\/foto_037-e1635017213327-768x666.jpg 768w\" sizes=\"(max-width: 1133px) 100vw, 1133px\" \/><\/figure><\/div>\t<\/div><\/section>\n\n<div class=\"fca-spacer spacer-block_2c1da46f3dc86c230138db513c7fd370\"  style=\"--height: 70px; --heightTablet: 70px; --heightMobile: 70px;\"><\/div>\n\n\n<div class=\"wp-block-group alignfull bg-logo-white has-background is-layout-constrained wp-block-group-is-layout-constrained\" style=\"background-color:#f8f9fa\"><div class=\"fca-spacer spacer-block_441e721737d3c48d962bbb4fd84313af\"  style=\"--height: 50px; --heightTablet: 50px; --heightMobile: 50px;\"><\/div>\n\n<section class=\"section-title-block section-title-block_d0c1159003d7c8e4a8d3a78f339f9333\" ><img decoding=\"async\" alt=\"iconBlock\" src=\"https:\/\/fondazionecarloacutis.webelements.it\/wp-content\/uploads\/2024\/07\/download.svg\"><h3 style=\"--color: #000000;\">Timeline<\/h3><\/section>\n\n<section class=\"timeline-block timeline-block_0f16cf10c02c7e26758f6533e59be1fe\" >\n<div class=\"yearsContainer\">\n\t<div class=\"lineYears\" style=\"--positionY: 1;\"><div class=\"year\" style=\"--offset: 1;\">1991<\/div><div class=\"year\" style=\"--offset: 2;\">1995<\/div><div class=\"year\" style=\"--offset: 3;\">1997<\/div><div class=\"year\" style=\"--offset: 4;\">1998<\/div><div class=\"year\" style=\"--offset: 5;\">2003<\/div><div class=\"year\" style=\"--offset: 6;\">2005<\/div><div class=\"year\" style=\"--offset: 7;\">2006<\/div><div class=\"year\" style=\"--offset: 8;\">2006<\/div><div class=\"year\" style=\"--offset: 9;\">2007<\/div><div class=\"year\" style=\"--offset: 10;\">2012<\/div><div class=\"year\" style=\"--offset: 11;\">2013<\/div><div class=\"year\" style=\"--offset: 12;\">2016<\/div><div class=\"year\" style=\"--offset: 13;\">2018<\/div><div class=\"year\" style=\"--offset: 14;\">2019<\/div><div class=\"year\" style=\"--offset: 15;\">2020<\/div><\/div>\n<\/div>\n<div class=\"separator\"><div class=\"lineSeparator\"><\/div><\/div>\n\n<div class=\"timelineContainer\">\n\t<div class=\"carousel\" style=\"--position: 1;\"><div class=\"item\" style=\"--offset: 1;\"><div class=\"card full\"><h3>1991<\/h3><div class=\"content\">Carlo nace en Londres, en la cl\u00ednica Portland. El 18 de mayo recibe el Sacramento del Bautismo en la iglesia de Nuestra Se\u00f1ora de los Dolores. El 8 de septiembre de 1991, Carlo regresa a Mil\u00e1n con sus padres.<\/div><\/div><\/div><div class=\"item reverse\" style=\"--offset: 2;\"><div class=\"card\"><h3>1995<\/h3><div class=\"content\">Carlo acude a la escuela infantil de la guarder\u00eda municipal de Parco Pagani, en Mil\u00e1n.<\/div><\/div><div class=\"fca-quote\" style=\"--bg: url(https:\/\/fondazionecarloacutis.webelements.it\/wp-content\/uploads\/2024\/07\/Rectangle-53.png); --overlay: #d75f2b\"><div class=\"foreground\"><blockquote>\u00abTodos nacen como originales, pero muchos mueren como fotocopias\u00bb<\/blockquote><cite>Carlo Acutis<\/cite><\/div><\/div><\/div><div class=\"item\" style=\"--offset: 3;\"><div class=\"card full\"><h3>1997<\/h3><div class=\"content\">En septiembre empieza a cursar educaci\u00f3n primaria en el Instituto San Carlo; despu\u00e9s de tres meses y por motivos pr\u00e1cticos es trasladado al Instituto Tommaseo de las Hermanas Marcelinas donde cursa toda la educaci\u00f3n primaria y secundaria.<\/div><\/div><\/div><div class=\"item\" style=\"--offset: 4;\"><div class=\"card full\"><h3>1998<\/h3><div class=\"content\">El 16 de junio, en Perego, recibe la Primera Comuni\u00f3n, en el convento de las Monjas Eremitas de la Orden de San Ambrosio.<\/div><\/div><\/div><div class=\"item\" style=\"--offset: 5;\"><div class=\"card full\"><h3>2003<\/h3><div class=\"content\">El 24 de mayo recibe la Confirmaci\u00f3n en su parroquia, Santa Maria Segreta.<\/div><\/div><\/div><div class=\"item\" style=\"--offset: 6;\"><div class=\"card\"><h3>2005<\/h3><div class=\"content\">En septiembre empieza sus estudios de bachillerato cl\u00e1sico en el Instituto Le\u00f3n XIII de los padres jesuitas.<\/div><\/div><div class=\"fca-quote\" style=\"--bg: url(https:\/\/fondazionecarloacutis.webelements.it\/wp-content\/uploads\/2024\/07\/Rectangle-53.png); --overlay: #a6322e\"><div class=\"foreground\"><blockquote>\u00abEn todas las situaciones oscuras y dolorosas hay una salida. Carlo la ha encontrado\u00bb<\/blockquote><cite>Papa Francisco<\/cite><\/div><\/div><\/div><div class=\"item\" style=\"--offset: 7;\"><div class=\"card full\"><h3>2006<\/h3><div class=\"content\">El 2 de octubre, Carlo cae enfermo y en un primer momento se piensa que ha contra\u00eddo la gripe. El domingo 8, el estado de Carlo empeora y es llevado a la cl\u00ednica De Marchi en Mil\u00e1n, donde le diagnostican leucemia fulminante de tipo M3.<\/div><\/div><\/div><div class=\"item\" style=\"--offset: 8;\"><div class=\"card full\"><h3>2006<\/h3><div class=\"content\">El jueves 12 de octubre a las 6:45, el coraz\u00f3n de Carlo deja de latir. El s\u00e1bado 14 se celebra el funeral en Santa Maria Segreta.<\/div><\/div><\/div><div class=\"item\" style=\"--offset: 9;\"><div class=\"card full\"><h3>2007<\/h3><div class=\"content\">En enero, se trasladan los restos mortales de Carlo del cementerio de Ternengo al de As\u00eds, cumpliendo de esta forma con su deseo.<\/div><\/div><\/div><div class=\"item reverse\" style=\"--offset: 10;\"><div class=\"card\"><h3>2012<\/h3><div class=\"content\">El 12 de octubre se abre la causa de beatificaci\u00f3n y canonizaci\u00f3n de Carlo, que pasa a convertirse en Siervo de Dios.<\/div><\/div><div class=\"fca-quote\" style=\"--bg: url(https:\/\/fondazionecarloacutis.webelements.it\/wp-content\/uploads\/2024\/07\/Rectangle-53.png); --overlay: #d75f2b\"><div class=\"foreground\"><blockquote>\u00abEl mundo digital puede exponerte al riesgo de encerrarte en ti mismo. Pero tambi\u00e9n hay j\u00f3venes que en este campo son creativos y brillantes. Como Carlo.\u00bb<\/blockquote><cite>Papa Francisco<\/cite><\/div><\/div><\/div><div class=\"item\" style=\"--offset: 11;\"><div class=\"card full\"><h3>2013<\/h3><div class=\"content\">El 13 de mayo la Santa Sede concede el \u00abNihil Obstat\u00bb a la apertura de la causa de beatificaci\u00f3n y canonizaci\u00f3n de Carlo.<\/div><\/div><\/div><div class=\"item\" style=\"--offset: 12;\"><div class=\"card full\"><h3>2016<\/h3><div class=\"content\">El 24 de noviembre se cierra en el Arzobispado de Mil\u00e1n, en presencia del cardenal Scola, el proceso diocesano de la causa de beatificaci\u00f3n y canonizaci\u00f3n del Siervo de Dios Carlo.<\/div><\/div><\/div><div class=\"item\" style=\"--offset: 13;\"><div class=\"card full\"><h3>2018<\/h3><div class=\"content\">El 5 de julio, Carlo es declarado venerable por el papa Francisco.<\/div><\/div><\/div><div class=\"item\" style=\"--offset: 14;\"><div class=\"card\"><h3>2019<\/h3><div class=\"content\">El 23 de enero se exhuma el cuerpo de Carlo. El 6 de abril, el cuerpo es trasladado al Santuario del Despojo en As\u00eds.<\/div><\/div><div class=\"fca-quote\" style=\"--bg: url(https:\/\/fondazionecarloacutis.webelements.it\/wp-content\/uploads\/2024\/07\/Rectangle-53.png); --overlay: #a6322e\"><div class=\"foreground\"><blockquote>\u00abCarlo ha sabido usar las redes sociales para transmitir el Evangelio, para comunicar valores y belleza. No ha ca\u00eddo en la trampa.\u00bb<\/blockquote><cite>Papa Francisco<\/cite><\/div><\/div><\/div><div class=\"item\" style=\"--offset: 15;\"><div class=\"card full\"><h3>2020<\/h3><div class=\"content\">El 10 de octubre, Carlo es beatificado en As\u00eds.<\/div><\/div><\/div><\/div>\n<\/div>\n\n<div class=\"caruselArrows\">\n\t<a href=\"#\" class=\"prev\"><img decoding=\"async\" class=\"mainCaruselArrow\" src=\"https:\/\/fondazionecarloacutis.webelements.it\/wp-content\/themes\/fondazionecarloacutis\/assets\/img\/arrow.svg\"><\/a>\n\t<div class=\"caruselBottomBar\"><div class=\"bottomBarSection\" rel=\"1\"><\/div><div class=\"bottomBarSection\" rel=\"2\"><\/div><div class=\"bottomBarSection\" rel=\"3\"><\/div><div class=\"bottomBarSection\" rel=\"4\"><\/div><div class=\"bottomBarSection\" rel=\"5\"><\/div><div class=\"bottomBarSection\" rel=\"6\"><\/div><div class=\"bottomBarSection\" rel=\"7\"><\/div><div class=\"bottomBarSection\" rel=\"8\"><\/div><div class=\"bottomBarSection\" rel=\"9\"><\/div><div class=\"bottomBarSection\" rel=\"10\"><\/div><div class=\"bottomBarSection\" rel=\"11\"><\/div><div class=\"bottomBarSection\" rel=\"12\"><\/div><div class=\"bottomBarSection\" rel=\"13\"><\/div><div class=\"bottomBarSection\" rel=\"14\"><\/div><div class=\"bottomBarSection\" rel=\"15\"><\/div><\/div>\n\t<a href=\"#\" class=\"next\"><img decoding=\"async\" class=\"mainCaruselArrow\" src=\"https:\/\/fondazionecarloacutis.webelements.it\/wp-content\/themes\/fondazionecarloacutis\/assets\/img\/arrow.svg\"><\/a>\n<\/div>\n\n<\/section>\n\n<div class=\"fca-spacer spacer-block_441e721737d3c48d962bbb4fd84313af\"  style=\"--height: 50px; --heightTablet: 50px; --heightMobile: 50px;\"><\/div><\/div>\n\n\n<div class=\"fca-spacer spacer-block_2c1da46f3dc86c230138db513c7fd370\"  style=\"--height: 70px; --heightTablet: 70px; --heightMobile: 70px;\"><\/div>\n\n<section class=\"slick-carusel carusel-block_296bde331293af05d6ec9e935fe4e72e\" >\t<div class=\"carusel\"><div class=\"item\"><figure><img loading=\"lazy\" decoding=\"async\" width=\"1920\" height=\"1300\" src=\"https:\/\/fondazionecarloacutis.webelements.it\/wp-content\/uploads\/2024\/07\/Progetto-senza-titolo-69.jpg\" class=\"attachment-full size-full\" alt=\"\" srcset=\"https:\/\/fondazionecarloacutis.webelements.it\/wp-content\/uploads\/2024\/07\/Progetto-senza-titolo-69.jpg 1920w, https:\/\/fondazionecarloacutis.webelements.it\/wp-content\/uploads\/2024\/07\/Progetto-senza-titolo-69-300x203.jpg 300w, https:\/\/fondazionecarloacutis.webelements.it\/wp-content\/uploads\/2024\/07\/Progetto-senza-titolo-69-1024x693.jpg 1024w, https:\/\/fondazionecarloacutis.webelements.it\/wp-content\/uploads\/2024\/07\/Progetto-senza-titolo-69-768x520.jpg 768w, https:\/\/fondazionecarloacutis.webelements.it\/wp-content\/uploads\/2024\/07\/Progetto-senza-titolo-69-1536x1040.jpg 1536w\" sizes=\"(max-width: 1920px) 100vw, 1920px\" \/><\/figure><\/div><div class=\"item\"><figure><img loading=\"lazy\" decoding=\"async\" width=\"1920\" height=\"1300\" src=\"https:\/\/fondazionecarloacutis.webelements.it\/wp-content\/uploads\/2024\/07\/Progetto-senza-titolo-71.jpg\" class=\"attachment-full size-full\" alt=\"\" srcset=\"https:\/\/fondazionecarloacutis.webelements.it\/wp-content\/uploads\/2024\/07\/Progetto-senza-titolo-71.jpg 1920w, https:\/\/fondazionecarloacutis.webelements.it\/wp-content\/uploads\/2024\/07\/Progetto-senza-titolo-71-300x203.jpg 300w, https:\/\/fondazionecarloacutis.webelements.it\/wp-content\/uploads\/2024\/07\/Progetto-senza-titolo-71-1024x693.jpg 1024w, https:\/\/fondazionecarloacutis.webelements.it\/wp-content\/uploads\/2024\/07\/Progetto-senza-titolo-71-768x520.jpg 768w, https:\/\/fondazionecarloacutis.webelements.it\/wp-content\/uploads\/2024\/07\/Progetto-senza-titolo-71-1536x1040.jpg 1536w\" sizes=\"(max-width: 1920px) 100vw, 1920px\" \/><\/figure><\/div><div class=\"item\"><figure><img loading=\"lazy\" decoding=\"async\" width=\"1920\" height=\"1500\" src=\"https:\/\/fondazionecarloacutis.webelements.it\/wp-content\/uploads\/2024\/07\/Progetto-senza-titolo-67.jpg\" class=\"attachment-full size-full\" alt=\"\" srcset=\"https:\/\/fondazionecarloacutis.webelements.it\/wp-content\/uploads\/2024\/07\/Progetto-senza-titolo-67.jpg 1920w, https:\/\/fondazionecarloacutis.webelements.it\/wp-content\/uploads\/2024\/07\/Progetto-senza-titolo-67-300x234.jpg 300w, https:\/\/fondazionecarloacutis.webelements.it\/wp-content\/uploads\/2024\/07\/Progetto-senza-titolo-67-1024x800.jpg 1024w, https:\/\/fondazionecarloacutis.webelements.it\/wp-content\/uploads\/2024\/07\/Progetto-senza-titolo-67-768x600.jpg 768w, https:\/\/fondazionecarloacutis.webelements.it\/wp-content\/uploads\/2024\/07\/Progetto-senza-titolo-67-1536x1200.jpg 1536w\" sizes=\"(max-width: 1920px) 100vw, 1920px\" \/><\/figure><\/div><div class=\"item\"><figure><img loading=\"lazy\" decoding=\"async\" width=\"1473\" height=\"1083\" src=\"https:\/\/fondazionecarloacutis.webelements.it\/wp-content\/uploads\/2024\/07\/Progetto-senza-titolo-66-e1635016428786.jpg\" class=\"attachment-full size-full\" alt=\"\" srcset=\"https:\/\/fondazionecarloacutis.webelements.it\/wp-content\/uploads\/2024\/07\/Progetto-senza-titolo-66-e1635016428786.jpg 1473w, https:\/\/fondazionecarloacutis.webelements.it\/wp-content\/uploads\/2024\/07\/Progetto-senza-titolo-66-e1635016428786-300x221.jpg 300w, https:\/\/fondazionecarloacutis.webelements.it\/wp-content\/uploads\/2024\/07\/Progetto-senza-titolo-66-e1635016428786-1024x753.jpg 1024w, https:\/\/fondazionecarloacutis.webelements.it\/wp-content\/uploads\/2024\/07\/Progetto-senza-titolo-66-e1635016428786-768x565.jpg 768w\" sizes=\"(max-width: 1473px) 100vw, 1473px\" \/><\/figure><\/div><div class=\"item\"><figure><img loading=\"lazy\" decoding=\"async\" width=\"1920\" height=\"1300\" src=\"https:\/\/fondazionecarloacutis.webelements.it\/wp-content\/uploads\/2024\/07\/Progetto-senza-titolo-73.jpg\" class=\"attachment-full size-full\" alt=\"\" srcset=\"https:\/\/fondazionecarloacutis.webelements.it\/wp-content\/uploads\/2024\/07\/Progetto-senza-titolo-73.jpg 1920w, https:\/\/fondazionecarloacutis.webelements.it\/wp-content\/uploads\/2024\/07\/Progetto-senza-titolo-73-300x203.jpg 300w, https:\/\/fondazionecarloacutis.webelements.it\/wp-content\/uploads\/2024\/07\/Progetto-senza-titolo-73-1024x693.jpg 1024w, https:\/\/fondazionecarloacutis.webelements.it\/wp-content\/uploads\/2024\/07\/Progetto-senza-titolo-73-768x520.jpg 768w, https:\/\/fondazionecarloacutis.webelements.it\/wp-content\/uploads\/2024\/07\/Progetto-senza-titolo-73-1536x1040.jpg 1536w\" sizes=\"(max-width: 1920px) 100vw, 1920px\" \/><\/figure><\/div><div class=\"item\"><figure><img loading=\"lazy\" decoding=\"async\" width=\"1920\" height=\"1500\" src=\"https:\/\/fondazionecarloacutis.webelements.it\/wp-content\/uploads\/2024\/07\/Progetto-senza-titolo-68.jpg\" class=\"attachment-full size-full\" alt=\"\" srcset=\"https:\/\/fondazionecarloacutis.webelements.it\/wp-content\/uploads\/2024\/07\/Progetto-senza-titolo-68.jpg 1920w, https:\/\/fondazionecarloacutis.webelements.it\/wp-content\/uploads\/2024\/07\/Progetto-senza-titolo-68-300x234.jpg 300w, https:\/\/fondazionecarloacutis.webelements.it\/wp-content\/uploads\/2024\/07\/Progetto-senza-titolo-68-1024x800.jpg 1024w, https:\/\/fondazionecarloacutis.webelements.it\/wp-content\/uploads\/2024\/07\/Progetto-senza-titolo-68-768x600.jpg 768w, https:\/\/fondazionecarloacutis.webelements.it\/wp-content\/uploads\/2024\/07\/Progetto-senza-titolo-68-1536x1200.jpg 1536w\" sizes=\"(max-width: 1920px) 100vw, 1920px\" \/><\/figure><\/div>\t<\/div><\/section>\n\n<div class=\"fca-spacer spacer-block_4cc9699084b7af41c9ef68791d03fada\"  style=\"--height: 40px; --heightTablet: 40px; --heightMobile: 40px;\"><\/div>\n\n\n<div class=\"wp-block-group alignfull is-layout-constrained wp-block-group-is-layout-constrained\"><section class=\"section-title-block section-title-block_11522295c2e8984ad91e6f3f55764bac\" ><img decoding=\"async\" alt=\"iconBlock\" src=\"https:\/\/fondazionecarloacutis.webelements.it\/wp-content\/uploads\/2024\/07\/12.png\"><h3 style=\"--color: #000000;\">Exposiciones<\/h3><\/section>\n\n<section class=\"fca-exhibitions exhibitions-block_7da3e99a192d067f44092d5c02de62c4 mobile-cards-holder\" ><div class=\"item-container\"><div class=\"item\" style=\"--color: #000000; --link: #FFFFFF; --bg: url(https:\/\/fondazionecarloacutis.webelements.it\/wp-content\/uploads\/2024\/07\/Rectangle-5.png)\">  <h5>Los Milagros Eucar\u00edsticos<\/h5><a href=\"http:\/\/www.miracolieucaristici.org\/\" target=\"_blank\" title=\"M&aacute;s informaci&oacute;n\">M\u00e1s informaci\u00f3n<\/a><\/div><\/div><div class=\"item-container\"><div class=\"item\" style=\"--color: #000000; --link: #FFFFFF; --bg: url(https:\/\/fondazionecarloacutis.webelements.it\/wp-content\/uploads\/2024\/07\/Rectangle-4.png)\">  <h5>Los llamamientos de la Virgen, Apariciones y Santuarios Marianos en el mundo<\/h5><a href=\"http:\/\/www.apparizionimadonna.org\/it\/avm\/\" target=\"_blank\" title=\"M&aacute;s informaci&oacute;n\">M\u00e1s informaci\u00f3n<\/a><\/div><\/div><div class=\"item-container\"><div class=\"item\" style=\"--color: #000000; --link: #FFFFFF; --bg: url(https:\/\/fondazionecarloacutis.webelements.it\/wp-content\/uploads\/2024\/07\/Rectangle-6.png)\">  <h5>\u00c1ngeles y Demonios<\/h5><a href=\"http:\/\/www.carloacutis.net\/AngeliDemoni\/\" target=\"_blank\" title=\"M&aacute;s informaci&oacute;n\">M\u00e1s informaci\u00f3n<\/a><\/div><\/div><div class=\"item-container\"><div class=\"item\" style=\"--color: #000000; --link: #FFFFFF; --bg: url(https:\/\/fondazionecarloacutis.webelements.it\/wp-content\/uploads\/2024\/07\/Rectangle-7.png)\">  <h5>Infierno, Purgatorio y Para\u00edso<\/h5><a href=\"http:\/\/www.carloacutis.net\/InfernoPurgatorioParadiso\/\" target=\"_blank\" title=\"M&aacute;s informaci&oacute;n\">M\u00e1s informaci\u00f3n<\/a><\/div><\/div><\/section><\/div>\n\n\n<div class=\"fca-spacer spacer-block_d20855063a430488287a816a08bb47e1\"  style=\"--height: 40px; --heightTablet: 40px; --heightMobile: 10px;\"><\/div>\n\n<section class=\"fca-cta cta-block_17fba7f587aebb59fc92f4a287a56acc\"  style=\"--color: #FFFFFF; --bgcolor: #D75F2C; --align: center;\"><a href=\"http:\/\/carloacutis.com\/it\/association\" target=\"_blank\" title=\"Consultar otro material\" class=\"comp-anim\">Consultar otro material<\/a><\/section>\n\n<div class=\"fca-spacer spacer-block_4cc9699084b7af41c9ef68791d03fada\"  style=\"--height: 40px; --heightTablet: 40px; --heightMobile: 40px;\"><\/div>","protected":false},"excerpt":{"rendered":"<p>El Beato Carlo Acutis Hay vidas que transcurren aparentemente normales. Y hay vidas&nbsp;excepcionales.&nbsp;Lo que m\u00e1s sorprende de la historia de Carlo es c\u00f3mo supo ser profundamente original para ofrecer a todos los que lo conocieron el retrato de una&nbsp;sonriente y excepcional normalidad. Carlo era un joven como todos los dem\u00e1s, y al mismo tiempo hac\u00eda [&hellip;]<\/p>\n","protected":false},"author":1,"featured_media":452,"parent":0,"menu_order":0,"comment_status":"closed","ping_status":"closed","template":"","meta":{"_acf_changed":false,"inline_featured_image":false,"_themeisle_gutenberg_block_has_review":false,"footnotes":""},"class_list":["post-548","page","type-page","status-publish","has-post-thumbnail","hentry"],"acf":{"revslider":"","sottotitolo":"","titolo":"","colore_titolo":"#FFFFFF","velatura":"rgba(35,31,32,0)","style":""},"yoast_head":"<!-- This site is optimized with the Yoast SEO plugin v23.4 - https:\/\/yoast.com\/wordpress\/plugins\/seo\/ -->\n<title>Quien es Carlos Acutis: su Historia | Fundaci\u00f3n Acutis<\/title>\n<meta name=\"description\" content=\"\u00bfQui\u00e9n es Carlo Acutis? La historia de un chico y de su excepcional normalidad, de la pasi\u00f3n para el ordenador y su beatificaci\u00f3n. Descubre m\u00e1s en el sitio.\" \/>\n<meta name=\"robots\" content=\"noindex, follow, max-snippet:-1, max-image-preview:large, max-video-preview:-1\" \/>\n<meta property=\"og:locale\" content=\"es_ES\" \/>\n<meta property=\"og:type\" content=\"article\" \/>\n<meta property=\"og:title\" content=\"Quien es Carlos Acutis: su Historia | Fundaci\u00f3n Acutis\" \/>\n<meta property=\"og:description\" content=\"\u00bfQui\u00e9n es Carlo Acutis? La historia de un chico y de su excepcional normalidad, de la pasi\u00f3n para el ordenador y su beatificaci\u00f3n. Descubre m\u00e1s en el sitio.\" \/>\n<meta property=\"og:url\" content=\"https:\/\/fondazionecarloacutis.webelements.it\/es\/el-beato\/\" \/>\n<meta property=\"og:site_name\" content=\"Fondazione Carlo Acutis\" \/>\n<meta property=\"article:modified_time\" content=\"2024-09-16T08:36:37+00:00\" \/>\n<meta property=\"og:image\" content=\"https:\/\/fondazionecarloacutis.webelements.it\/wp-content\/uploads\/2024\/07\/foto_carlo_acutis_web.jpg\" \/>\n\t<meta property=\"og:image:width\" content=\"2257\" \/>\n\t<meta property=\"og:image:height\" content=\"1191\" \/>\n\t<meta property=\"og:image:type\" content=\"image\/jpeg\" \/>\n<meta name=\"twitter:card\" content=\"summary_large_image\" \/>\n<meta name=\"twitter:label1\" content=\"Tiempo de lectura\" \/>\n\t<meta name=\"twitter:data1\" content=\"2 minutos\" \/>\n<script type=\"application\/ld+json\" class=\"yoast-schema-graph\">{\"@context\":\"https:\/\/schema.org\",\"@graph\":[{\"@type\":\"WebPage\",\"@id\":\"https:\/\/fondazionecarloacutis.webelements.it\/es\/el-beato\/\",\"url\":\"https:\/\/fondazionecarloacutis.webelements.it\/es\/el-beato\/\",\"name\":\"Quien es Carlos Acutis: su Historia | Fundaci\u00f3n Acutis\",\"isPartOf\":{\"@id\":\"https:\/\/fondazionecarloacutis.webelements.it\/es\/#website\"},\"primaryImageOfPage\":{\"@id\":\"https:\/\/fondazionecarloacutis.webelements.it\/es\/el-beato\/#primaryimage\"},\"image\":{\"@id\":\"https:\/\/fondazionecarloacutis.webelements.it\/es\/el-beato\/#primaryimage\"},\"thumbnailUrl\":\"https:\/\/fondazionecarloacutis.webelements.it\/wp-content\/uploads\/2024\/07\/foto_carlo_acutis_web.jpg\",\"datePublished\":\"2024-07-14T11:25:58+00:00\",\"dateModified\":\"2024-09-16T08:36:37+00:00\",\"description\":\"\u00bfQui\u00e9n es Carlo Acutis? La historia de un chico y de su excepcional normalidad, de la pasi\u00f3n para el ordenador y su beatificaci\u00f3n. Descubre m\u00e1s en el sitio.\",\"breadcrumb\":{\"@id\":\"https:\/\/fondazionecarloacutis.webelements.it\/es\/el-beato\/#breadcrumb\"},\"inLanguage\":\"es\",\"potentialAction\":[{\"@type\":\"ReadAction\",\"target\":[\"https:\/\/fondazionecarloacutis.webelements.it\/es\/el-beato\/\"]}]},{\"@type\":\"ImageObject\",\"inLanguage\":\"es\",\"@id\":\"https:\/\/fondazionecarloacutis.webelements.it\/es\/el-beato\/#primaryimage\",\"url\":\"https:\/\/fondazionecarloacutis.webelements.it\/wp-content\/uploads\/2024\/07\/foto_carlo_acutis_web.jpg\",\"contentUrl\":\"https:\/\/fondazionecarloacutis.webelements.it\/wp-content\/uploads\/2024\/07\/foto_carlo_acutis_web.jpg\",\"width\":2257,\"height\":1191},{\"@type\":\"BreadcrumbList\",\"@id\":\"https:\/\/fondazionecarloacutis.webelements.it\/es\/el-beato\/#breadcrumb\",\"itemListElement\":[{\"@type\":\"ListItem\",\"position\":1,\"name\":\"Home\",\"item\":\"https:\/\/fondazionecarloacutis.webelements.it\/es\/\"},{\"@type\":\"ListItem\",\"position\":2,\"name\":\"El Beato\"}]},{\"@type\":\"WebSite\",\"@id\":\"https:\/\/fondazionecarloacutis.webelements.it\/es\/#website\",\"url\":\"https:\/\/fondazionecarloacutis.webelements.it\/es\/\",\"name\":\"Fondazione Carlo Acutis\",\"description\":\"Sito Ufficiale Fondazione Carlo Acutis\",\"publisher\":{\"@id\":\"https:\/\/fondazionecarloacutis.webelements.it\/es\/#organization\"},\"potentialAction\":[{\"@type\":\"SearchAction\",\"target\":{\"@type\":\"EntryPoint\",\"urlTemplate\":\"https:\/\/fondazionecarloacutis.webelements.it\/es\/?s={search_term_string}\"},\"query-input\":{\"@type\":\"PropertyValueSpecification\",\"valueRequired\":true,\"valueName\":\"search_term_string\"}}],\"inLanguage\":\"es\"},{\"@type\":\"Organization\",\"@id\":\"https:\/\/fondazionecarloacutis.webelements.it\/es\/#organization\",\"name\":\"Fondazione Carlo Acutis\",\"url\":\"https:\/\/fondazionecarloacutis.webelements.it\/es\/\",\"logo\":{\"@type\":\"ImageObject\",\"inLanguage\":\"es\",\"@id\":\"https:\/\/fondazionecarloacutis.webelements.it\/es\/#\/schema\/logo\/image\/\",\"url\":\"https:\/\/fondazionecarloacutis.webelements.it\/wp-content\/uploads\/2024\/06\/logo-487c76feba5148a519f510677ab1bb3a.svg\",\"contentUrl\":\"https:\/\/fondazionecarloacutis.webelements.it\/wp-content\/uploads\/2024\/06\/logo-487c76feba5148a519f510677ab1bb3a.svg\",\"width\":96,\"height\":46,\"caption\":\"Fondazione Carlo Acutis\"},\"image\":{\"@id\":\"https:\/\/fondazionecarloacutis.webelements.it\/es\/#\/schema\/logo\/image\/\"}}]}<\/script>\n<!-- \/ Yoast SEO plugin. -->","yoast_head_json":{"title":"Quien es Carlos Acutis: su Historia | Fundaci\u00f3n Acutis","description":"\u00bfQui\u00e9n es Carlo Acutis? La historia de un chico y de su excepcional normalidad, de la pasi\u00f3n para el ordenador y su beatificaci\u00f3n. Descubre m\u00e1s en el sitio.","robots":{"index":"noindex","follow":"follow","max-snippet":"max-snippet:-1","max-image-preview":"max-image-preview:large","max-video-preview":"max-video-preview:-1"},"og_locale":"es_ES","og_type":"article","og_title":"Quien es Carlos Acutis: su Historia | Fundaci\u00f3n Acutis","og_description":"\u00bfQui\u00e9n es Carlo Acutis? La historia de un chico y de su excepcional normalidad, de la pasi\u00f3n para el ordenador y su beatificaci\u00f3n. Descubre m\u00e1s en el sitio.","og_url":"https:\/\/fondazionecarloacutis.webelements.it\/es\/el-beato\/","og_site_name":"Fondazione Carlo Acutis","article_modified_time":"2024-09-16T08:36:37+00:00","og_image":[{"width":2257,"height":1191,"url":"https:\/\/fondazionecarloacutis.webelements.it\/wp-content\/uploads\/2024\/07\/foto_carlo_acutis_web.jpg","type":"image\/jpeg"}],"twitter_card":"summary_large_image","twitter_misc":{"Tiempo de lectura":"2 minutos"},"schema":{"@context":"https:\/\/schema.org","@graph":[{"@type":"WebPage","@id":"https:\/\/fondazionecarloacutis.webelements.it\/es\/el-beato\/","url":"https:\/\/fondazionecarloacutis.webelements.it\/es\/el-beato\/","name":"Quien es Carlos Acutis: su Historia | Fundaci\u00f3n Acutis","isPartOf":{"@id":"https:\/\/fondazionecarloacutis.webelements.it\/es\/#website"},"primaryImageOfPage":{"@id":"https:\/\/fondazionecarloacutis.webelements.it\/es\/el-beato\/#primaryimage"},"image":{"@id":"https:\/\/fondazionecarloacutis.webelements.it\/es\/el-beato\/#primaryimage"},"thumbnailUrl":"https:\/\/fondazionecarloacutis.webelements.it\/wp-content\/uploads\/2024\/07\/foto_carlo_acutis_web.jpg","datePublished":"2024-07-14T11:25:58+00:00","dateModified":"2024-09-16T08:36:37+00:00","description":"\u00bfQui\u00e9n es Carlo Acutis? La historia de un chico y de su excepcional normalidad, de la pasi\u00f3n para el ordenador y su beatificaci\u00f3n. Descubre m\u00e1s en el sitio.","breadcrumb":{"@id":"https:\/\/fondazionecarloacutis.webelements.it\/es\/el-beato\/#breadcrumb"},"inLanguage":"es","potentialAction":[{"@type":"ReadAction","target":["https:\/\/fondazionecarloacutis.webelements.it\/es\/el-beato\/"]}]},{"@type":"ImageObject","inLanguage":"es","@id":"https:\/\/fondazionecarloacutis.webelements.it\/es\/el-beato\/#primaryimage","url":"https:\/\/fondazionecarloacutis.webelements.it\/wp-content\/uploads\/2024\/07\/foto_carlo_acutis_web.jpg","contentUrl":"https:\/\/fondazionecarloacutis.webelements.it\/wp-content\/uploads\/2024\/07\/foto_carlo_acutis_web.jpg","width":2257,"height":1191},{"@type":"BreadcrumbList","@id":"https:\/\/fondazionecarloacutis.webelements.it\/es\/el-beato\/#breadcrumb","itemListElement":[{"@type":"ListItem","position":1,"name":"Home","item":"https:\/\/fondazionecarloacutis.webelements.it\/es\/"},{"@type":"ListItem","position":2,"name":"El Beato"}]},{"@type":"WebSite","@id":"https:\/\/fondazionecarloacutis.webelements.it\/es\/#website","url":"https:\/\/fondazionecarloacutis.webelements.it\/es\/","name":"Fondazione Carlo Acutis","description":"Sito Ufficiale Fondazione Carlo Acutis","publisher":{"@id":"https:\/\/fondazionecarloacutis.webelements.it\/es\/#organization"},"potentialAction":[{"@type":"SearchAction","target":{"@type":"EntryPoint","urlTemplate":"https:\/\/fondazionecarloacutis.webelements.it\/es\/?s={search_term_string}"},"query-input":{"@type":"PropertyValueSpecification","valueRequired":true,"valueName":"search_term_string"}}],"inLanguage":"es"},{"@type":"Organization","@id":"https:\/\/fondazionecarloacutis.webelements.it\/es\/#organization","name":"Fondazione Carlo Acutis","url":"https:\/\/fondazionecarloacutis.webelements.it\/es\/","logo":{"@type":"ImageObject","inLanguage":"es","@id":"https:\/\/fondazionecarloacutis.webelements.it\/es\/#\/schema\/logo\/image\/","url":"https:\/\/fondazionecarloacutis.webelements.it\/wp-content\/uploads\/2024\/06\/logo-487c76feba5148a519f510677ab1bb3a.svg","contentUrl":"https:\/\/fondazionecarloacutis.webelements.it\/wp-content\/uploads\/2024\/06\/logo-487c76feba5148a519f510677ab1bb3a.svg","width":96,"height":46,"caption":"Fondazione Carlo Acutis"},"image":{"@id":"https:\/\/fondazionecarloacutis.webelements.it\/es\/#\/schema\/logo\/image\/"}}]}},"_links":{"self":[{"href":"https:\/\/fondazionecarloacutis.webelements.it\/es\/wp-json\/wp\/v2\/pages\/548"}],"collection":[{"href":"https:\/\/fondazionecarloacutis.webelements.it\/es\/wp-json\/wp\/v2\/pages"}],"about":[{"href":"https:\/\/fondazionecarloacutis.webelements.it\/es\/wp-json\/wp\/v2\/types\/page"}],"author":[{"embeddable":true,"href":"https:\/\/fondazionecarloacutis.webelements.it\/es\/wp-json\/wp\/v2\/users\/1"}],"replies":[{"embeddable":true,"href":"https:\/\/fondazionecarloacutis.webelements.it\/es\/wp-json\/wp\/v2\/comments?post=548"}],"version-history":[{"count":8,"href":"https:\/\/fondazionecarloacutis.webelements.it\/es\/wp-json\/wp\/v2\/pages\/548\/revisions"}],"predecessor-version":[{"id":1422,"href":"https:\/\/fondazionecarloacutis.webelements.it\/es\/wp-json\/wp\/v2\/pages\/548\/revisions\/1422"}],"wp:featuredmedia":[{"embeddable":true,"href":"https:\/\/fondazionecarloacutis.webelements.it\/es\/wp-json\/wp\/v2\/media\/452"}],"wp:attachment":[{"href":"https:\/\/fondazionecarloacutis.webelements.it\/es\/wp-json\/wp\/v2\/media?parent=548"}],"curies":[{"name":"wp","href":"https:\/\/api.w.org\/{rel}","templated":true}]}}