{"id":560,"date":"2024-07-28T16:01:54","date_gmt":"2024-07-28T14:01:54","guid":{"rendered":"https:\/\/fondazionecarloacutis.webelements.it\/il-logo\/"},"modified":"2024-08-23T15:32:26","modified_gmt":"2024-08-23T13:32:26","slug":"el-logo","status":"publish","type":"page","link":"https:\/\/fondazionecarloacutis.webelements.it\/es\/el-logo\/","title":{"rendered":"El logo"},"content":{"rendered":"<section class=\"fca-promo promo-block_93c5a5b107cf68057b41074378b714f9  big overlap mobile-cards-holder\" ><div class=\"item-container\"><div class=\"item\">\n\t\t\t<a nohref>  <figure><img loading=\"lazy\" decoding=\"async\" width=\"46\" height=\"46\" src=\"https:\/\/fondazionecarloacutis.webelements.it\/wp-content\/uploads\/2024\/07\/Group-390.png\" class=\"attachment-full size-full\" alt=\"\" \/><\/figure>  <h5>Seriedad y rigor<\/h5><\/a>\n\t\t<\/div><\/div><div class=\"item-container\"><div class=\"item\">\n\t\t\t<a nohref>  <figure><img loading=\"lazy\" decoding=\"async\" width=\"46\" height=\"35\" src=\"https:\/\/fondazionecarloacutis.webelements.it\/wp-content\/uploads\/2024\/07\/Group-384.png\" class=\"attachment-full size-full\" alt=\"\" \/><\/figure>  <h5>Uni\u00f3n entre tradici\u00f3n y digitalizaci\u00f3n<\/h5><\/a>\n\t\t<\/div><\/div><div class=\"item-container\"><div class=\"item\">\n\t\t\t<a nohref>  <figure><img loading=\"lazy\" decoding=\"async\" width=\"46\" height=\"41\" src=\"https:\/\/fondazionecarloacutis.webelements.it\/wp-content\/uploads\/2024\/07\/Vector.png\" class=\"attachment-full size-full\" alt=\"\" \/><\/figure>  <h5>Atenci\u00f3n al \u00e1mbito social, al crecimiento y al territorio<\/h5><\/a>\n\t\t<\/div><\/div><\/section>\n\n\n<div class=\"wp-block-group alignfull no-pad has-background is-layout-constrained wp-block-group-is-layout-constrained\" style=\"background-color:#f8f9fa\"><div class=\"fca-spacer spacer-block_56c8aec9b5c0bebb0f3163a5d308ace2\"  style=\"--height: 250px; --heightTablet: 150px; --heightMobile: 150px;\"><\/div>\n\n\n<figure class=\"wp-block-image size-full\"><img loading=\"lazy\" decoding=\"async\" width=\"792\" height=\"420\" src=\"https:\/\/fondazionecarloacutis.webelements.it\/wp-content\/uploads\/2024\/07\/Group-546-1.png\" alt=\"\" class=\"wp-image-370\" srcset=\"https:\/\/fondazionecarloacutis.webelements.it\/wp-content\/uploads\/2024\/07\/Group-546-1.png 792w, https:\/\/fondazionecarloacutis.webelements.it\/wp-content\/uploads\/2024\/07\/Group-546-1-300x159.png 300w, https:\/\/fondazionecarloacutis.webelements.it\/wp-content\/uploads\/2024\/07\/Group-546-1-768x407.png 768w\" sizes=\"(max-width: 792px) 100vw, 792px\" \/><\/figure>\n\n\n<div class=\"fca-spacer spacer-block_a85333b159baa8d8ff4a9b3564f18af7\"  style=\"--height: 35px; --heightTablet: 35px; --heightMobile: 35px;\"><\/div>\n\n\n<h2 class=\"wp-block-heading\">Un \u00e1rbol entre la tierra y el cielo<\/h2>\n\n\n<div class=\"fca-spacer spacer-block_2ca156a98c527384fb2025f4de0de66e\"  style=\"--height: 20px; --heightTablet: 20px; --heightMobile: 20px;\"><\/div>\n\n\n<p>La parte figurativa del logo representa un \u00e1rbol que expresa la idea de crecimiento y respeto por el lugar donde vivimos. Es algo vivo, que a su vez transmite y da vida (el \u00e1rbol produce frutos). Es una imagen que infunde novedad, volviendo a conectar de esta manera con el mundo de los j\u00f3venes, a los que la Fundaci\u00f3n se dirige en primer lugar. Los colores transmiten en su armon\u00eda la pasi\u00f3n y la creatividad, el coraz\u00f3n palpitante de cualquier iniciativa. Todo situado en el escenario de una tensi\u00f3n ascendente, una tensi\u00f3n a la vida, traducida en la imagen estilizada de una llama, clara evocaci\u00f3n de la representaci\u00f3n del Esp\u00edritu Santo. Con la esperanza de que de un t\u00edmido inicio se desate un incendio que llegue al coraz\u00f3n de todo el mundo, recordando que gran llama enciende una chispa peque\u00f1a.<\/p>\n\n\n<div class=\"fca-spacer spacer-block_a154b13b07906604219c2626d4852f61\"  style=\"--height: 70px; --heightTablet: 70px; --heightMobile: 70px;\"><\/div>\n\n\n<figure class=\"wp-block-image size-full\"><img loading=\"lazy\" decoding=\"async\" width=\"792\" height=\"418\" src=\"https:\/\/fondazionecarloacutis.webelements.it\/wp-content\/uploads\/2024\/07\/Group-506-1.png\" alt=\"\" class=\"wp-image-371\" srcset=\"https:\/\/fondazionecarloacutis.webelements.it\/wp-content\/uploads\/2024\/07\/Group-506-1.png 792w, https:\/\/fondazionecarloacutis.webelements.it\/wp-content\/uploads\/2024\/07\/Group-506-1-300x158.png 300w, https:\/\/fondazionecarloacutis.webelements.it\/wp-content\/uploads\/2024\/07\/Group-506-1-768x405.png 768w\" sizes=\"(max-width: 792px) 100vw, 792px\" \/><\/figure>\n\n\n<div class=\"fca-spacer spacer-block_95e9f11a5bb5f9aa4611ba0974c128dd\"  style=\"--height: 40px; --heightTablet: 40px; --heightMobile: 40px;\"><\/div>\n\n\n<h2 class=\"wp-block-heading\">La Palette<\/h2>\n\n\n<div class=\"fca-spacer spacer-block_2ca156a98c527384fb2025f4de0de66e\"  style=\"--height: 20px; --heightTablet: 20px; --heightMobile: 20px;\"><\/div>\n\n<section class=\"fca-palette palette-block_9eebb64f3cd610c44c33e9598ce96d77 mobile-cards-holder\" ><div class=\"item-container\"><div class=\"item\">  <span class=\"swatch\" style=\"background-color: #d75f2b;\"><\/span>  <h5>ORANGE TENN\u00c9<\/h5>  <span>optimismo<\/span><\/div><\/div><div class=\"item-container\"><div class=\"item\">  <span class=\"swatch\" style=\"background-color: #5c5c5b;\"><\/span>  <h5>DARK GRAY<\/h5>  <span>equilibrio interior<\/span><\/div><\/div><div class=\"item-container\"><div class=\"item\">  <span class=\"swatch\" style=\"background-color: #a6322e;\"><\/span>  <h5>LIGHT BORDEAUX<\/h5>  <span>energ\u00eda y pasi\u00f3n<\/span><\/div><\/div><div class=\"item-container\"><div class=\"item\">  <span class=\"swatch\" style=\"background-color: #003f6e;\"><\/span>  <h5>CLASSIC BLUE<\/h5>  <span>fidelidad y constancia<\/span><\/div><\/div><\/section>\n\n<div class=\"fca-spacer spacer-block_1fcfbdebc07db322aa3bb28a9556d0ee\"  style=\"--height: 70px; --heightTablet: 70px; --heightMobile: 20px;\"><\/div><\/div>\n","protected":false},"excerpt":{"rendered":"<p>Un \u00e1rbol entre la tierra y el cielo La parte figurativa del logo representa un \u00e1rbol que expresa la idea de crecimiento y respeto por el lugar donde vivimos. Es algo vivo, que a su vez transmite y da vida (el \u00e1rbol produce frutos). Es una imagen que infunde novedad, volviendo a conectar de esta [&hellip;]<\/p>\n","protected":false},"author":1,"featured_media":510,"parent":0,"menu_order":0,"comment_status":"closed","ping_status":"closed","template":"","meta":{"_acf_changed":false,"inline_featured_image":false,"_themeisle_gutenberg_block_has_review":false,"footnotes":""},"class_list":["post-560","page","type-page","status-publish","has-post-thumbnail","hentry"],"acf":{"revslider":"","sottotitolo":"","titolo":"","colore_titolo":"#FFFFFF","velatura":"rgba(35,31,32,0)","style":""},"yoast_head":"<!-- This site is optimized with the Yoast SEO plugin v23.4 - https:\/\/yoast.com\/wordpress\/plugins\/seo\/ -->\n<title>El logo oficial de la Fundaci\u00f3n | Beato Carlo Acutis<\/title>\n<meta name=\"description\" content=\"Entre tierra y cielo: un logo que retoma la pasi\u00f3n y la vida del beato Carlo Acutis, transmitiendo una energ\u00eda vital que pueda inspirar al mundo. Aprender m\u00e1s.\" \/>\n<meta name=\"robots\" content=\"noindex, follow, max-snippet:-1, max-image-preview:large, max-video-preview:-1\" \/>\n<meta property=\"og:locale\" content=\"es_ES\" \/>\n<meta property=\"og:type\" content=\"article\" \/>\n<meta property=\"og:title\" content=\"El logo oficial de la Fundaci\u00f3n | Beato Carlo Acutis\" \/>\n<meta property=\"og:description\" content=\"Entre tierra y cielo: un logo que retoma la pasi\u00f3n y la vida del beato Carlo Acutis, transmitiendo una energ\u00eda vital que pueda inspirar al mundo. Aprender m\u00e1s.\" \/>\n<meta property=\"og:url\" content=\"https:\/\/fondazionecarloacutis.webelements.it\/es\/el-logo\/\" \/>\n<meta property=\"og:site_name\" content=\"Fondazione Carlo Acutis\" \/>\n<meta property=\"article:modified_time\" content=\"2024-08-23T13:32:26+00:00\" \/>\n<meta property=\"og:image\" content=\"https:\/\/fondazionecarloacutis.webelements.it\/wp-content\/uploads\/2024\/07\/Rectangle-56-4-1.png\" \/>\n\t<meta property=\"og:image:width\" content=\"1440\" \/>\n\t<meta property=\"og:image:height\" content=\"579\" \/>\n\t<meta property=\"og:image:type\" content=\"image\/png\" \/>\n<meta name=\"twitter:card\" content=\"summary_large_image\" \/>\n<meta name=\"twitter:label1\" content=\"Tiempo de lectura\" \/>\n\t<meta name=\"twitter:data1\" content=\"2 minutos\" \/>\n<script type=\"application\/ld+json\" class=\"yoast-schema-graph\">{\"@context\":\"https:\/\/schema.org\",\"@graph\":[{\"@type\":\"WebPage\",\"@id\":\"https:\/\/fondazionecarloacutis.webelements.it\/es\/el-logo\/\",\"url\":\"https:\/\/fondazionecarloacutis.webelements.it\/es\/el-logo\/\",\"name\":\"El logo oficial de la Fundaci\u00f3n | Beato Carlo Acutis\",\"isPartOf\":{\"@id\":\"https:\/\/fondazionecarloacutis.webelements.it\/es\/#website\"},\"primaryImageOfPage\":{\"@id\":\"https:\/\/fondazionecarloacutis.webelements.it\/es\/el-logo\/#primaryimage\"},\"image\":{\"@id\":\"https:\/\/fondazionecarloacutis.webelements.it\/es\/el-logo\/#primaryimage\"},\"thumbnailUrl\":\"https:\/\/fondazionecarloacutis.webelements.it\/wp-content\/uploads\/2024\/07\/Rectangle-56-4-1.png\",\"datePublished\":\"2024-07-28T14:01:54+00:00\",\"dateModified\":\"2024-08-23T13:32:26+00:00\",\"description\":\"Entre tierra y cielo: un logo que retoma la pasi\u00f3n y la vida del beato Carlo Acutis, transmitiendo una energ\u00eda vital que pueda inspirar al mundo. Aprender m\u00e1s.\",\"breadcrumb\":{\"@id\":\"https:\/\/fondazionecarloacutis.webelements.it\/es\/el-logo\/#breadcrumb\"},\"inLanguage\":\"es\",\"potentialAction\":[{\"@type\":\"ReadAction\",\"target\":[\"https:\/\/fondazionecarloacutis.webelements.it\/es\/el-logo\/\"]}]},{\"@type\":\"ImageObject\",\"inLanguage\":\"es\",\"@id\":\"https:\/\/fondazionecarloacutis.webelements.it\/es\/el-logo\/#primaryimage\",\"url\":\"https:\/\/fondazionecarloacutis.webelements.it\/wp-content\/uploads\/2024\/07\/Rectangle-56-4-1.png\",\"contentUrl\":\"https:\/\/fondazionecarloacutis.webelements.it\/wp-content\/uploads\/2024\/07\/Rectangle-56-4-1.png\",\"width\":1440,\"height\":579},{\"@type\":\"BreadcrumbList\",\"@id\":\"https:\/\/fondazionecarloacutis.webelements.it\/es\/el-logo\/#breadcrumb\",\"itemListElement\":[{\"@type\":\"ListItem\",\"position\":1,\"name\":\"Home\",\"item\":\"https:\/\/fondazionecarloacutis.webelements.it\/es\/\"},{\"@type\":\"ListItem\",\"position\":2,\"name\":\"El logo\"}]},{\"@type\":\"WebSite\",\"@id\":\"https:\/\/fondazionecarloacutis.webelements.it\/es\/#website\",\"url\":\"https:\/\/fondazionecarloacutis.webelements.it\/es\/\",\"name\":\"Fondazione Carlo Acutis\",\"description\":\"Sito Ufficiale Fondazione Carlo Acutis\",\"publisher\":{\"@id\":\"https:\/\/fondazionecarloacutis.webelements.it\/es\/#organization\"},\"potentialAction\":[{\"@type\":\"SearchAction\",\"target\":{\"@type\":\"EntryPoint\",\"urlTemplate\":\"https:\/\/fondazionecarloacutis.webelements.it\/es\/?s={search_term_string}\"},\"query-input\":{\"@type\":\"PropertyValueSpecification\",\"valueRequired\":true,\"valueName\":\"search_term_string\"}}],\"inLanguage\":\"es\"},{\"@type\":\"Organization\",\"@id\":\"https:\/\/fondazionecarloacutis.webelements.it\/es\/#organization\",\"name\":\"Fondazione Carlo Acutis\",\"url\":\"https:\/\/fondazionecarloacutis.webelements.it\/es\/\",\"logo\":{\"@type\":\"ImageObject\",\"inLanguage\":\"es\",\"@id\":\"https:\/\/fondazionecarloacutis.webelements.it\/es\/#\/schema\/logo\/image\/\",\"url\":\"https:\/\/fondazionecarloacutis.webelements.it\/wp-content\/uploads\/2024\/06\/logo-487c76feba5148a519f510677ab1bb3a.svg\",\"contentUrl\":\"https:\/\/fondazionecarloacutis.webelements.it\/wp-content\/uploads\/2024\/06\/logo-487c76feba5148a519f510677ab1bb3a.svg\",\"width\":96,\"height\":46,\"caption\":\"Fondazione Carlo Acutis\"},\"image\":{\"@id\":\"https:\/\/fondazionecarloacutis.webelements.it\/es\/#\/schema\/logo\/image\/\"}}]}<\/script>\n<!-- \/ Yoast SEO plugin. -->","yoast_head_json":{"title":"El logo oficial de la Fundaci\u00f3n | Beato Carlo Acutis","description":"Entre tierra y cielo: un logo que retoma la pasi\u00f3n y la vida del beato Carlo Acutis, transmitiendo una energ\u00eda vital que pueda inspirar al mundo. Aprender m\u00e1s.","robots":{"index":"noindex","follow":"follow","max-snippet":"max-snippet:-1","max-image-preview":"max-image-preview:large","max-video-preview":"max-video-preview:-1"},"og_locale":"es_ES","og_type":"article","og_title":"El logo oficial de la Fundaci\u00f3n | Beato Carlo Acutis","og_description":"Entre tierra y cielo: un logo que retoma la pasi\u00f3n y la vida del beato Carlo Acutis, transmitiendo una energ\u00eda vital que pueda inspirar al mundo. Aprender m\u00e1s.","og_url":"https:\/\/fondazionecarloacutis.webelements.it\/es\/el-logo\/","og_site_name":"Fondazione Carlo Acutis","article_modified_time":"2024-08-23T13:32:26+00:00","og_image":[{"width":1440,"height":579,"url":"https:\/\/fondazionecarloacutis.webelements.it\/wp-content\/uploads\/2024\/07\/Rectangle-56-4-1.png","type":"image\/png"}],"twitter_card":"summary_large_image","twitter_misc":{"Tiempo de lectura":"2 minutos"},"schema":{"@context":"https:\/\/schema.org","@graph":[{"@type":"WebPage","@id":"https:\/\/fondazionecarloacutis.webelements.it\/es\/el-logo\/","url":"https:\/\/fondazionecarloacutis.webelements.it\/es\/el-logo\/","name":"El logo oficial de la Fundaci\u00f3n | Beato Carlo Acutis","isPartOf":{"@id":"https:\/\/fondazionecarloacutis.webelements.it\/es\/#website"},"primaryImageOfPage":{"@id":"https:\/\/fondazionecarloacutis.webelements.it\/es\/el-logo\/#primaryimage"},"image":{"@id":"https:\/\/fondazionecarloacutis.webelements.it\/es\/el-logo\/#primaryimage"},"thumbnailUrl":"https:\/\/fondazionecarloacutis.webelements.it\/wp-content\/uploads\/2024\/07\/Rectangle-56-4-1.png","datePublished":"2024-07-28T14:01:54+00:00","dateModified":"2024-08-23T13:32:26+00:00","description":"Entre tierra y cielo: un logo que retoma la pasi\u00f3n y la vida del beato Carlo Acutis, transmitiendo una energ\u00eda vital que pueda inspirar al mundo. Aprender m\u00e1s.","breadcrumb":{"@id":"https:\/\/fondazionecarloacutis.webelements.it\/es\/el-logo\/#breadcrumb"},"inLanguage":"es","potentialAction":[{"@type":"ReadAction","target":["https:\/\/fondazionecarloacutis.webelements.it\/es\/el-logo\/"]}]},{"@type":"ImageObject","inLanguage":"es","@id":"https:\/\/fondazionecarloacutis.webelements.it\/es\/el-logo\/#primaryimage","url":"https:\/\/fondazionecarloacutis.webelements.it\/wp-content\/uploads\/2024\/07\/Rectangle-56-4-1.png","contentUrl":"https:\/\/fondazionecarloacutis.webelements.it\/wp-content\/uploads\/2024\/07\/Rectangle-56-4-1.png","width":1440,"height":579},{"@type":"BreadcrumbList","@id":"https:\/\/fondazionecarloacutis.webelements.it\/es\/el-logo\/#breadcrumb","itemListElement":[{"@type":"ListItem","position":1,"name":"Home","item":"https:\/\/fondazionecarloacutis.webelements.it\/es\/"},{"@type":"ListItem","position":2,"name":"El logo"}]},{"@type":"WebSite","@id":"https:\/\/fondazionecarloacutis.webelements.it\/es\/#website","url":"https:\/\/fondazionecarloacutis.webelements.it\/es\/","name":"Fondazione Carlo Acutis","description":"Sito Ufficiale Fondazione Carlo Acutis","publisher":{"@id":"https:\/\/fondazionecarloacutis.webelements.it\/es\/#organization"},"potentialAction":[{"@type":"SearchAction","target":{"@type":"EntryPoint","urlTemplate":"https:\/\/fondazionecarloacutis.webelements.it\/es\/?s={search_term_string}"},"query-input":{"@type":"PropertyValueSpecification","valueRequired":true,"valueName":"search_term_string"}}],"inLanguage":"es"},{"@type":"Organization","@id":"https:\/\/fondazionecarloacutis.webelements.it\/es\/#organization","name":"Fondazione Carlo Acutis","url":"https:\/\/fondazionecarloacutis.webelements.it\/es\/","logo":{"@type":"ImageObject","inLanguage":"es","@id":"https:\/\/fondazionecarloacutis.webelements.it\/es\/#\/schema\/logo\/image\/","url":"https:\/\/fondazionecarloacutis.webelements.it\/wp-content\/uploads\/2024\/06\/logo-487c76feba5148a519f510677ab1bb3a.svg","contentUrl":"https:\/\/fondazionecarloacutis.webelements.it\/wp-content\/uploads\/2024\/06\/logo-487c76feba5148a519f510677ab1bb3a.svg","width":96,"height":46,"caption":"Fondazione Carlo Acutis"},"image":{"@id":"https:\/\/fondazionecarloacutis.webelements.it\/es\/#\/schema\/logo\/image\/"}}]}},"_links":{"self":[{"href":"https:\/\/fondazionecarloacutis.webelements.it\/es\/wp-json\/wp\/v2\/pages\/560"}],"collection":[{"href":"https:\/\/fondazionecarloacutis.webelements.it\/es\/wp-json\/wp\/v2\/pages"}],"about":[{"href":"https:\/\/fondazionecarloacutis.webelements.it\/es\/wp-json\/wp\/v2\/types\/page"}],"author":[{"embeddable":true,"href":"https:\/\/fondazionecarloacutis.webelements.it\/es\/wp-json\/wp\/v2\/users\/1"}],"replies":[{"embeddable":true,"href":"https:\/\/fondazionecarloacutis.webelements.it\/es\/wp-json\/wp\/v2\/comments?post=560"}],"version-history":[{"count":3,"href":"https:\/\/fondazionecarloacutis.webelements.it\/es\/wp-json\/wp\/v2\/pages\/560\/revisions"}],"predecessor-version":[{"id":1361,"href":"https:\/\/fondazionecarloacutis.webelements.it\/es\/wp-json\/wp\/v2\/pages\/560\/revisions\/1361"}],"wp:featuredmedia":[{"embeddable":true,"href":"https:\/\/fondazionecarloacutis.webelements.it\/es\/wp-json\/wp\/v2\/media\/510"}],"wp:attachment":[{"href":"https:\/\/fondazionecarloacutis.webelements.it\/es\/wp-json\/wp\/v2\/media?parent=560"}],"curies":[{"name":"wp","href":"https:\/\/api.w.org\/{rel}","templated":true}]}}