{"id":783,"date":"2024-07-07T17:38:07","date_gmt":"2024-07-07T15:38:07","guid":{"rendered":"https:\/\/fondazionecarloacutis.webelements.it\/la-fondazione\/"},"modified":"2024-09-16T10:36:47","modified_gmt":"2024-09-16T08:36:47","slug":"la-fundacion","status":"publish","type":"page","link":"https:\/\/fondazionecarloacutis.webelements.it\/es\/la-fundacion\/","title":{"rendered":"La Fundaci\u00f3n"},"content":{"rendered":"<div class=\"fca-spacer spacer-block_8e5a3e6fe617e60f2acf7a8ebcb2f6d1\"  style=\"--height: 70px; --heightTablet: 70px; --heightMobile: 40px;\"><\/div>\n\n\n<h2 class=\"wp-block-heading\">La Fundaci\u00f3n: una historia de valores<\/h2>\n\n\n<div class=\"fca-spacer spacer-block_7df5ae01b270cdb022f53c54da8c8e28\"  style=\"--height: 35px; --heightTablet: 35px; --heightMobile: 35px;\"><\/div>\n\n\n<p>La Fundaci\u00f3n Carlo Acutis es un&nbsp;<strong>programa social<\/strong>&nbsp;impulsado por una&nbsp;<strong>familia de empresarios<\/strong>. Transmite el lenguaje de la empresa, comparte y amplifica sus valores.<\/p>\n\n\n\n<p><strong>Valores comunes<\/strong>&nbsp;a las personas y las empresas que juntas han dado vida a la iniciativa de proyectos sociales que la Fundaci\u00f3n tiene como objetivo desarrollar en el tiempo.<\/p>\n\n\n\n<p>La Fundaci\u00f3n Carlo Acutis surge, desde su propio nombre, de un&nbsp;<strong>abrazo ideal entre generaciones<\/strong>:&nbsp;<strong>Carlo Acutis es el empresario<\/strong>&nbsp;al que pertenece el Grupo Vittoria Assicurazioni, pero es tambi\u00e9n su nieto, el&nbsp;<strong>Beato Carlo Acutis<\/strong>.<\/p>\n\n\n\n<details class=\"wp-block-details is-layout-flow wp-block-details-is-layout-flow\"><summary>Detalles<\/summary>\n<p>Un abrazo que une tradici\u00f3n e innovaci\u00f3n. Se proyecta hacia un futuro muy arraigado en valores hist\u00f3ricos: fidelidad, concreci\u00f3n, transparencia, colaboraci\u00f3n y profesionalidad.<\/p>\n\n\n\n<p>La Fundaci\u00f3n&nbsp;<strong>pone en el centro a las Personas<\/strong>, creando proyectos sociales, culturales, art\u00edsticos y de investigaci\u00f3n m\u00e9dica y cient\u00edfica, conscientes de que hasta en los m\u00e1s peque\u00f1os hay una llama de luz que puede expandirse.<\/p>\n\n\n\n<p>Con las herramientas de la empresa, empezando por la capacidad de planificaci\u00f3n y de establecer relaciones.<\/p>\n\n\n\n<p>Y con una misi\u00f3n: ayudar a inspirar y crear&nbsp;<strong>una transformaci\u00f3n positiva del mundo<\/strong>.<\/p>\n\n\n\n<p>Iluminada por el ejemplo del Beato Carlo Acutis y su vida como un joven \u00abnormal\u00bb.&nbsp;<strong>Una sonriente y excepcional<\/strong>&nbsp;<strong>normalidad<\/strong>&nbsp;cuyo testimonio de vida ser\u00e1 el punto de referencia de los programas dedicados al&nbsp;<strong>crecimiento personal y como ciudadanos de los j\u00f3venes<\/strong>, en un contexto de armon\u00eda entre generaciones.<\/p>\n<\/details>\n\n\n<div class=\"fca-spacer spacer-block_87e86295bc4f01fd797f68f594e718a7\"  style=\"--height: 70px; --heightTablet: 70px; --heightMobile: 70px;\"><\/div>\n\n<section class=\"fca-banner banner-block_5e347ad7a0097e9f502aad7f7f86d652  alignfull\" style=\"--bg: url(https:\/\/fondazionecarloacutis.webelements.it\/wp-content\/uploads\/2024\/07\/ritaglio-1440-x-540.jpg);\">\t<div class=\"foreground\" style=\"background: rgba(0,63,110,0.8)\">\t<h3>Nuestra misi\u00f3n<\/h3>\t\t<h4>Crear e inspirar una transformaci\u00f3n positiva del mundo.<\/h4>\t<\/div><\/section>\n\n\n<div class=\"wp-block-group alignfull bg-logo-white has-background is-layout-constrained wp-block-group-is-layout-constrained\" style=\"background-color:#f8f9fa\"><div class=\"fca-spacer spacer-block_a24814d1a52626cc1d5fcc99943f2a40\"  style=\"--height: 50px; --heightTablet: 50px; --heightMobile: 50px;\"><\/div>\n\n\n<h2 class=\"wp-block-heading has-text-align-center\">Los objetivos de la Fundaci\u00f3n<\/h2>\n\n\n<div class=\"fca-spacer spacer-block_b0bf51a646780034fd038935d9bedacf\"  style=\"--height: 20px; --heightTablet: 20px; --heightMobile: 20px;\"><\/div>\n\n<section class=\"section-title-block section-title-block_f3b58171cfe3148316828a3f3954e5b1\" ><img decoding=\"async\" alt=\"iconBlock\" src=\"https:\/\/fondazionecarloacutis.webelements.it\/wp-content\/uploads\/2024\/07\/7-e1634553329565.png\"><h3 style=\"--color: #000000;\">Las Personas<\/h3><\/section>\n\n\n<p>El ejemplo del Beato Carlo Acutis, con su sonriente y excepcional normalidad, ilumina hoy las decisiones de la Fundaci\u00f3n. Inspirando programas dedicados al crecimiento personal y c\u00edvico de los j\u00f3venes, a la creaci\u00f3n de oportunidades, a la potenciaci\u00f3n del talento y a la armon\u00eda entre generaciones.<\/p>\n\n\n\n<p>La Fundaci\u00f3n tiene como objetivo ayudar a los m\u00e1s necesitados, devolver la dignidad y la esperanza a las personas que se encuentran en condiciones de vulnerabilidad, cuidar el territorio con proyectos sociales y de apoyo a la cultura. Y con una misi\u00f3n: ayudar a inspirar y crear una transformaci\u00f3n positiva del mundo. Para que todas las vidas cuenten.<\/p>\n\n\n<div class=\"fca-spacer spacer-block_b0bf51a646780034fd038935d9bedacf\"  style=\"--height: 20px; --heightTablet: 20px; --heightMobile: 20px;\"><\/div>\n\n<section class=\"section-title-block section-title-block_c0a6588b892cee3dd7dbab2f3199b178\" ><img decoding=\"async\" alt=\"iconBlock\" src=\"https:\/\/fondazionecarloacutis.webelements.it\/wp-content\/uploads\/2024\/07\/gears_blue.png\"><h3 style=\"--color: #000000;\">Planificaci\u00f3n<\/h3><\/section>\n\n\n<p>La Fundaci\u00f3n define y desarrolla proyectos con un amplio potencial de desarrollo, aprovechando el talento ya presente en su tejido empresarial y la capacidad de colaborar con terceros.<\/p>\n\n\n<div class=\"fca-spacer spacer-block_b0bf51a646780034fd038935d9bedacf\"  style=\"--height: 20px; --heightTablet: 20px; --heightMobile: 20px;\"><\/div>\n\n<section class=\"section-title-block section-title-block_17d65063b1f189e40a40d46a131af6ea\" ><img decoding=\"async\" alt=\"iconBlock\" src=\"https:\/\/fondazionecarloacutis.webelements.it\/wp-content\/uploads\/2024\/07\/8-e1634561316471.png\"><h3 style=\"--color: #000000;\">Innovaci\u00f3n<\/h3><\/section>\n\n\n<p>Los proyectos de la Fundaci\u00f3n nacen y se desarrollan a partir de las necesidades de los diferentes lugares, atentos a la evoluci\u00f3n de las necesidades reales, del contexto y de las herramientas disponibles. La innovaci\u00f3n tecnol\u00f3gica abarca innumerables aspectos de la vida de las personas y forma parte de la planificaci\u00f3n de la Fundaci\u00f3n de una forma org\u00e1nica y polifac\u00e9tica, para garantizar la creatividad, la eficacia y la valorizaci\u00f3n de nuestra labor.<\/p>\n\n\n<div class=\"fca-spacer spacer-block_a24814d1a52626cc1d5fcc99943f2a40\"  style=\"--height: 50px; --heightTablet: 50px; --heightMobile: 50px;\"><\/div><\/div>\n\n\n<div class=\"fca-spacer spacer-block_b0bf51a646780034fd038935d9bedacf\"  style=\"--height: 20px; --heightTablet: 20px; --heightMobile: 20px;\"><\/div>\n\n<section class=\"section-title-block section-title-block_d75734f0966c5dbfc4e499221589be25\" ><img decoding=\"async\" alt=\"iconBlock\" src=\"https:\/\/fondazionecarloacutis.webelements.it\/wp-content\/uploads\/2024\/07\/group_grey.png\"><h3 style=\"--color: #000000;\">Nuestros proyectos<\/h3><\/section>\n\n<section class=\"fca-project-categories project-categories-block_b06e6132b49958accad14c94ce5a0081 mobile-cards-holder\" ><div class=\"item-container\"><div class=\"item\" style=\"--color: #003f6e; --bg: url(https:\/\/fondazionecarloacutis.webelements.it\/wp-content\/uploads\/2024\/07\/Rectangle-57.png)\">\n\t\t<a href=\"https:\/\/fondazionecarloacutis.webelements.it\/es\/que-hacemos\/?tags=cat-investigacion-cientifica#projects\">  <figure><img loading=\"lazy\" decoding=\"async\" width=\"35\" height=\"43\" src=\"https:\/\/fondazionecarloacutis.webelements.it\/wp-content\/uploads\/2024\/07\/Group-286.png\" class=\"attachment-full size-full\" alt=\"\" \/><\/figure>  <h5>Investigaci\u00f3n cient\u00edfica<\/h5><\/a>\n\t<\/div><\/div><div class=\"item-container\"><div class=\"item\" style=\"--color: #a6322e; --bg: url(https:\/\/fondazionecarloacutis.webelements.it\/wp-content\/uploads\/2024\/07\/Sociale.png)\">\n\t\t<a href=\"https:\/\/fondazionecarloacutis.webelements.it\/es\/que-hacemos\/?tags=cat-sociales-y-caritativos#projects\">  <figure><img loading=\"lazy\" decoding=\"async\" width=\"40\" height=\"43\" src=\"https:\/\/fondazionecarloacutis.webelements.it\/wp-content\/uploads\/2024\/07\/Group.png\" class=\"attachment-full size-full\" alt=\"\" \/><\/figure>  <h5>Sociales y Caritativos<\/h5><\/a>\n\t<\/div><\/div><div class=\"item-container\"><div class=\"item\" style=\"--color: #d75f2b; --bg: url(https:\/\/fondazionecarloacutis.webelements.it\/wp-content\/uploads\/2024\/07\/Arte.png)\">\n\t\t<a href=\"https:\/\/fondazionecarloacutis.webelements.it\/es\/que-hacemos\/?tags=cat-arte-y-cultura#projects\">  <figure><img loading=\"lazy\" decoding=\"async\" width=\"43\" height=\"39\" src=\"https:\/\/fondazionecarloacutis.webelements.it\/wp-content\/uploads\/2024\/07\/Group-284.png\" class=\"attachment-full size-full\" alt=\"\" \/><\/figure>  <h5>Arte y Cultura<\/h5><\/a>\n\t<\/div><\/div><\/section>\n\n<div class=\"fca-spacer spacer-block_ff5094b0dc3e258ab4155fc4cb3cb56d\"  style=\"--height: 40px; --heightTablet: 40px; --heightMobile: 10px;\"><\/div>\n\n<section class=\"fca-cta cta-block_3d03a2f2312fb9b23c43a4f60b65f5c2\"  style=\"--color: #FFFFFF; --bgcolor: #D75F2C; --align: center;\"><a href=\"https:\/\/fondazionecarloacutis.webelements.it\/es\/cosa-facciamo\/\" target=\"\" title=\"M&aacute;s informaci&oacute;n \" class=\"comp-anim\">M\u00e1s informaci\u00f3n <\/a><\/section>\n\n<div class=\"fca-spacer spacer-block_ac2ec1b004b0e14c8fd9da2adf46f88e\"  style=\"--height: 40px; --heightTablet: 40px; --heightMobile: 40px;\"><\/div>\n\n\n<div class=\"wp-block-group alignfull no-pad has-background is-layout-constrained wp-block-group-is-layout-constrained\" style=\"background-color:#f8f9fa\"><div class=\"fca-spacer spacer-block_b0bf51a646780034fd038935d9bedacf\"  style=\"--height: 20px; --heightTablet: 20px; --heightMobile: 20px;\"><\/div>\n\n<section class=\"section-title-block section-title-block_a14c711983f6a5335b0ec949bd30a155\" ><img decoding=\"async\" alt=\"iconBlock\" src=\"https:\/\/fondazionecarloacutis.webelements.it\/wp-content\/uploads\/2024\/07\/Group-288.png\"><h3 style=\"--color: #000000;\">D\u00f3nde estamos presentes<\/h3><\/section>\n\n<section class=\"fca-project-map project-map-block_1a8ceea1ce14c7b3b363937819046a9e  alignfull\">\t<div class=\"info-overlay\"><article id=\"project-846\" class=\"cat-sociales-y-caritativos tipologia-progetto stato-aperto project-card\" data-name=\"Digital Lab El centro juvenil se digitaliza para ofrecer a los j\u00f3venes del nuevo milenio una comunidad, formaci\u00f3n en valores y la creaci\u00f3n de oportunidades laborales. Tur\u00edn\"><a href=\"https:\/\/fondazionecarloacutis.webelements.it\/es\/proyecto\/digital-lab\/\"><div class=\"image-wrapper\"><img loading=\"lazy\" decoding=\"async\" width=\"2560\" height=\"1920\" src=\"https:\/\/fondazionecarloacutis.webelements.it\/wp-content\/uploads\/2024\/08\/59b90e1005a220e2ebc542eb9d950b1e-IMG_20210417_160844-scaled-1.jpg\" class=\"attachment-full size-full wp-post-image\" alt=\"\" srcset=\"https:\/\/fondazionecarloacutis.webelements.it\/wp-content\/uploads\/2024\/08\/59b90e1005a220e2ebc542eb9d950b1e-IMG_20210417_160844-scaled-1.jpg 2560w, https:\/\/fondazionecarloacutis.webelements.it\/wp-content\/uploads\/2024\/08\/59b90e1005a220e2ebc542eb9d950b1e-IMG_20210417_160844-scaled-1-300x225.jpg 300w, https:\/\/fondazionecarloacutis.webelements.it\/wp-content\/uploads\/2024\/08\/59b90e1005a220e2ebc542eb9d950b1e-IMG_20210417_160844-scaled-1-1024x768.jpg 1024w, https:\/\/fondazionecarloacutis.webelements.it\/wp-content\/uploads\/2024\/08\/59b90e1005a220e2ebc542eb9d950b1e-IMG_20210417_160844-scaled-1-768x576.jpg 768w, https:\/\/fondazionecarloacutis.webelements.it\/wp-content\/uploads\/2024\/08\/59b90e1005a220e2ebc542eb9d950b1e-IMG_20210417_160844-scaled-1-1536x1152.jpg 1536w, https:\/\/fondazionecarloacutis.webelements.it\/wp-content\/uploads\/2024\/08\/59b90e1005a220e2ebc542eb9d950b1e-IMG_20210417_160844-scaled-1-2048x1536.jpg 2048w\" sizes=\"(max-width: 2560px) 100vw, 2560px\" \/><div class=\"location\">Tur\u00edn<\/div><\/div><header><h3>Digital Lab<\/h3><\/header><p>El centro juvenil se digitaliza para ofrecer a los j\u00f3venes del nuevo milenio una comunidad, formaci\u00f3n en valores y la creaci\u00f3n de oportunidades laborales.<\/p><div class=\"terms\"><img loading=\"lazy\" decoding=\"async\" width=\"40\" height=\"43\" src=\"https:\/\/fondazionecarloacutis.webelements.it\/wp-content\/uploads\/2024\/07\/Group.png\" class=\"attachment-full size-full\" alt=\"\" \/><span>Sociales y Caritativos<\/span><\/div><\/a><\/article><article id=\"project-819\" class=\"cat-investigacion-cientifica tipologia-progetto stato-aperto project-card\" data-name=\"Investigaci\u00f3n cient\u00edfica Trabajos en curso Tur\u00ecn\"><a href=\"https:\/\/fondazionecarloacutis.webelements.it\/es\/proyecto\/investigacion-cientifica\/\"><div class=\"image-wrapper\"><img loading=\"lazy\" decoding=\"async\" width=\"380\" height=\"181\" src=\"https:\/\/fondazionecarloacutis.webelements.it\/wp-content\/uploads\/2024\/08\/Rectangle-54-2.png\" class=\"attachment-full size-full wp-post-image\" alt=\"\" srcset=\"https:\/\/fondazionecarloacutis.webelements.it\/wp-content\/uploads\/2024\/08\/Rectangle-54-2.png 380w, https:\/\/fondazionecarloacutis.webelements.it\/wp-content\/uploads\/2024\/08\/Rectangle-54-2-300x143.png 300w\" sizes=\"(max-width: 380px) 100vw, 380px\" \/><div class=\"location\">Tur\u00ecn<\/div><\/div><header><h3>Investigaci\u00f3n cient\u00edfica<\/h3><\/header><p>Trabajos en curso<\/p><div class=\"terms\"><img loading=\"lazy\" decoding=\"async\" width=\"35\" height=\"43\" src=\"https:\/\/fondazionecarloacutis.webelements.it\/wp-content\/uploads\/2024\/07\/Group-286.png\" class=\"attachment-full size-full\" alt=\"\" \/><span>Investigaci\u00f3n cient\u00edfica<\/span><\/div><\/a><\/article><article id=\"project-835\" class=\"cat-arte-y-cultura cat-sociales-y-caritativos tipologia-progetto stato-aperto project-card\" data-name=\"El despu\u00e9s de mirar la S\u00e1bana Santa La Fundaci\u00f3n Carlo Acutis promueve el conocimiento de la Santa S\u00e1bana y apoya obras sociales y de caridad inspiradas en ella. Tur\u00ecn\"><a href=\"https:\/\/fondazionecarloacutis.webelements.it\/es\/proyecto\/sindone\/\"><div class=\"image-wrapper\"><img loading=\"lazy\" decoding=\"async\" width=\"2560\" height=\"1321\" src=\"https:\/\/fondazionecarloacutis.webelements.it\/wp-content\/uploads\/2024\/08\/Sindone-scaled-1.jpg\" class=\"attachment-full size-full wp-post-image\" alt=\"\" srcset=\"https:\/\/fondazionecarloacutis.webelements.it\/wp-content\/uploads\/2024\/08\/Sindone-scaled-1.jpg 2560w, https:\/\/fondazionecarloacutis.webelements.it\/wp-content\/uploads\/2024\/08\/Sindone-scaled-1-300x155.jpg 300w, https:\/\/fondazionecarloacutis.webelements.it\/wp-content\/uploads\/2024\/08\/Sindone-scaled-1-1024x528.jpg 1024w, https:\/\/fondazionecarloacutis.webelements.it\/wp-content\/uploads\/2024\/08\/Sindone-scaled-1-768x396.jpg 768w, https:\/\/fondazionecarloacutis.webelements.it\/wp-content\/uploads\/2024\/08\/Sindone-scaled-1-1536x793.jpg 1536w, https:\/\/fondazionecarloacutis.webelements.it\/wp-content\/uploads\/2024\/08\/Sindone-scaled-1-2048x1057.jpg 2048w\" sizes=\"(max-width: 2560px) 100vw, 2560px\" \/><div class=\"location\">Tur\u00ecn<\/div><\/div><header><h3>El despu\u00e9s de mirar la S\u00e1bana Santa<\/h3><\/header><p>La Fundaci\u00f3n Carlo Acutis promueve el conocimiento de la Santa S\u00e1bana y apoya obras sociales y de caridad inspiradas en ella.<\/p><div class=\"terms\"><img loading=\"lazy\" decoding=\"async\" width=\"43\" height=\"39\" src=\"https:\/\/fondazionecarloacutis.webelements.it\/wp-content\/uploads\/2024\/07\/Group-284.png\" class=\"attachment-full size-full\" alt=\"\" \/><img loading=\"lazy\" decoding=\"async\" width=\"40\" height=\"43\" src=\"https:\/\/fondazionecarloacutis.webelements.it\/wp-content\/uploads\/2024\/07\/Group.png\" class=\"attachment-full size-full\" alt=\"\" \/><span>Arte y Cultura, Sociales y Caritativos<\/span><\/div><\/a><\/article><article id=\"project-831\" class=\"cat-sociales-y-caritativos tipologia-progetto stato-aperto project-card\" data-name=\"Carlo Acutis Talents Ayudamos a j\u00f3venes entusiastas y con talento. Hemos puesto en marcha un proyecto de apoyo a estudiantes talentosos de inform\u00e1tica con dificultades econ\u00f3micas. Tur\u00edn, Mil\u00e1n\"><a href=\"https:\/\/fondazionecarloacutis.webelements.it\/es\/proyecto\/becas-carlo-acutis\/\"><div class=\"image-wrapper\"><img loading=\"lazy\" decoding=\"async\" width=\"1440\" height=\"570\" src=\"https:\/\/fondazionecarloacutis.webelements.it\/wp-content\/uploads\/2024\/08\/2-1.jpg\" class=\"attachment-full size-full wp-post-image\" alt=\"\" srcset=\"https:\/\/fondazionecarloacutis.webelements.it\/wp-content\/uploads\/2024\/08\/2-1.jpg 1440w, https:\/\/fondazionecarloacutis.webelements.it\/wp-content\/uploads\/2024\/08\/2-1-300x119.jpg 300w, https:\/\/fondazionecarloacutis.webelements.it\/wp-content\/uploads\/2024\/08\/2-1-1024x405.jpg 1024w, https:\/\/fondazionecarloacutis.webelements.it\/wp-content\/uploads\/2024\/08\/2-1-768x304.jpg 768w\" sizes=\"(max-width: 1440px) 100vw, 1440px\" \/><div class=\"location\">Tur\u00edn, Mil\u00e1n<\/div><\/div><header><h3>Carlo Acutis Talents<\/h3><\/header><p>Ayudamos a j\u00f3venes entusiastas y con talento. Hemos puesto en marcha un proyecto de apoyo a estudiantes talentosos de inform\u00e1tica con dificultades econ\u00f3micas.<\/p><div class=\"terms\"><img loading=\"lazy\" decoding=\"async\" width=\"40\" height=\"43\" src=\"https:\/\/fondazionecarloacutis.webelements.it\/wp-content\/uploads\/2024\/07\/Group.png\" class=\"attachment-full size-full\" alt=\"\" \/><span>Sociales y Caritativos<\/span><\/div><\/a><\/article><article id=\"project-827\" class=\"cat-sociales-y-caritativos tipologia-progetto stato-aperto project-card\" data-name=\"Capilla del Orfanato Oasi della Piet\u00e0 El Orfanato \u00abOasi della Piet\u00e0\u00bb servir\u00e1 para ofrecer a los ni\u00f1os y j\u00f3venes, privados de asistencia familiar, un hogar donde recibir\u00e1n cuidados, protecci\u00f3n y acompa\u00f1amiento para un crecimiento sano y su desarrollo... El Cairo\"><a href=\"https:\/\/fondazionecarloacutis.webelements.it\/es\/proyecto\/capilla-del-orfanato-oasi-della-pieta\/\"><div class=\"image-wrapper\"><img loading=\"lazy\" decoding=\"async\" width=\"1440\" height=\"570\" src=\"https:\/\/fondazionecarloacutis.webelements.it\/wp-content\/uploads\/2024\/08\/9.jpg\" class=\"attachment-full size-full wp-post-image\" alt=\"\" srcset=\"https:\/\/fondazionecarloacutis.webelements.it\/wp-content\/uploads\/2024\/08\/9.jpg 1440w, https:\/\/fondazionecarloacutis.webelements.it\/wp-content\/uploads\/2024\/08\/9-300x119.jpg 300w, https:\/\/fondazionecarloacutis.webelements.it\/wp-content\/uploads\/2024\/08\/9-1024x405.jpg 1024w, https:\/\/fondazionecarloacutis.webelements.it\/wp-content\/uploads\/2024\/08\/9-768x304.jpg 768w\" sizes=\"(max-width: 1440px) 100vw, 1440px\" \/><div class=\"location\">El Cairo<\/div><\/div><header><h3>Capilla del Orfanato Oasi della Piet\u00e0<\/h3><\/header><p>El Orfanato \u00abOasi della Piet\u00e0\u00bb servir\u00e1 para ofrecer a los ni\u00f1os y j\u00f3venes, privados de asistencia familiar, un hogar donde recibir\u00e1n cuidados, protecci\u00f3n y acompa\u00f1amiento para un crecimiento sano y su desarrollo&#8230;<\/p><div class=\"terms\"><img loading=\"lazy\" decoding=\"async\" width=\"40\" height=\"43\" src=\"https:\/\/fondazionecarloacutis.webelements.it\/wp-content\/uploads\/2024\/07\/Group.png\" class=\"attachment-full size-full\" alt=\"\" \/><span>Sociales y Caritativos<\/span><\/div><\/a><\/article><article id=\"project-823\" class=\"cat-sociales-y-caritativos tipologia-progetto stato-aperto project-card\" data-name=\"Formaci\u00f3n y trabajo Un hist\u00f3rico programa de escuela taller creado para ayudar a j\u00f3venes desfavorecidos a conseguir el graduado escolar. Mil\u00e1n\"><a href=\"https:\/\/fondazionecarloacutis.webelements.it\/es\/proyecto\/formacion-y-trabajo\/\"><div class=\"image-wrapper\"><img loading=\"lazy\" decoding=\"async\" width=\"2257\" height=\"1191\" src=\"https:\/\/fondazionecarloacutis.webelements.it\/wp-content\/uploads\/2024\/08\/MILANO_064_mod_scuola_bottega_crop_web.jpg\" class=\"attachment-full size-full wp-post-image\" alt=\"\" srcset=\"https:\/\/fondazionecarloacutis.webelements.it\/wp-content\/uploads\/2024\/08\/MILANO_064_mod_scuola_bottega_crop_web.jpg 2257w, https:\/\/fondazionecarloacutis.webelements.it\/wp-content\/uploads\/2024\/08\/MILANO_064_mod_scuola_bottega_crop_web-300x158.jpg 300w, https:\/\/fondazionecarloacutis.webelements.it\/wp-content\/uploads\/2024\/08\/MILANO_064_mod_scuola_bottega_crop_web-1024x540.jpg 1024w, https:\/\/fondazionecarloacutis.webelements.it\/wp-content\/uploads\/2024\/08\/MILANO_064_mod_scuola_bottega_crop_web-768x405.jpg 768w, https:\/\/fondazionecarloacutis.webelements.it\/wp-content\/uploads\/2024\/08\/MILANO_064_mod_scuola_bottega_crop_web-1536x811.jpg 1536w, https:\/\/fondazionecarloacutis.webelements.it\/wp-content\/uploads\/2024\/08\/MILANO_064_mod_scuola_bottega_crop_web-2048x1081.jpg 2048w\" sizes=\"(max-width: 2257px) 100vw, 2257px\" \/><div class=\"location\">Mil\u00e1n<\/div><\/div><header><h3>Formaci\u00f3n y trabajo<\/h3><\/header><p>Un hist\u00f3rico programa de escuela taller creado para ayudar a j\u00f3venes desfavorecidos a conseguir el graduado escolar.<\/p><div class=\"terms\"><img loading=\"lazy\" decoding=\"async\" width=\"40\" height=\"43\" src=\"https:\/\/fondazionecarloacutis.webelements.it\/wp-content\/uploads\/2024\/07\/Group.png\" class=\"attachment-full size-full\" alt=\"\" \/><span>Sociales y Caritativos<\/span><\/div><\/a><\/article><article id=\"project-815\" class=\"cat-sociales-y-caritativos tipologia-progetto stato-aperto project-card\" data-name=\"Casa Familia Carlo Acutis La Casa Familia acoge ni\u00f1as y adolescentes hu\u00e9rfanas o en situaci\u00f3n familiar de vulnerabilidad, y act\u00faa tambi\u00e9n como centro de animaci\u00f3n y espacio de encuentro para los ni\u00f1os de la zona. Tanzania - Kitiwiru\"><a href=\"https:\/\/fondazionecarloacutis.webelements.it\/es\/proyecto\/casa-familia-carlo-acutis\/\"><div class=\"image-wrapper\"><img loading=\"lazy\" decoding=\"async\" width=\"1440\" height=\"570\" src=\"https:\/\/fondazionecarloacutis.webelements.it\/wp-content\/uploads\/2024\/08\/10-1.jpg\" class=\"attachment-full size-full wp-post-image\" alt=\"\" srcset=\"https:\/\/fondazionecarloacutis.webelements.it\/wp-content\/uploads\/2024\/08\/10-1.jpg 1440w, https:\/\/fondazionecarloacutis.webelements.it\/wp-content\/uploads\/2024\/08\/10-1-300x119.jpg 300w, https:\/\/fondazionecarloacutis.webelements.it\/wp-content\/uploads\/2024\/08\/10-1-1024x405.jpg 1024w, https:\/\/fondazionecarloacutis.webelements.it\/wp-content\/uploads\/2024\/08\/10-1-768x304.jpg 768w\" sizes=\"(max-width: 1440px) 100vw, 1440px\" \/><div class=\"location\">Tanzania &#8211; Kitiwiru<\/div><\/div><header><h3>Casa Familia Carlo Acutis<\/h3><\/header><p>La Casa Familia acoge ni\u00f1as y adolescentes hu\u00e9rfanas o en situaci\u00f3n familiar de vulnerabilidad, y act\u00faa tambi\u00e9n como centro de animaci\u00f3n y espacio de encuentro para los ni\u00f1os de la zona.<\/p><div class=\"terms\"><img loading=\"lazy\" decoding=\"async\" width=\"40\" height=\"43\" src=\"https:\/\/fondazionecarloacutis.webelements.it\/wp-content\/uploads\/2024\/07\/Group.png\" class=\"attachment-full size-full\" alt=\"\" \/><span>Sociales y Caritativos<\/span><\/div><\/a><\/article><article id=\"project-811\" class=\"cat-arte-y-cultura tipologia-progetto stato-aperto project-card\" data-name=\"Santuario del Despojo El proyecto de restauraci\u00f3n pretende sacar a la luz los elementos romanos que a\u00fan se encuentran presentes y los lugares donde f\u00edsicamente tuvo lugar el Despojo de San Francisco, y crear un recorrido muse\u00edstico. As\u00eds\"><a href=\"https:\/\/fondazionecarloacutis.webelements.it\/es\/proyecto\/santuario-del-despojo\/\"><div class=\"image-wrapper\"><img loading=\"lazy\" decoding=\"async\" width=\"1440\" height=\"570\" src=\"https:\/\/fondazionecarloacutis.webelements.it\/wp-content\/uploads\/2024\/08\/8.jpg\" class=\"attachment-full size-full wp-post-image\" alt=\"\" srcset=\"https:\/\/fondazionecarloacutis.webelements.it\/wp-content\/uploads\/2024\/08\/8.jpg 1440w, https:\/\/fondazionecarloacutis.webelements.it\/wp-content\/uploads\/2024\/08\/8-300x119.jpg 300w, https:\/\/fondazionecarloacutis.webelements.it\/wp-content\/uploads\/2024\/08\/8-1024x405.jpg 1024w, https:\/\/fondazionecarloacutis.webelements.it\/wp-content\/uploads\/2024\/08\/8-768x304.jpg 768w\" sizes=\"(max-width: 1440px) 100vw, 1440px\" \/><div class=\"location\">As\u00eds<\/div><\/div><header><h3>Santuario del Despojo<\/h3><\/header><p>El proyecto de restauraci\u00f3n pretende sacar a la luz los elementos romanos que a\u00fan se encuentran presentes y los lugares donde f\u00edsicamente tuvo lugar el Despojo de San Francisco, y crear un recorrido muse\u00edstico.<\/p><div class=\"terms\"><img loading=\"lazy\" decoding=\"async\" width=\"43\" height=\"39\" src=\"https:\/\/fondazionecarloacutis.webelements.it\/wp-content\/uploads\/2024\/07\/Group-284.png\" class=\"attachment-full size-full\" alt=\"\" \/><span>Arte y Cultura<\/span><\/div><\/a><\/article><article id=\"project-807\" class=\"cat-sociales-y-caritativos tipologia-progetto stato-aperto project-card\" data-name=\"Para los ni\u00f1os de Ruanda Una iniciativa que permitir\u00e1 que los ni\u00f1os no interrumpan sus estudios. Ruanda\"><a href=\"https:\/\/fondazionecarloacutis.webelements.it\/es\/proyecto\/para-los-ninos-de-ruanda\/\"><div class=\"image-wrapper\"><img loading=\"lazy\" decoding=\"async\" width=\"1440\" height=\"570\" src=\"https:\/\/fondazionecarloacutis.webelements.it\/wp-content\/uploads\/2024\/08\/11.jpg\" class=\"attachment-full size-full wp-post-image\" alt=\"\" srcset=\"https:\/\/fondazionecarloacutis.webelements.it\/wp-content\/uploads\/2024\/08\/11.jpg 1440w, https:\/\/fondazionecarloacutis.webelements.it\/wp-content\/uploads\/2024\/08\/11-300x119.jpg 300w, https:\/\/fondazionecarloacutis.webelements.it\/wp-content\/uploads\/2024\/08\/11-1024x405.jpg 1024w, https:\/\/fondazionecarloacutis.webelements.it\/wp-content\/uploads\/2024\/08\/11-768x304.jpg 768w\" sizes=\"(max-width: 1440px) 100vw, 1440px\" \/><div class=\"location\">Ruanda<\/div><\/div><header><h3>Para los ni\u00f1os de Ruanda<\/h3><\/header><p>Una iniciativa que permitir\u00e1 que los ni\u00f1os no interrumpan sus estudios.<\/p><div class=\"terms\"><img loading=\"lazy\" decoding=\"async\" width=\"40\" height=\"43\" src=\"https:\/\/fondazionecarloacutis.webelements.it\/wp-content\/uploads\/2024\/07\/Group.png\" class=\"attachment-full size-full\" alt=\"\" \/><span>Sociales y Caritativos<\/span><\/div><\/a><\/article><article id=\"project-803\" class=\"cat-sociales-y-caritativos tipologia-progetto stato-aperto project-card\" data-name=\"Comedor y Albergue Carlo Acutis Estamos renovando el comedor diocesano y hemos puesto en marcha un servicio de acogida para familias en dificultad econ\u00f3mica. As\u00eds\"><a href=\"https:\/\/fondazionecarloacutis.webelements.it\/es\/proyecto\/comedor-y-albergue-carlo-acutis\/\"><div class=\"image-wrapper\"><img loading=\"lazy\" decoding=\"async\" width=\"1440\" height=\"570\" src=\"https:\/\/fondazionecarloacutis.webelements.it\/wp-content\/uploads\/2024\/08\/1-1.jpg\" class=\"attachment-full size-full wp-post-image\" alt=\"\" srcset=\"https:\/\/fondazionecarloacutis.webelements.it\/wp-content\/uploads\/2024\/08\/1-1.jpg 1440w, https:\/\/fondazionecarloacutis.webelements.it\/wp-content\/uploads\/2024\/08\/1-1-300x119.jpg 300w, https:\/\/fondazionecarloacutis.webelements.it\/wp-content\/uploads\/2024\/08\/1-1-1024x405.jpg 1024w, https:\/\/fondazionecarloacutis.webelements.it\/wp-content\/uploads\/2024\/08\/1-1-768x304.jpg 768w\" sizes=\"(max-width: 1440px) 100vw, 1440px\" \/><div class=\"location\">As\u00eds<\/div><\/div><header><h3>Comedor y Albergue Carlo Acutis<\/h3><\/header><p>Estamos renovando el comedor diocesano y hemos puesto en marcha un servicio de acogida para familias en dificultad econ\u00f3mica.<\/p><div class=\"terms\"><img loading=\"lazy\" decoding=\"async\" width=\"40\" height=\"43\" src=\"https:\/\/fondazionecarloacutis.webelements.it\/wp-content\/uploads\/2024\/07\/Group.png\" class=\"attachment-full size-full\" alt=\"\" \/><span>Sociales y Caritativos<\/span><\/div><\/a><\/article><article id=\"project-799\" class=\"cat-arte-y-cultura tipologia-progetto stato-aperto project-card\" data-name=\"Colecciones I Talenti y Sources Chr\u00e9tiennes Apoyo a la publicaci\u00f3n para permitir la compra a precios bajos de los libros de las colecciones I Talenti y Sources Chr\u00e9tiennes a personas desfavorecidas. Bologna\"><a href=\"https:\/\/fondazionecarloacutis.webelements.it\/es\/proyecto\/colecciones-i-talenti-y-sources-chretiennes\/\"><div class=\"image-wrapper\"><img loading=\"lazy\" decoding=\"async\" width=\"1440\" height=\"570\" src=\"https:\/\/fondazionecarloacutis.webelements.it\/wp-content\/uploads\/2024\/08\/6-1.jpg\" class=\"attachment-full size-full wp-post-image\" alt=\"\" srcset=\"https:\/\/fondazionecarloacutis.webelements.it\/wp-content\/uploads\/2024\/08\/6-1.jpg 1440w, https:\/\/fondazionecarloacutis.webelements.it\/wp-content\/uploads\/2024\/08\/6-1-300x119.jpg 300w, https:\/\/fondazionecarloacutis.webelements.it\/wp-content\/uploads\/2024\/08\/6-1-1024x405.jpg 1024w, https:\/\/fondazionecarloacutis.webelements.it\/wp-content\/uploads\/2024\/08\/6-1-768x304.jpg 768w\" sizes=\"(max-width: 1440px) 100vw, 1440px\" \/><div class=\"location\">Bologna<\/div><\/div><header><h3>Colecciones I Talenti y Sources Chr\u00e9tiennes<\/h3><\/header><p>Apoyo a la publicaci\u00f3n para permitir la compra a precios bajos de los libros de las colecciones I Talenti y Sources Chr\u00e9tiennes a personas desfavorecidas.<\/p><div class=\"terms\"><img loading=\"lazy\" decoding=\"async\" width=\"43\" height=\"39\" src=\"https:\/\/fondazionecarloacutis.webelements.it\/wp-content\/uploads\/2024\/07\/Group-284.png\" class=\"attachment-full size-full\" alt=\"\" \/><span>Arte y Cultura<\/span><\/div><\/a><\/article><article id=\"project-780\" class=\"cat-sociales-y-caritativos tipologia-progetto stato-aperto project-card\" data-name=\"Bolsa de trabajo Contribuir a la mejora de las condiciones y las perspectivas de vida de las personas con dificultad para la reinserci\u00f3n laboral. Turin\"><a href=\"https:\/\/fondazionecarloacutis.webelements.it\/es\/proyecto\/bolsa-de-trabajo\/\"><div class=\"image-wrapper\"><img loading=\"lazy\" decoding=\"async\" width=\"1440\" height=\"570\" src=\"https:\/\/fondazionecarloacutis.webelements.it\/wp-content\/uploads\/2024\/08\/5-1.jpg\" class=\"attachment-full size-full wp-post-image\" alt=\"\" srcset=\"https:\/\/fondazionecarloacutis.webelements.it\/wp-content\/uploads\/2024\/08\/5-1.jpg 1440w, https:\/\/fondazionecarloacutis.webelements.it\/wp-content\/uploads\/2024\/08\/5-1-300x119.jpg 300w, https:\/\/fondazionecarloacutis.webelements.it\/wp-content\/uploads\/2024\/08\/5-1-1024x405.jpg 1024w, https:\/\/fondazionecarloacutis.webelements.it\/wp-content\/uploads\/2024\/08\/5-1-768x304.jpg 768w\" sizes=\"(max-width: 1440px) 100vw, 1440px\" \/><div class=\"location\">Turin<\/div><\/div><header><h3>Bolsa de trabajo<\/h3><\/header><p>Contribuir a la mejora de las condiciones y las perspectivas de vida de las personas con dificultad para la reinserci\u00f3n laboral.<\/p><div class=\"terms\"><img loading=\"lazy\" decoding=\"async\" width=\"40\" height=\"43\" src=\"https:\/\/fondazionecarloacutis.webelements.it\/wp-content\/uploads\/2024\/07\/Group.png\" class=\"attachment-full size-full\" alt=\"\" \/><span>Sociales y Caritativos<\/span><\/div><\/a><\/article><article id=\"project-998\" class=\"cat-exposicion tipologia-progetto stato-aperto project-card\" data-name=\"IN CAMMINO. La Porta di Torino: Itinerari Sindonici sulla Via Francigena IN CAMMINO. La porta di Torino: itinerari Sindonici sulla Via Francigena El turismo religioso, inclusivo y sostenible es el n\u00facleo del proyecto \u201cVia Francigena for All\u201d con la exposici\u00f3n \u201cEn camino. La puerta de Tur\u00edn: itinerarios sind\u00f3nicos en la V\u00eda Franc\u00edgena\u201d, presentada en el Palacio Madama \u2013 Museo C\u00edvico de Arte Antigua de Tur\u00edn desde [&amp;hellip;] Bruxelles\"><a href=\"https:\/\/fondazionecarloacutis.webelements.it\/es\/proyecto\/in-cammino-itinerari-sindonici-sulla-via-francigena-2\/\"><div class=\"image-wrapper\"><img loading=\"lazy\" decoding=\"async\" width=\"2560\" height=\"1029\" src=\"https:\/\/fondazionecarloacutis.webelements.it\/wp-content\/uploads\/2024\/08\/Bannerweb_Cammino_web-3-1-scaled-1.jpg\" class=\"attachment-full size-full wp-post-image\" alt=\"\" srcset=\"https:\/\/fondazionecarloacutis.webelements.it\/wp-content\/uploads\/2024\/08\/Bannerweb_Cammino_web-3-1-scaled-1.jpg 2560w, https:\/\/fondazionecarloacutis.webelements.it\/wp-content\/uploads\/2024\/08\/Bannerweb_Cammino_web-3-1-scaled-1-300x121.jpg 300w, https:\/\/fondazionecarloacutis.webelements.it\/wp-content\/uploads\/2024\/08\/Bannerweb_Cammino_web-3-1-scaled-1-1024x412.jpg 1024w, https:\/\/fondazionecarloacutis.webelements.it\/wp-content\/uploads\/2024\/08\/Bannerweb_Cammino_web-3-1-scaled-1-768x309.jpg 768w, https:\/\/fondazionecarloacutis.webelements.it\/wp-content\/uploads\/2024\/08\/Bannerweb_Cammino_web-3-1-scaled-1-1536x617.jpg 1536w, https:\/\/fondazionecarloacutis.webelements.it\/wp-content\/uploads\/2024\/08\/Bannerweb_Cammino_web-3-1-scaled-1-2048x823.jpg 2048w\" sizes=\"(max-width: 2560px) 100vw, 2560px\" \/><div class=\"location\">Bruxelles<\/div><\/div><header><h3>IN CAMMINO. La Porta di Torino: Itinerari Sindonici sulla Via Francigena<\/h3><\/header><p>IN CAMMINO. La porta di Torino: itinerari Sindonici sulla Via Francigena El turismo religioso, inclusivo y sostenible es el n\u00facleo del proyecto \u201cVia Francigena for All\u201d con la exposici\u00f3n \u201cEn camino. La puerta de Tur\u00edn: itinerarios sind\u00f3nicos en la V\u00eda Franc\u00edgena\u201d, presentada en el Palacio Madama \u2013 Museo C\u00edvico de Arte Antigua de Tur\u00edn desde [&hellip;]<\/p><div class=\"terms\"><img loading=\"lazy\" decoding=\"async\" width=\"80\" height=\"81\" src=\"https:\/\/fondazionecarloacutis.webelements.it\/wp-content\/uploads\/2024\/08\/event-exhibition.png\" class=\"attachment-full size-full\" alt=\"\" \/><span>Exposici\u00f3n<\/span><\/div><\/a><\/article><article id=\"project-994\" class=\"cat-exposicion tipologia-evento stato-chiuso project-card\" data-name=\"En el Signo de Jes\u00fas &amp;#8211; rostros en el Rostro En el Signo de Jes\u00fas &amp;#8211; rostros en el Rostro En la exposici\u00f3n se presentan obras realizadas en 2022 por algunos de los mejores estudiantes de la&amp;nbsp;Accademia Albertina di Torino, junto a una obra del artista&amp;nbsp;Ezio Gribaudo&amp;nbsp;y tres objetos de profunda relevancia hist\u00f3rica: una impresi\u00f3n firmada de la primera&amp;nbsp;fotograf\u00eda de la S\u00e1bana Santa realizada por [&amp;hellip;] Asti\"><a href=\"https:\/\/fondazionecarloacutis.webelements.it\/es\/proyecto\/nel-segno-di-gesu-volti-nel-volto\/\"><div class=\"image-wrapper\"><img loading=\"lazy\" decoding=\"async\" width=\"1010\" height=\"452\" src=\"https:\/\/fondazionecarloacutis.webelements.it\/wp-content\/uploads\/2024\/08\/Secondo-Pia.png\" class=\"attachment-full size-full wp-post-image\" alt=\"\" srcset=\"https:\/\/fondazionecarloacutis.webelements.it\/wp-content\/uploads\/2024\/08\/Secondo-Pia.png 1010w, https:\/\/fondazionecarloacutis.webelements.it\/wp-content\/uploads\/2024\/08\/Secondo-Pia-300x134.png 300w, https:\/\/fondazionecarloacutis.webelements.it\/wp-content\/uploads\/2024\/08\/Secondo-Pia-768x344.png 768w\" sizes=\"(max-width: 1010px) 100vw, 1010px\" \/><div class=\"location\">Asti<\/div><\/div><header><h3>En el Signo de Jes\u00fas &#8211; rostros en el Rostro<\/h3><\/header><p>En el Signo de Jes\u00fas &#8211; rostros en el Rostro En la exposici\u00f3n se presentan obras realizadas en 2022 por algunos de los mejores estudiantes de la&nbsp;Accademia Albertina di Torino, junto a una obra del artista&nbsp;Ezio Gribaudo&nbsp;y tres objetos de profunda relevancia hist\u00f3rica: una impresi\u00f3n firmada de la primera&nbsp;fotograf\u00eda de la S\u00e1bana Santa realizada por [&hellip;]<\/p><div class=\"terms\"><img loading=\"lazy\" decoding=\"async\" width=\"80\" height=\"81\" src=\"https:\/\/fondazionecarloacutis.webelements.it\/wp-content\/uploads\/2024\/08\/event-exhibition.png\" class=\"attachment-full size-full\" alt=\"\" \/><span>Exposici\u00f3n<\/span><\/div><\/a><\/article><article id=\"project-989\" class=\"cat-exposicion tipologia-evento stato-chiuso project-card\" data-name=\"IN CAMMINO: Itinerari sindonici sulla Via Francigena IN CAMMINO. La porta di Torino: itinerari sindonici sulla Via Francigena Palazzo Madama \u2013 Museo C\u00edvico de Arte Antiguo y la Fundaci\u00f3n Carlo Acutis, en colaboraci\u00f3n con la Regione Piemonte, presentan, desde el 13 de julio al 10 de octubre de 2023, en el \u00e1mbito del proyecto \u201cVia Francigena for All\u201d, la exposici\u00f3n IN CAMMINO. [&amp;hellip;] Tur\u00edn\"><a href=\"https:\/\/fondazionecarloacutis.webelements.it\/es\/proyecto\/in-cammino-itinerari-sindonici-sulla-via-francigena\/\"><div class=\"image-wrapper\"><img loading=\"lazy\" decoding=\"async\" width=\"2560\" height=\"1029\" src=\"https:\/\/fondazionecarloacutis.webelements.it\/wp-content\/uploads\/2024\/08\/Bannerweb_Cammino_web-3-1-scaled-1.jpg\" class=\"attachment-full size-full wp-post-image\" alt=\"\" srcset=\"https:\/\/fondazionecarloacutis.webelements.it\/wp-content\/uploads\/2024\/08\/Bannerweb_Cammino_web-3-1-scaled-1.jpg 2560w, https:\/\/fondazionecarloacutis.webelements.it\/wp-content\/uploads\/2024\/08\/Bannerweb_Cammino_web-3-1-scaled-1-300x121.jpg 300w, https:\/\/fondazionecarloacutis.webelements.it\/wp-content\/uploads\/2024\/08\/Bannerweb_Cammino_web-3-1-scaled-1-1024x412.jpg 1024w, https:\/\/fondazionecarloacutis.webelements.it\/wp-content\/uploads\/2024\/08\/Bannerweb_Cammino_web-3-1-scaled-1-768x309.jpg 768w, https:\/\/fondazionecarloacutis.webelements.it\/wp-content\/uploads\/2024\/08\/Bannerweb_Cammino_web-3-1-scaled-1-1536x617.jpg 1536w, https:\/\/fondazionecarloacutis.webelements.it\/wp-content\/uploads\/2024\/08\/Bannerweb_Cammino_web-3-1-scaled-1-2048x823.jpg 2048w\" sizes=\"(max-width: 2560px) 100vw, 2560px\" \/><div class=\"location\">Tur\u00edn<\/div><\/div><header><h3>IN CAMMINO: Itinerari sindonici sulla Via Francigena<\/h3><\/header><p>IN CAMMINO. La porta di Torino: itinerari sindonici sulla Via Francigena Palazzo Madama \u2013 Museo C\u00edvico de Arte Antiguo y la Fundaci\u00f3n Carlo Acutis, en colaboraci\u00f3n con la Regione Piemonte, presentan, desde el 13 de julio al 10 de octubre de 2023, en el \u00e1mbito del proyecto \u201cVia Francigena for All\u201d, la exposici\u00f3n IN CAMMINO. [&hellip;]<\/p><div class=\"terms\"><img loading=\"lazy\" decoding=\"async\" width=\"80\" height=\"81\" src=\"https:\/\/fondazionecarloacutis.webelements.it\/wp-content\/uploads\/2024\/08\/event-exhibition.png\" class=\"attachment-full size-full\" alt=\"\" \/><span>Exposici\u00f3n<\/span><\/div><\/a><\/article><article id=\"project-1006\" class=\"cat-exposicion tipologia-evento stato-aperto project-card\" data-name=\"volti nel volto volti nel Volto: arte, historia y espiritualidad Pinturas renacentistas y&amp;nbsp;caravaggescas, dibujos preciosos que normalmente no se exponen al p\u00fablico y fascinantes instalaciones multimedia: estos son los ingredientes de&amp;nbsp;volti nel Volto, la exposici\u00f3n promovida por la&amp;nbsp;Fundaci\u00f3n Carlo Acutis&amp;nbsp;en colaboraci\u00f3n con la&amp;nbsp;Academia Albertina de Bellas Artes&amp;nbsp;y con el apoyo de la&amp;nbsp;Consulta para los Bienes Art\u00edsticos y Culturales. [&amp;hellip;] Tur\u00edn\"><a href=\"https:\/\/fondazionecarloacutis.webelements.it\/es\/proyecto\/volti-nel-volto\/\"><div class=\"image-wrapper\"><img loading=\"lazy\" decoding=\"async\" width=\"1440\" height=\"579\" src=\"https:\/\/fondazionecarloacutis.webelements.it\/wp-content\/uploads\/2022\/06\/volti-nel-volto-hero.png\" class=\"attachment-full size-full wp-post-image\" alt=\"\" srcset=\"https:\/\/fondazionecarloacutis.webelements.it\/wp-content\/uploads\/2022\/06\/volti-nel-volto-hero.png 1440w, https:\/\/fondazionecarloacutis.webelements.it\/wp-content\/uploads\/2022\/06\/volti-nel-volto-hero-300x121.png 300w, https:\/\/fondazionecarloacutis.webelements.it\/wp-content\/uploads\/2022\/06\/volti-nel-volto-hero-1024x412.png 1024w, https:\/\/fondazionecarloacutis.webelements.it\/wp-content\/uploads\/2022\/06\/volti-nel-volto-hero-768x309.png 768w\" sizes=\"(max-width: 1440px) 100vw, 1440px\" \/><div class=\"location\">Tur\u00edn<\/div><\/div><header><h3>volti nel volto<\/h3><\/header><p>volti nel Volto: arte, historia y espiritualidad Pinturas renacentistas y&nbsp;caravaggescas, dibujos preciosos que normalmente no se exponen al p\u00fablico y fascinantes instalaciones multimedia: estos son los ingredientes de&nbsp;volti nel Volto, la exposici\u00f3n promovida por la&nbsp;Fundaci\u00f3n Carlo Acutis&nbsp;en colaboraci\u00f3n con la&nbsp;Academia Albertina de Bellas Artes&nbsp;y con el apoyo de la&nbsp;Consulta para los Bienes Art\u00edsticos y Culturales. [&hellip;]<\/p><div class=\"terms\"><img loading=\"lazy\" decoding=\"async\" width=\"80\" height=\"81\" src=\"https:\/\/fondazionecarloacutis.webelements.it\/wp-content\/uploads\/2024\/08\/event-exhibition.png\" class=\"attachment-full size-full\" alt=\"\" \/><span>Exposici\u00f3n<\/span><\/div><\/a><\/article><\/div>\t<div id=\"mapbox-block_1a8ceea1ce14c7b3b363937819046a9e\" class=\"mapbox-container\"><\/div><script>\n\tjQuery(document).ready(function ($) {\n\n\t\t\/\/ Add your Mapbox access token.\n\t\tmapboxgl.accessToken = 'pk.eyJ1IjoiZm9uZC0yMDI0IiwiYSI6ImNtMG02OHF6NzBiOWgya3MzeXprNms5MncifQ.w7HziNB3QoNIeqS4XkFsJw';\n\n\t\t\/\/ Code from the next step will go here.\n\t\tconst map_block_1a8ceea1ce14c7b3b363937819046a9e = new mapboxgl.Map({\n\t\t\tcontainer : 'mapbox-block_1a8ceea1ce14c7b3b363937819046a9e', \/\/ HTML container ID\n\t\t\tstyle     : 'mapbox:\/\/styles\/fond-2024\/cm0pb055y00im01qu81jq8aji', \/\/ style URL\n\t\t\tcenter    : [22.058, 33.808], \/\/ starting position [lng, lat]\n\t\t\tzoom      : 1.5 \/\/ starting zoom\n\t\t});\n\t\tmap_block_1a8ceea1ce14c7b3b363937819046a9e.on('load', () => {\n\t\t\t\/\/ Add a GeoJSON source with points.\n\t\t\tmap_block_1a8ceea1ce14c7b3b363937819046a9e.addSource('points', {\n\t\t\t\t'type' : 'geojson',\n\t\t\t\t'data' : {\n\t\t\t\t\t'type'     : 'FeatureCollection',\n\t\t\t\t\t'features' : [\n\t\t\t\t\t\t{\n\t\t\t\t\t\t\t'type'       : 'Feature',\n\t\t\t\t\t\t\t'properties' : {'id' : 'project-846'},\n\t\t\t\t\t\t\t'geometry'   : {\n\t\t\t\t\t\t\t\t'type'       : 'Point',\n\t\t\t\t\t\t\t\t'coordinates': [7.680006, 44.99933]\n\t\t\t\t\t\t\t}\n\t\t\t\t\t\t},{\n\t\t\t\t\t\t\t'type'       : 'Feature',\n\t\t\t\t\t\t\t'properties' : {'id' : 'project-819'},\n\t\t\t\t\t\t\t'geometry'   : {\n\t\t\t\t\t\t\t\t'type'       : 'Point',\n\t\t\t\t\t\t\t\t'coordinates': [7.6773319, 45.0673086]\n\t\t\t\t\t\t\t}\n\t\t\t\t\t\t},{\n\t\t\t\t\t\t\t'type'       : 'Feature',\n\t\t\t\t\t\t\t'properties' : {'id' : 'project-835'},\n\t\t\t\t\t\t\t'geometry'   : {\n\t\t\t\t\t\t\t\t'type'       : 'Point',\n\t\t\t\t\t\t\t\t'coordinates': [7.683066, 45.068375]\n\t\t\t\t\t\t\t}\n\t\t\t\t\t\t},{\n\t\t\t\t\t\t\t'type'       : 'Feature',\n\t\t\t\t\t\t\t'properties' : {'id' : 'project-831'},\n\t\t\t\t\t\t\t'geometry'   : {\n\t\t\t\t\t\t\t\t'type'       : 'Point',\n\t\t\t\t\t\t\t\t'coordinates': [9.18109, 45.46888]\n\t\t\t\t\t\t\t}\n\t\t\t\t\t\t},{\n\t\t\t\t\t\t\t'type'       : 'Feature',\n\t\t\t\t\t\t\t'properties' : {'id' : 'project-831'},\n\t\t\t\t\t\t\t'geometry'   : {\n\t\t\t\t\t\t\t\t'type'       : 'Point',\n\t\t\t\t\t\t\t\t'coordinates': [9.2249574585316, 45.436313398843]\n\t\t\t\t\t\t\t}\n\t\t\t\t\t\t},{\n\t\t\t\t\t\t\t'type'       : 'Feature',\n\t\t\t\t\t\t\t'properties' : {'id' : 'project-827'},\n\t\t\t\t\t\t\t'geometry'   : {\n\t\t\t\t\t\t\t\t'type'       : 'Point',\n\t\t\t\t\t\t\t\t'coordinates': [31.235292, 30.043488]\n\t\t\t\t\t\t\t}\n\t\t\t\t\t\t},{\n\t\t\t\t\t\t\t'type'       : 'Feature',\n\t\t\t\t\t\t\t'properties' : {'id' : 'project-823'},\n\t\t\t\t\t\t\t'geometry'   : {\n\t\t\t\t\t\t\t\t'type'       : 'Point',\n\t\t\t\t\t\t\t\t'coordinates': [9.2249574585316, 45.436313398843]\n\t\t\t\t\t\t\t}\n\t\t\t\t\t\t},{\n\t\t\t\t\t\t\t'type'       : 'Feature',\n\t\t\t\t\t\t\t'properties' : {'id' : 'project-815'},\n\t\t\t\t\t\t\t'geometry'   : {\n\t\t\t\t\t\t\t\t'type'       : 'Point',\n\t\t\t\t\t\t\t\t'coordinates': [35.7878438, -6.5247123]\n\t\t\t\t\t\t\t}\n\t\t\t\t\t\t},{\n\t\t\t\t\t\t\t'type'       : 'Feature',\n\t\t\t\t\t\t\t'properties' : {'id' : 'project-811'},\n\t\t\t\t\t\t\t'geometry'   : {\n\t\t\t\t\t\t\t\t'type'       : 'Point',\n\t\t\t\t\t\t\t\t'coordinates': [12.652036, 43.063065]\n\t\t\t\t\t\t\t}\n\t\t\t\t\t\t},{\n\t\t\t\t\t\t\t'type'       : 'Feature',\n\t\t\t\t\t\t\t'properties' : {'id' : 'project-807'},\n\t\t\t\t\t\t\t'geometry'   : {\n\t\t\t\t\t\t\t\t'type'       : 'Point',\n\t\t\t\t\t\t\t\t'coordinates': [29.904135, -2.020368]\n\t\t\t\t\t\t\t}\n\t\t\t\t\t\t},{\n\t\t\t\t\t\t\t'type'       : 'Feature',\n\t\t\t\t\t\t\t'properties' : {'id' : 'project-803'},\n\t\t\t\t\t\t\t'geometry'   : {\n\t\t\t\t\t\t\t\t'type'       : 'Point',\n\t\t\t\t\t\t\t\t'coordinates': [12.617, 43.067]\n\t\t\t\t\t\t\t}\n\t\t\t\t\t\t},{\n\t\t\t\t\t\t\t'type'       : 'Feature',\n\t\t\t\t\t\t\t'properties' : {'id' : 'project-799'},\n\t\t\t\t\t\t\t'geometry'   : {\n\t\t\t\t\t\t\t\t'type'       : 'Point',\n\t\t\t\t\t\t\t\t'coordinates': [11.33875, 44.49381]\n\t\t\t\t\t\t\t}\n\t\t\t\t\t\t},{\n\t\t\t\t\t\t\t'type'       : 'Feature',\n\t\t\t\t\t\t\t'properties' : {'id' : 'project-780'},\n\t\t\t\t\t\t\t'geometry'   : {\n\t\t\t\t\t\t\t\t'type'       : 'Point',\n\t\t\t\t\t\t\t\t'coordinates': [7.70493, 45.06968]\n\t\t\t\t\t\t\t}\n\t\t\t\t\t\t},{\n\t\t\t\t\t\t\t'type'       : 'Feature',\n\t\t\t\t\t\t\t'properties' : {'id' : 'project-998'},\n\t\t\t\t\t\t\t'geometry'   : {\n\t\t\t\t\t\t\t\t'type'       : 'Point',\n\t\t\t\t\t\t\t\t'coordinates': [4.3665465, 50.8380365]\n\t\t\t\t\t\t\t}\n\t\t\t\t\t\t},{\n\t\t\t\t\t\t\t'type'       : 'Feature',\n\t\t\t\t\t\t\t'properties' : {'id' : 'project-994'},\n\t\t\t\t\t\t\t'geometry'   : {\n\t\t\t\t\t\t\t\t'type'       : 'Point',\n\t\t\t\t\t\t\t\t'coordinates': [8.1924723, 44.9011197]\n\t\t\t\t\t\t\t}\n\t\t\t\t\t\t},{\n\t\t\t\t\t\t\t'type'       : 'Feature',\n\t\t\t\t\t\t\t'properties' : {'id' : 'project-989'},\n\t\t\t\t\t\t\t'geometry'   : {\n\t\t\t\t\t\t\t\t'type'       : 'Point',\n\t\t\t\t\t\t\t\t'coordinates': [7.6806071, 45.0710721]\n\t\t\t\t\t\t\t}\n\t\t\t\t\t\t},{\n\t\t\t\t\t\t\t'type'       : 'Feature',\n\t\t\t\t\t\t\t'properties' : {'id' : 'project-1006'},\n\t\t\t\t\t\t\t'geometry'   : {\n\t\t\t\t\t\t\t\t'type'       : 'Point',\n\t\t\t\t\t\t\t\t'coordinates': [7.6869027, 45.0673325]\n\t\t\t\t\t\t\t}\n\t\t\t\t\t\t}\t\t\t\t\t]\n\t\t\t\t}\n\t\t\t});\n\t\t\t\/\/ Add a circle layer\n\t\t\tmap_block_1a8ceea1ce14c7b3b363937819046a9e.addLayer({\n\t\t\t\t'id'    : 'circle',\n\t\t\t\t'type'  : 'circle',\n\t\t\t\t'source': 'points',\n\t\t\t\t'paint' : {\n\t\t\t\t\t'circle-color'        : '#5c5c5b',\n\t\t\t\t\t'circle-radius'       : 11,\n\t\t\t\t\t'circle-stroke-width' : 5,\n\t\t\t\t\t'circle-stroke-color' : '#ffffff'\n\t\t\t\t}\n\t\t\t});\n\n\t\t\t\/\/ Center the map on the coordinates of any clicked circle from the 'circle' layer.\n\t\t\tmap_block_1a8ceea1ce14c7b3b363937819046a9e.on('click', 'circle', (e) => {\n\t\t\t\te.preventDefault();\n\t\t\t\t$('#mapbox-block_1a8ceea1ce14c7b3b363937819046a9e').siblings('.info-overlay').children('article').removeClass('active');\n\t\t\t\t$('#mapbox-block_1a8ceea1ce14c7b3b363937819046a9e').siblings('.info-overlay').children('article#'+e.features[0].properties.id).addClass('active');\n\t\t\t\tmap_block_1a8ceea1ce14c7b3b363937819046a9e.flyTo({\n\t\t\t\t\tcenter: e.features[0].geometry.coordinates\n\t\t\t\t});\n\t\t\t});\n\n\t\t\t\/\/ Click outside the 'circle'\n\t\t\tmap_block_1a8ceea1ce14c7b3b363937819046a9e.on('click', (e) => {\n\t\t\t\tif(e.defaultPrevented === false) {\n\t\t\t\t\t$('#mapbox-block_1a8ceea1ce14c7b3b363937819046a9e').siblings('.info-overlay').children('article').removeClass('active');\n\t\t\t\t}\n\t\t\t});\n\n\t\t\t\/\/ Change the cursor to a pointer when the it enters a feature in the 'circle' layer.\n\t\t\tmap_block_1a8ceea1ce14c7b3b363937819046a9e.on('mouseenter', 'circle', () => {\n\t\t\t\tmap_block_1a8ceea1ce14c7b3b363937819046a9e.getCanvas().style.cursor = 'pointer';\n\t\t\t});\n\n\t\t\t\/\/ Change it back to a pointer when it leaves.\n\t\t\tmap_block_1a8ceea1ce14c7b3b363937819046a9e.on('mouseleave', 'circle', () => {\n\t\t\t\tmap_block_1a8ceea1ce14c7b3b363937819046a9e.getCanvas().style.cursor = '';\n\t\t\t});\n\n\t\t\t\/\/ disable map zoom when using scroll\n\t\t\tmap_block_1a8ceea1ce14c7b3b363937819046a9e.scrollZoom.disable();\n\n\t\t\t\/\/ Add zoom and rotation controls to the map.\n    \t\tmap_block_1a8ceea1ce14c7b3b363937819046a9e.addControl(new mapboxgl.NavigationControl());\n\t\t});\n\n\t});\n<\/script>\n<\/section><\/div>\n","protected":false},"excerpt":{"rendered":"<p>La Fundaci\u00f3n: una historia de valores La Fundaci\u00f3n Carlo Acutis es un&nbsp;programa social&nbsp;impulsado por una&nbsp;familia de empresarios. Transmite el lenguaje de la empresa, comparte y amplifica sus valores. Valores comunes&nbsp;a las personas y las empresas que juntas han dado vida a la iniciativa de proyectos sociales que la Fundaci\u00f3n tiene como objetivo desarrollar en el [&hellip;]<\/p>\n","protected":false},"author":1,"featured_media":430,"parent":0,"menu_order":0,"comment_status":"closed","ping_status":"closed","template":"","meta":{"_acf_changed":false,"inline_featured_image":false,"_themeisle_gutenberg_block_has_review":false,"footnotes":""},"class_list":["post-783","page","type-page","status-publish","has-post-thumbnail","hentry"],"acf":{"revslider":"","sottotitolo":"","titolo":"","colore_titolo":"#FFFFFF","velatura":"rgba(35,31,32,0)","style":".bg-logo-white { background-size: 80%; background-position: 310% -100%; }\r\n@media (max-width: 1199px) and (min-width: 768px) {\r\n\t.bg-logo-white { background-size: 100%; background-position: 0% 30%; }\r\n}\r\n@media (max-width: 767px) {\r\n\t.bg-logo-white { background-size: 250%; background-position: 0% 120%; }\r\n}"},"yoast_head":"<!-- This site is optimized with the Yoast SEO plugin v23.4 - https:\/\/yoast.com\/wordpress\/plugins\/seo\/ -->\n<title>Descubre nuestra misi\u00f3n | Fundaci\u00f3n Carlo Acutis<\/title>\n<meta name=\"description\" content=\"La Fundaci\u00f3n nace para construir una comunidad donde las intervenciones sociales, culturales y de investigaci\u00f3n m\u00e9dico-cient\u00edfica puedan cambiar el mundo.\" \/>\n<meta name=\"robots\" content=\"noindex, follow, max-snippet:-1, max-image-preview:large, max-video-preview:-1\" \/>\n<meta property=\"og:locale\" content=\"es_ES\" \/>\n<meta property=\"og:type\" content=\"article\" \/>\n<meta property=\"og:title\" content=\"Descubre nuestra misi\u00f3n | Fundaci\u00f3n Carlo Acutis\" \/>\n<meta property=\"og:description\" content=\"La Fundaci\u00f3n nace para construir una comunidad donde las intervenciones sociales, culturales y de investigaci\u00f3n m\u00e9dico-cient\u00edfica puedan cambiar el mundo.\" \/>\n<meta property=\"og:url\" content=\"https:\/\/fondazionecarloacutis.webelements.it\/es\/la-fundacion\/\" \/>\n<meta property=\"og:site_name\" content=\"Fondazione Carlo Acutis\" \/>\n<meta property=\"article:modified_time\" content=\"2024-09-16T08:36:47+00:00\" \/>\n<meta property=\"og:image\" content=\"https:\/\/fondazionecarloacutis.webelements.it\/wp-content\/uploads\/2024\/07\/Rectangle-56-1-1.png\" \/>\n\t<meta property=\"og:image:width\" content=\"1440\" \/>\n\t<meta property=\"og:image:height\" content=\"579\" \/>\n\t<meta property=\"og:image:type\" content=\"image\/png\" \/>\n<meta name=\"twitter:card\" content=\"summary_large_image\" \/>\n<meta name=\"twitter:label1\" content=\"Tiempo de lectura\" \/>\n\t<meta name=\"twitter:data1\" content=\"3 minutos\" \/>\n<script type=\"application\/ld+json\" class=\"yoast-schema-graph\">{\"@context\":\"https:\/\/schema.org\",\"@graph\":[{\"@type\":\"WebPage\",\"@id\":\"https:\/\/fondazionecarloacutis.webelements.it\/es\/la-fundacion\/\",\"url\":\"https:\/\/fondazionecarloacutis.webelements.it\/es\/la-fundacion\/\",\"name\":\"Descubre nuestra misi\u00f3n | Fundaci\u00f3n Carlo Acutis\",\"isPartOf\":{\"@id\":\"https:\/\/fondazionecarloacutis.webelements.it\/es\/#website\"},\"primaryImageOfPage\":{\"@id\":\"https:\/\/fondazionecarloacutis.webelements.it\/es\/la-fundacion\/#primaryimage\"},\"image\":{\"@id\":\"https:\/\/fondazionecarloacutis.webelements.it\/es\/la-fundacion\/#primaryimage\"},\"thumbnailUrl\":\"https:\/\/fondazionecarloacutis.webelements.it\/wp-content\/uploads\/2024\/07\/Rectangle-56-1-1.png\",\"datePublished\":\"2024-07-07T15:38:07+00:00\",\"dateModified\":\"2024-09-16T08:36:47+00:00\",\"description\":\"La Fundaci\u00f3n nace para construir una comunidad donde las intervenciones sociales, culturales y de investigaci\u00f3n m\u00e9dico-cient\u00edfica puedan cambiar el mundo.\",\"breadcrumb\":{\"@id\":\"https:\/\/fondazionecarloacutis.webelements.it\/es\/la-fundacion\/#breadcrumb\"},\"inLanguage\":\"es\",\"potentialAction\":[{\"@type\":\"ReadAction\",\"target\":[\"https:\/\/fondazionecarloacutis.webelements.it\/es\/la-fundacion\/\"]}]},{\"@type\":\"ImageObject\",\"inLanguage\":\"es\",\"@id\":\"https:\/\/fondazionecarloacutis.webelements.it\/es\/la-fundacion\/#primaryimage\",\"url\":\"https:\/\/fondazionecarloacutis.webelements.it\/wp-content\/uploads\/2024\/07\/Rectangle-56-1-1.png\",\"contentUrl\":\"https:\/\/fondazionecarloacutis.webelements.it\/wp-content\/uploads\/2024\/07\/Rectangle-56-1-1.png\",\"width\":1440,\"height\":579},{\"@type\":\"BreadcrumbList\",\"@id\":\"https:\/\/fondazionecarloacutis.webelements.it\/es\/la-fundacion\/#breadcrumb\",\"itemListElement\":[{\"@type\":\"ListItem\",\"position\":1,\"name\":\"Home\",\"item\":\"https:\/\/fondazionecarloacutis.webelements.it\/es\/\"},{\"@type\":\"ListItem\",\"position\":2,\"name\":\"La Fundaci\u00f3n\"}]},{\"@type\":\"WebSite\",\"@id\":\"https:\/\/fondazionecarloacutis.webelements.it\/es\/#website\",\"url\":\"https:\/\/fondazionecarloacutis.webelements.it\/es\/\",\"name\":\"Fondazione Carlo Acutis\",\"description\":\"Sito Ufficiale Fondazione Carlo Acutis\",\"publisher\":{\"@id\":\"https:\/\/fondazionecarloacutis.webelements.it\/es\/#organization\"},\"potentialAction\":[{\"@type\":\"SearchAction\",\"target\":{\"@type\":\"EntryPoint\",\"urlTemplate\":\"https:\/\/fondazionecarloacutis.webelements.it\/es\/?s={search_term_string}\"},\"query-input\":{\"@type\":\"PropertyValueSpecification\",\"valueRequired\":true,\"valueName\":\"search_term_string\"}}],\"inLanguage\":\"es\"},{\"@type\":\"Organization\",\"@id\":\"https:\/\/fondazionecarloacutis.webelements.it\/es\/#organization\",\"name\":\"Fondazione Carlo Acutis\",\"url\":\"https:\/\/fondazionecarloacutis.webelements.it\/es\/\",\"logo\":{\"@type\":\"ImageObject\",\"inLanguage\":\"es\",\"@id\":\"https:\/\/fondazionecarloacutis.webelements.it\/es\/#\/schema\/logo\/image\/\",\"url\":\"https:\/\/fondazionecarloacutis.webelements.it\/wp-content\/uploads\/2024\/06\/logo-487c76feba5148a519f510677ab1bb3a.svg\",\"contentUrl\":\"https:\/\/fondazionecarloacutis.webelements.it\/wp-content\/uploads\/2024\/06\/logo-487c76feba5148a519f510677ab1bb3a.svg\",\"width\":96,\"height\":46,\"caption\":\"Fondazione Carlo Acutis\"},\"image\":{\"@id\":\"https:\/\/fondazionecarloacutis.webelements.it\/es\/#\/schema\/logo\/image\/\"}}]}<\/script>\n<!-- \/ Yoast SEO plugin. -->","yoast_head_json":{"title":"Descubre nuestra misi\u00f3n | Fundaci\u00f3n Carlo Acutis","description":"La Fundaci\u00f3n nace para construir una comunidad donde las intervenciones sociales, culturales y de investigaci\u00f3n m\u00e9dico-cient\u00edfica puedan cambiar el mundo.","robots":{"index":"noindex","follow":"follow","max-snippet":"max-snippet:-1","max-image-preview":"max-image-preview:large","max-video-preview":"max-video-preview:-1"},"og_locale":"es_ES","og_type":"article","og_title":"Descubre nuestra misi\u00f3n | Fundaci\u00f3n Carlo Acutis","og_description":"La Fundaci\u00f3n nace para construir una comunidad donde las intervenciones sociales, culturales y de investigaci\u00f3n m\u00e9dico-cient\u00edfica puedan cambiar el mundo.","og_url":"https:\/\/fondazionecarloacutis.webelements.it\/es\/la-fundacion\/","og_site_name":"Fondazione Carlo Acutis","article_modified_time":"2024-09-16T08:36:47+00:00","og_image":[{"width":1440,"height":579,"url":"https:\/\/fondazionecarloacutis.webelements.it\/wp-content\/uploads\/2024\/07\/Rectangle-56-1-1.png","type":"image\/png"}],"twitter_card":"summary_large_image","twitter_misc":{"Tiempo de lectura":"3 minutos"},"schema":{"@context":"https:\/\/schema.org","@graph":[{"@type":"WebPage","@id":"https:\/\/fondazionecarloacutis.webelements.it\/es\/la-fundacion\/","url":"https:\/\/fondazionecarloacutis.webelements.it\/es\/la-fundacion\/","name":"Descubre nuestra misi\u00f3n | Fundaci\u00f3n Carlo Acutis","isPartOf":{"@id":"https:\/\/fondazionecarloacutis.webelements.it\/es\/#website"},"primaryImageOfPage":{"@id":"https:\/\/fondazionecarloacutis.webelements.it\/es\/la-fundacion\/#primaryimage"},"image":{"@id":"https:\/\/fondazionecarloacutis.webelements.it\/es\/la-fundacion\/#primaryimage"},"thumbnailUrl":"https:\/\/fondazionecarloacutis.webelements.it\/wp-content\/uploads\/2024\/07\/Rectangle-56-1-1.png","datePublished":"2024-07-07T15:38:07+00:00","dateModified":"2024-09-16T08:36:47+00:00","description":"La Fundaci\u00f3n nace para construir una comunidad donde las intervenciones sociales, culturales y de investigaci\u00f3n m\u00e9dico-cient\u00edfica puedan cambiar el mundo.","breadcrumb":{"@id":"https:\/\/fondazionecarloacutis.webelements.it\/es\/la-fundacion\/#breadcrumb"},"inLanguage":"es","potentialAction":[{"@type":"ReadAction","target":["https:\/\/fondazionecarloacutis.webelements.it\/es\/la-fundacion\/"]}]},{"@type":"ImageObject","inLanguage":"es","@id":"https:\/\/fondazionecarloacutis.webelements.it\/es\/la-fundacion\/#primaryimage","url":"https:\/\/fondazionecarloacutis.webelements.it\/wp-content\/uploads\/2024\/07\/Rectangle-56-1-1.png","contentUrl":"https:\/\/fondazionecarloacutis.webelements.it\/wp-content\/uploads\/2024\/07\/Rectangle-56-1-1.png","width":1440,"height":579},{"@type":"BreadcrumbList","@id":"https:\/\/fondazionecarloacutis.webelements.it\/es\/la-fundacion\/#breadcrumb","itemListElement":[{"@type":"ListItem","position":1,"name":"Home","item":"https:\/\/fondazionecarloacutis.webelements.it\/es\/"},{"@type":"ListItem","position":2,"name":"La Fundaci\u00f3n"}]},{"@type":"WebSite","@id":"https:\/\/fondazionecarloacutis.webelements.it\/es\/#website","url":"https:\/\/fondazionecarloacutis.webelements.it\/es\/","name":"Fondazione Carlo Acutis","description":"Sito Ufficiale Fondazione Carlo Acutis","publisher":{"@id":"https:\/\/fondazionecarloacutis.webelements.it\/es\/#organization"},"potentialAction":[{"@type":"SearchAction","target":{"@type":"EntryPoint","urlTemplate":"https:\/\/fondazionecarloacutis.webelements.it\/es\/?s={search_term_string}"},"query-input":{"@type":"PropertyValueSpecification","valueRequired":true,"valueName":"search_term_string"}}],"inLanguage":"es"},{"@type":"Organization","@id":"https:\/\/fondazionecarloacutis.webelements.it\/es\/#organization","name":"Fondazione Carlo Acutis","url":"https:\/\/fondazionecarloacutis.webelements.it\/es\/","logo":{"@type":"ImageObject","inLanguage":"es","@id":"https:\/\/fondazionecarloacutis.webelements.it\/es\/#\/schema\/logo\/image\/","url":"https:\/\/fondazionecarloacutis.webelements.it\/wp-content\/uploads\/2024\/06\/logo-487c76feba5148a519f510677ab1bb3a.svg","contentUrl":"https:\/\/fondazionecarloacutis.webelements.it\/wp-content\/uploads\/2024\/06\/logo-487c76feba5148a519f510677ab1bb3a.svg","width":96,"height":46,"caption":"Fondazione Carlo Acutis"},"image":{"@id":"https:\/\/fondazionecarloacutis.webelements.it\/es\/#\/schema\/logo\/image\/"}}]}},"_links":{"self":[{"href":"https:\/\/fondazionecarloacutis.webelements.it\/es\/wp-json\/wp\/v2\/pages\/783"}],"collection":[{"href":"https:\/\/fondazionecarloacutis.webelements.it\/es\/wp-json\/wp\/v2\/pages"}],"about":[{"href":"https:\/\/fondazionecarloacutis.webelements.it\/es\/wp-json\/wp\/v2\/types\/page"}],"author":[{"embeddable":true,"href":"https:\/\/fondazionecarloacutis.webelements.it\/es\/wp-json\/wp\/v2\/users\/1"}],"replies":[{"embeddable":true,"href":"https:\/\/fondazionecarloacutis.webelements.it\/es\/wp-json\/wp\/v2\/comments?post=783"}],"version-history":[{"count":11,"href":"https:\/\/fondazionecarloacutis.webelements.it\/es\/wp-json\/wp\/v2\/pages\/783\/revisions"}],"predecessor-version":[{"id":1423,"href":"https:\/\/fondazionecarloacutis.webelements.it\/es\/wp-json\/wp\/v2\/pages\/783\/revisions\/1423"}],"wp:featuredmedia":[{"embeddable":true,"href":"https:\/\/fondazionecarloacutis.webelements.it\/es\/wp-json\/wp\/v2\/media\/430"}],"wp:attachment":[{"href":"https:\/\/fondazionecarloacutis.webelements.it\/es\/wp-json\/wp\/v2\/media?parent=783"}],"curies":[{"name":"wp","href":"https:\/\/api.w.org\/{rel}","templated":true}]}}