{"id":799,"date":"2024-08-02T16:49:33","date_gmt":"2024-08-02T14:49:33","guid":{"rendered":"https:\/\/fondazionecarloacutis.webelements.it\/progetto\/collane-i-talenti-e-sources-chretiennes\/"},"modified":"2024-09-16T10:52:11","modified_gmt":"2024-09-16T08:52:11","slug":"colecciones-i-talenti-y-sources-chretiennes","status":"publish","type":"progetto","link":"https:\/\/fondazionecarloacutis.webelements.it\/es\/proyecto\/colecciones-i-talenti-y-sources-chretiennes\/","title":{"rendered":"Colecciones I Talenti y Sources Chr\u00e9tiennes"},"content":{"rendered":"<div class=\"fca-spacer spacer-block_d0e7ffc8bec16e8ec9cf24116dab93e0\"  style=\"--height: 70px; --heightTablet: 70px; --heightMobile: 40px;\"><\/div>\n\n\n<h2 class=\"wp-block-heading\"><strong>Los cl\u00e1sicos de la literatura cristiana al alcance de todos<\/strong><\/h2>\n\n\n<div class=\"fca-spacer spacer-block_ad36638f9b3aab28559c2019e78ab6b9\"  style=\"--height: 35px; --heightTablet: 35px; --heightMobile: 35px;\"><\/div>\n\n\n<p>La cultura pertenece a todos: con este proyecto la Fundaci\u00f3n desea acercar los grandes autores cl\u00e1sicos tambi\u00e9n a los alumnos m\u00e1s desfavorecidos.<\/p>\n\n\n\n<p>Gracias a su contribuci\u00f3n, se podr\u00e1n comercializar algunas obras importantes&nbsp;<strong>de la literatura cristiana antigua, medieval y moderna<\/strong>, a un precio reducido y asequible.<\/p>\n\n\n\n<p>Se trata de la colecci\u00f3n \u00ab<strong>I Talenti<\/strong>\u00bb, gemela de la c\u00e9lebre serie francesa \u00abSources Chr\u00e9tiennes\u00bb, con la que comparte el mismo estilo, enfoque y contenido.<\/p>\n\n\n\n<p>Las dos colecciones se complementan. \u00abI Talenti\u00bb re\u00fane obras fundamentales que est\u00e1n en el origen de las tradiciones culturales orientales y occidentales, cristianas y no cristianas.<\/p>\n\n\n\n<details class=\"wp-block-details is-layout-flow wp-block-details-is-layout-flow\"><summary>Detalles<\/summary>\n<p>Cada obra consta de una extensa introducci\u00f3n hist\u00f3rica y teol\u00f3gica; al menos un cap\u00edtulo dedicado a cuestiones filol\u00f3gicas y ling\u00fc\u00edsticas; texto en el idioma original (lat\u00edn, griego, etc.) en su versi\u00f3n cr\u00edtica; traducci\u00f3n al italiano del texto antiguo; diferentes niveles de notas (b\u00edblicas, de variantes de cr\u00edtica textual, de pasajes paralelos y notas explicativas del contenido).<\/p>\n\n\n\n<p>Aunque la edici\u00f3n de cada obra implica un coste muy elevado, el proyecto permitir\u00e1 que estas obras&nbsp;<strong>lleguen tambi\u00e9n hasta personas con dificultades econ\u00f3micas<\/strong>.<\/p>\n<\/details>\n\n\n<div class=\"fca-spacer spacer-block_38c1ec74fa39aec21bb792ae30f3c679\"  style=\"--height: 70px; --heightTablet: 70px; --heightMobile: 70px;\"><\/div>\n\n\n<div class=\"wp-block-group alignfull bg-logo-white has-background is-layout-constrained wp-block-group-is-layout-constrained\" style=\"background-color:#f8f9fa\"><div class=\"fca-spacer spacer-block_ca6562e12659d63ad62c155edd127426\"  style=\"--height: 50px; --heightTablet: 50px; --heightMobile: 50px;\"><\/div>\n\n<section class=\"section-title-block section-title-block_6da7507c012a5e255bc9ba19cffe5ea0\" ><img decoding=\"async\" alt=\"iconBlock\" src=\"https:\/\/fondazionecarloacutis.webelements.it\/wp-content\/uploads\/2024\/08\/ha-sostenuto-il-progetto.svg\"><h3 style=\"--color: #000000;\">Who supported the project<\/h3><\/section>\n\n<div class=\"fca-spacer spacer-block_342bd3cab7cda343de8cb6f1cb8f2e9a\"  style=\"--height: 20px; --heightTablet: 20px; --heightMobile: 20px;\"><\/div>\n\n<section class=\"fca-promo promo-block_8b43726685c1a8d8878431ae6d2fe447  small\" ><div class=\"item-container\"><div class=\"item\">\n\t\t\t<a nohref>  <figure><img loading=\"lazy\" decoding=\"async\" width=\"462\" height=\"96\" src=\"https:\/\/fondazionecarloacutis.webelements.it\/wp-content\/uploads\/2024\/07\/LogoSmallYafa.png\" class=\"attachment-full size-full\" alt=\"\" srcset=\"https:\/\/fondazionecarloacutis.webelements.it\/wp-content\/uploads\/2024\/07\/LogoSmallYafa.png 462w, https:\/\/fondazionecarloacutis.webelements.it\/wp-content\/uploads\/2024\/07\/LogoSmallYafa-300x62.png 300w\" sizes=\"(max-width: 462px) 100vw, 462px\" \/><\/figure><\/a>\n\t\t<\/div><\/div><div class=\"item-container\"><div class=\"item\">\n\t\t\t<a nohref>  <figure><img loading=\"lazy\" decoding=\"async\" width=\"510\" height=\"150\" src=\"https:\/\/fondazionecarloacutis.webelements.it\/wp-content\/uploads\/2024\/07\/LogoSmallVittoria.png\" class=\"attachment-full size-full\" alt=\"\" srcset=\"https:\/\/fondazionecarloacutis.webelements.it\/wp-content\/uploads\/2024\/07\/LogoSmallVittoria.png 510w, https:\/\/fondazionecarloacutis.webelements.it\/wp-content\/uploads\/2024\/07\/LogoSmallVittoria-300x88.png 300w\" sizes=\"(max-width: 510px) 100vw, 510px\" \/><\/figure><\/a>\n\t\t<\/div><\/div><\/section>\n\n<div class=\"fca-spacer spacer-block_22b4d060f256cced2a6e016f5f43f56e\"  style=\"--height: 40px; --heightTablet: 40px; --heightMobile: 40px;\"><\/div>\n\n<section class=\"fca-cta cta-block_4144a8dee54dd006ce689f6199b7ff26\"  style=\"--color: #FFFFFF; --bgcolor: #D75F2C; --align: center;\"><a href=\"https:\/\/fondazionecarloacutis.webelements.it\/es\/colabora-con-nosotros\/\" target=\"\" title=\"Colabora con el proyecto\" class=\"comp-anim\">Colabora con el proyecto<\/a><\/section>\n\n<div class=\"fca-spacer spacer-block_ca6562e12659d63ad62c155edd127426\"  style=\"--height: 50px; --heightTablet: 50px; --heightMobile: 50px;\"><\/div><\/div>\n","protected":false},"excerpt":{"rendered":"<p>Apoyo a la publicaci\u00f3n para permitir la compra a precios bajos de los libros de las colecciones I Talenti y Sources Chr\u00e9tiennes a personas desfavorecidas.<\/p>\n","protected":false},"featured_media":634,"menu_order":10,"template":"","meta":{"_acf_changed":true,"inline_featured_image":false,"_themeisle_gutenberg_block_has_review":false},"tema":[24],"class_list":["post-799","progetto","type-progetto","status-publish","has-post-thumbnail","hentry","tema-arte-y-cultura"],"acf":{"revslider":"","sottotitolo":"","titolo":"","colore_titolo":"#FFFFFF","velatura":"rgba(35,31,32,0)","style":""},"yoast_head":"<!-- This site is optimized with the Yoast SEO plugin v23.4 - https:\/\/yoast.com\/wordpress\/plugins\/seo\/ -->\n<title>Colecciones I Talenti y Sources Chr\u00e9tiennes - Fondazione Carlo Acutis<\/title>\n<meta name=\"robots\" content=\"noindex, follow, max-snippet:-1, max-image-preview:large, max-video-preview:-1\" \/>\n<meta property=\"og:locale\" content=\"es_ES\" \/>\n<meta property=\"og:type\" content=\"article\" \/>\n<meta property=\"og:title\" content=\"Colecciones I Talenti y Sources Chr\u00e9tiennes - Fondazione Carlo Acutis\" \/>\n<meta property=\"og:description\" content=\"Apoyo a la publicaci\u00f3n para permitir la compra a precios bajos de los libros de las colecciones I Talenti y Sources Chr\u00e9tiennes a personas desfavorecidas.\" \/>\n<meta property=\"og:url\" content=\"https:\/\/fondazionecarloacutis.webelements.it\/es\/proyecto\/colecciones-i-talenti-y-sources-chretiennes\/\" \/>\n<meta property=\"og:site_name\" content=\"Fondazione Carlo Acutis\" \/>\n<meta property=\"article:modified_time\" content=\"2024-09-16T08:52:11+00:00\" \/>\n<meta property=\"og:image\" content=\"https:\/\/fondazionecarloacutis.webelements.it\/wp-content\/uploads\/2024\/08\/6-1.jpg\" \/>\n\t<meta property=\"og:image:width\" content=\"1440\" \/>\n\t<meta property=\"og:image:height\" content=\"570\" \/>\n\t<meta property=\"og:image:type\" content=\"image\/jpeg\" \/>\n<meta name=\"twitter:card\" content=\"summary_large_image\" \/>\n<meta name=\"twitter:label1\" content=\"Tiempo de lectura\" \/>\n\t<meta name=\"twitter:data1\" content=\"2 minutos\" \/>\n<script type=\"application\/ld+json\" class=\"yoast-schema-graph\">{\"@context\":\"https:\/\/schema.org\",\"@graph\":[{\"@type\":\"WebPage\",\"@id\":\"https:\/\/fondazionecarloacutis.webelements.it\/es\/proyecto\/colecciones-i-talenti-y-sources-chretiennes\/\",\"url\":\"https:\/\/fondazionecarloacutis.webelements.it\/es\/proyecto\/colecciones-i-talenti-y-sources-chretiennes\/\",\"name\":\"Colecciones I Talenti y Sources Chr\u00e9tiennes - Fondazione Carlo Acutis\",\"isPartOf\":{\"@id\":\"https:\/\/fondazionecarloacutis.webelements.it\/es\/#website\"},\"primaryImageOfPage\":{\"@id\":\"https:\/\/fondazionecarloacutis.webelements.it\/es\/proyecto\/colecciones-i-talenti-y-sources-chretiennes\/#primaryimage\"},\"image\":{\"@id\":\"https:\/\/fondazionecarloacutis.webelements.it\/es\/proyecto\/colecciones-i-talenti-y-sources-chretiennes\/#primaryimage\"},\"thumbnailUrl\":\"https:\/\/fondazionecarloacutis.webelements.it\/wp-content\/uploads\/2024\/08\/6-1.jpg\",\"datePublished\":\"2024-08-02T14:49:33+00:00\",\"dateModified\":\"2024-09-16T08:52:11+00:00\",\"breadcrumb\":{\"@id\":\"https:\/\/fondazionecarloacutis.webelements.it\/es\/proyecto\/colecciones-i-talenti-y-sources-chretiennes\/#breadcrumb\"},\"inLanguage\":\"es\",\"potentialAction\":[{\"@type\":\"ReadAction\",\"target\":[\"https:\/\/fondazionecarloacutis.webelements.it\/es\/proyecto\/colecciones-i-talenti-y-sources-chretiennes\/\"]}]},{\"@type\":\"ImageObject\",\"inLanguage\":\"es\",\"@id\":\"https:\/\/fondazionecarloacutis.webelements.it\/es\/proyecto\/colecciones-i-talenti-y-sources-chretiennes\/#primaryimage\",\"url\":\"https:\/\/fondazionecarloacutis.webelements.it\/wp-content\/uploads\/2024\/08\/6-1.jpg\",\"contentUrl\":\"https:\/\/fondazionecarloacutis.webelements.it\/wp-content\/uploads\/2024\/08\/6-1.jpg\",\"width\":1440,\"height\":570},{\"@type\":\"BreadcrumbList\",\"@id\":\"https:\/\/fondazionecarloacutis.webelements.it\/es\/proyecto\/colecciones-i-talenti-y-sources-chretiennes\/#breadcrumb\",\"itemListElement\":[{\"@type\":\"ListItem\",\"position\":1,\"name\":\"Home\",\"item\":\"https:\/\/fondazionecarloacutis.webelements.it\/es\/\"},{\"@type\":\"ListItem\",\"position\":2,\"name\":\"Colecciones I Talenti y Sources Chr\u00e9tiennes\"}]},{\"@type\":\"WebSite\",\"@id\":\"https:\/\/fondazionecarloacutis.webelements.it\/es\/#website\",\"url\":\"https:\/\/fondazionecarloacutis.webelements.it\/es\/\",\"name\":\"Fondazione Carlo Acutis\",\"description\":\"Sito Ufficiale Fondazione Carlo Acutis\",\"publisher\":{\"@id\":\"https:\/\/fondazionecarloacutis.webelements.it\/es\/#organization\"},\"potentialAction\":[{\"@type\":\"SearchAction\",\"target\":{\"@type\":\"EntryPoint\",\"urlTemplate\":\"https:\/\/fondazionecarloacutis.webelements.it\/es\/?s={search_term_string}\"},\"query-input\":{\"@type\":\"PropertyValueSpecification\",\"valueRequired\":true,\"valueName\":\"search_term_string\"}}],\"inLanguage\":\"es\"},{\"@type\":\"Organization\",\"@id\":\"https:\/\/fondazionecarloacutis.webelements.it\/es\/#organization\",\"name\":\"Fondazione Carlo Acutis\",\"url\":\"https:\/\/fondazionecarloacutis.webelements.it\/es\/\",\"logo\":{\"@type\":\"ImageObject\",\"inLanguage\":\"es\",\"@id\":\"https:\/\/fondazionecarloacutis.webelements.it\/es\/#\/schema\/logo\/image\/\",\"url\":\"https:\/\/fondazionecarloacutis.webelements.it\/wp-content\/uploads\/2024\/06\/logo-487c76feba5148a519f510677ab1bb3a.svg\",\"contentUrl\":\"https:\/\/fondazionecarloacutis.webelements.it\/wp-content\/uploads\/2024\/06\/logo-487c76feba5148a519f510677ab1bb3a.svg\",\"width\":96,\"height\":46,\"caption\":\"Fondazione Carlo Acutis\"},\"image\":{\"@id\":\"https:\/\/fondazionecarloacutis.webelements.it\/es\/#\/schema\/logo\/image\/\"}}]}<\/script>\n<!-- \/ Yoast SEO plugin. -->","yoast_head_json":{"title":"Colecciones I Talenti y Sources Chr\u00e9tiennes - Fondazione Carlo Acutis","robots":{"index":"noindex","follow":"follow","max-snippet":"max-snippet:-1","max-image-preview":"max-image-preview:large","max-video-preview":"max-video-preview:-1"},"og_locale":"es_ES","og_type":"article","og_title":"Colecciones I Talenti y Sources Chr\u00e9tiennes - Fondazione Carlo Acutis","og_description":"Apoyo a la publicaci\u00f3n para permitir la compra a precios bajos de los libros de las colecciones I Talenti y Sources Chr\u00e9tiennes a personas desfavorecidas.","og_url":"https:\/\/fondazionecarloacutis.webelements.it\/es\/proyecto\/colecciones-i-talenti-y-sources-chretiennes\/","og_site_name":"Fondazione Carlo Acutis","article_modified_time":"2024-09-16T08:52:11+00:00","og_image":[{"width":1440,"height":570,"url":"https:\/\/fondazionecarloacutis.webelements.it\/wp-content\/uploads\/2024\/08\/6-1.jpg","type":"image\/jpeg"}],"twitter_card":"summary_large_image","twitter_misc":{"Tiempo de lectura":"2 minutos"},"schema":{"@context":"https:\/\/schema.org","@graph":[{"@type":"WebPage","@id":"https:\/\/fondazionecarloacutis.webelements.it\/es\/proyecto\/colecciones-i-talenti-y-sources-chretiennes\/","url":"https:\/\/fondazionecarloacutis.webelements.it\/es\/proyecto\/colecciones-i-talenti-y-sources-chretiennes\/","name":"Colecciones I Talenti y Sources Chr\u00e9tiennes - Fondazione Carlo Acutis","isPartOf":{"@id":"https:\/\/fondazionecarloacutis.webelements.it\/es\/#website"},"primaryImageOfPage":{"@id":"https:\/\/fondazionecarloacutis.webelements.it\/es\/proyecto\/colecciones-i-talenti-y-sources-chretiennes\/#primaryimage"},"image":{"@id":"https:\/\/fondazionecarloacutis.webelements.it\/es\/proyecto\/colecciones-i-talenti-y-sources-chretiennes\/#primaryimage"},"thumbnailUrl":"https:\/\/fondazionecarloacutis.webelements.it\/wp-content\/uploads\/2024\/08\/6-1.jpg","datePublished":"2024-08-02T14:49:33+00:00","dateModified":"2024-09-16T08:52:11+00:00","breadcrumb":{"@id":"https:\/\/fondazionecarloacutis.webelements.it\/es\/proyecto\/colecciones-i-talenti-y-sources-chretiennes\/#breadcrumb"},"inLanguage":"es","potentialAction":[{"@type":"ReadAction","target":["https:\/\/fondazionecarloacutis.webelements.it\/es\/proyecto\/colecciones-i-talenti-y-sources-chretiennes\/"]}]},{"@type":"ImageObject","inLanguage":"es","@id":"https:\/\/fondazionecarloacutis.webelements.it\/es\/proyecto\/colecciones-i-talenti-y-sources-chretiennes\/#primaryimage","url":"https:\/\/fondazionecarloacutis.webelements.it\/wp-content\/uploads\/2024\/08\/6-1.jpg","contentUrl":"https:\/\/fondazionecarloacutis.webelements.it\/wp-content\/uploads\/2024\/08\/6-1.jpg","width":1440,"height":570},{"@type":"BreadcrumbList","@id":"https:\/\/fondazionecarloacutis.webelements.it\/es\/proyecto\/colecciones-i-talenti-y-sources-chretiennes\/#breadcrumb","itemListElement":[{"@type":"ListItem","position":1,"name":"Home","item":"https:\/\/fondazionecarloacutis.webelements.it\/es\/"},{"@type":"ListItem","position":2,"name":"Colecciones I Talenti y Sources Chr\u00e9tiennes"}]},{"@type":"WebSite","@id":"https:\/\/fondazionecarloacutis.webelements.it\/es\/#website","url":"https:\/\/fondazionecarloacutis.webelements.it\/es\/","name":"Fondazione Carlo Acutis","description":"Sito Ufficiale Fondazione Carlo Acutis","publisher":{"@id":"https:\/\/fondazionecarloacutis.webelements.it\/es\/#organization"},"potentialAction":[{"@type":"SearchAction","target":{"@type":"EntryPoint","urlTemplate":"https:\/\/fondazionecarloacutis.webelements.it\/es\/?s={search_term_string}"},"query-input":{"@type":"PropertyValueSpecification","valueRequired":true,"valueName":"search_term_string"}}],"inLanguage":"es"},{"@type":"Organization","@id":"https:\/\/fondazionecarloacutis.webelements.it\/es\/#organization","name":"Fondazione Carlo Acutis","url":"https:\/\/fondazionecarloacutis.webelements.it\/es\/","logo":{"@type":"ImageObject","inLanguage":"es","@id":"https:\/\/fondazionecarloacutis.webelements.it\/es\/#\/schema\/logo\/image\/","url":"https:\/\/fondazionecarloacutis.webelements.it\/wp-content\/uploads\/2024\/06\/logo-487c76feba5148a519f510677ab1bb3a.svg","contentUrl":"https:\/\/fondazionecarloacutis.webelements.it\/wp-content\/uploads\/2024\/06\/logo-487c76feba5148a519f510677ab1bb3a.svg","width":96,"height":46,"caption":"Fondazione Carlo Acutis"},"image":{"@id":"https:\/\/fondazionecarloacutis.webelements.it\/es\/#\/schema\/logo\/image\/"}}]}},"_links":{"self":[{"href":"https:\/\/fondazionecarloacutis.webelements.it\/es\/wp-json\/wp\/v2\/progetto\/799"}],"collection":[{"href":"https:\/\/fondazionecarloacutis.webelements.it\/es\/wp-json\/wp\/v2\/progetto"}],"about":[{"href":"https:\/\/fondazionecarloacutis.webelements.it\/es\/wp-json\/wp\/v2\/types\/progetto"}],"wp:featuredmedia":[{"embeddable":true,"href":"https:\/\/fondazionecarloacutis.webelements.it\/es\/wp-json\/wp\/v2\/media\/634"}],"wp:attachment":[{"href":"https:\/\/fondazionecarloacutis.webelements.it\/es\/wp-json\/wp\/v2\/media?parent=799"}],"wp:term":[{"taxonomy":"tema","embeddable":true,"href":"https:\/\/fondazionecarloacutis.webelements.it\/es\/wp-json\/wp\/v2\/tema?post=799"}],"curies":[{"name":"wp","href":"https:\/\/api.w.org\/{rel}","templated":true}]}}