{"id":827,"date":"2024-08-03T00:04:19","date_gmt":"2024-08-02T22:04:19","guid":{"rendered":"https:\/\/fondazionecarloacutis.webelements.it\/progetto\/orfanotrofio-oasi-della-pieta\/"},"modified":"2024-09-16T10:50:50","modified_gmt":"2024-09-16T08:50:50","slug":"capilla-del-orfanato-oasi-della-pieta","status":"publish","type":"progetto","link":"https:\/\/fondazionecarloacutis.webelements.it\/es\/proyecto\/capilla-del-orfanato-oasi-della-pieta\/","title":{"rendered":"Capilla del Orfanato Oasi della Piet\u00e0"},"content":{"rendered":"<div class=\"fca-spacer spacer-block_2fa155bc2b36b705ff48b41f2dd28b8c\"  style=\"--height: 70px; --heightTablet: 70px; --heightMobile: 40px;\"><\/div>\n\n\n<h2 class=\"wp-block-heading\"><strong>Un hogar para ni\u00f1os que se han quedado solos, sin distinciones religiosas<\/strong><\/h2>\n\n\n<div class=\"fca-spacer spacer-block_2314aaf455ab7990887909e29dfb4764\"  style=\"--height: 35px; --heightTablet: 35px; --heightMobile: 35px;\"><\/div>\n\n\n<p>La<strong>&nbsp;ONG Asociaci\u00f3n Bambino Ges\u00f9 del Cairo<\/strong>&nbsp;financia la&nbsp;<strong>construcci\u00f3n del orfanato \u00abOasi della Piet\u00e0\u00bb<\/strong>&nbsp;en la Nueva Capital Administrativa de Egipto, cerca de El Cairo (las obras se iniciaron en febrero de 2020).<\/p>\n\n\n\n<p>La obra, propiedad de la Iglesia cat\u00f3lica copta de Egipto, incluye tambi\u00e9n la construcci\u00f3n de un hospital pedi\u00e1trico que estar\u00e1 asociado al Hospital Bambino Ges\u00f9 de Roma. Esta forma parte de un&nbsp;<strong>proyecto m\u00e1s amplio de di\u00e1logo de la Santa Sede con Egipto y con el mundo isl\u00e1mico en general<\/strong>.<\/p>\n\n\n\n<p><strong>El Orfanato \u00abOasi della Piet\u00e0\u00bb<\/strong>&nbsp;servir\u00e1 para ofrecer a los ni\u00f1os y j\u00f3venes, privados de asistencia familiar, un hogar donde recibir\u00e1n cuidados, protecci\u00f3n y acompa\u00f1amiento para un&nbsp;<strong>crecimiento sano y su desarrollo educativo.<\/strong><\/p>\n\n\n\n<p>Su misi\u00f3n principal consistir\u00e1 en desarrollar sus habilidades f\u00edsicas, psicol\u00f3gicas, ling\u00fc\u00edsticas y sociales para ayudar a&nbsp;<strong>mejorar su vida<\/strong>.<\/p>\n\n\n\n<details class=\"wp-block-details is-layout-flow wp-block-details-is-layout-flow\"><summary>Detalles<\/summary>\n<p>El Orfanato acoger\u00e1 a todos los ni\u00f1os&nbsp;<strong>sin distinci\u00f3n religiosa alguna<\/strong>.<\/p>\n\n\n\n<p>La Fundaci\u00f3n participar\u00e1 en la construcci\u00f3n de la capilla del Orfanato (con un coste total estimado de 540.000 \u20ac). La capilla tendr\u00e1 un&nbsp;<strong>fuerte v\u00ednculo con la figura del beato Carlo Acutis<\/strong>. De hecho, la imagen del Beato, que el Papa ha bendecido recientemente, despu\u00e9s de una peregrinaci\u00f3n de esperanza por las di\u00f3cesis egipcias, se colocar\u00e1 de forma permanente en la capilla del orfanato en posici\u00f3n sim\u00e9trica a una imagen de Nuestra Se\u00f1ora de F\u00e1tima.<\/p>\n\n\n\n<p>Las obras del orfanato empezaron en agosto de 2020 y, a pesar de la pandemia, en el mes de septiembre de 2021&nbsp;<strong>ya se hab\u00eda completado el 70 % de las obras de construcci\u00f3n<\/strong>.<\/p>\n<\/details>\n\n\n<div class=\"fca-spacer spacer-block_a3c27c7d4919620745de512d6ee3f8ed\"  style=\"--height: 70px; --heightTablet: 70px; --heightMobile: 70px;\"><\/div>\n\n<section class=\"slick-carusel carusel-block_634c2c42b120aa812d3531429950267c\" >\t<div class=\"carusel\"><div class=\"item\"><figure><img loading=\"lazy\" decoding=\"async\" width=\"1440\" height=\"570\" src=\"https:\/\/fondazionecarloacutis.webelements.it\/wp-content\/uploads\/2024\/08\/9.jpg\" class=\"attachment-full size-full\" alt=\"\" srcset=\"https:\/\/fondazionecarloacutis.webelements.it\/wp-content\/uploads\/2024\/08\/9.jpg 1440w, https:\/\/fondazionecarloacutis.webelements.it\/wp-content\/uploads\/2024\/08\/9-300x119.jpg 300w, https:\/\/fondazionecarloacutis.webelements.it\/wp-content\/uploads\/2024\/08\/9-1024x405.jpg 1024w, https:\/\/fondazionecarloacutis.webelements.it\/wp-content\/uploads\/2024\/08\/9-768x304.jpg 768w\" sizes=\"(max-width: 1440px) 100vw, 1440px\" \/><\/figure><\/div><div class=\"item\"><figure><img loading=\"lazy\" decoding=\"async\" width=\"2048\" height=\"1536\" src=\"https:\/\/fondazionecarloacutis.webelements.it\/wp-content\/uploads\/2024\/08\/WhatsApp-Image-2022-09-20-at-14.01.05.jpg\" class=\"attachment-full size-full\" alt=\"\" srcset=\"https:\/\/fondazionecarloacutis.webelements.it\/wp-content\/uploads\/2024\/08\/WhatsApp-Image-2022-09-20-at-14.01.05.jpg 2048w, https:\/\/fondazionecarloacutis.webelements.it\/wp-content\/uploads\/2024\/08\/WhatsApp-Image-2022-09-20-at-14.01.05-300x225.jpg 300w, https:\/\/fondazionecarloacutis.webelements.it\/wp-content\/uploads\/2024\/08\/WhatsApp-Image-2022-09-20-at-14.01.05-1024x768.jpg 1024w, https:\/\/fondazionecarloacutis.webelements.it\/wp-content\/uploads\/2024\/08\/WhatsApp-Image-2022-09-20-at-14.01.05-768x576.jpg 768w, https:\/\/fondazionecarloacutis.webelements.it\/wp-content\/uploads\/2024\/08\/WhatsApp-Image-2022-09-20-at-14.01.05-1536x1152.jpg 1536w\" sizes=\"(max-width: 2048px) 100vw, 2048px\" \/><\/figure><\/div><div class=\"item\"><figure><img loading=\"lazy\" decoding=\"async\" width=\"1600\" height=\"1200\" src=\"https:\/\/fondazionecarloacutis.webelements.it\/wp-content\/uploads\/2024\/08\/marzo-2023-foto-cappella-2.jpg\" class=\"attachment-full size-full\" alt=\"\" srcset=\"https:\/\/fondazionecarloacutis.webelements.it\/wp-content\/uploads\/2024\/08\/marzo-2023-foto-cappella-2.jpg 1600w, https:\/\/fondazionecarloacutis.webelements.it\/wp-content\/uploads\/2024\/08\/marzo-2023-foto-cappella-2-300x225.jpg 300w, https:\/\/fondazionecarloacutis.webelements.it\/wp-content\/uploads\/2024\/08\/marzo-2023-foto-cappella-2-1024x768.jpg 1024w, https:\/\/fondazionecarloacutis.webelements.it\/wp-content\/uploads\/2024\/08\/marzo-2023-foto-cappella-2-768x576.jpg 768w, https:\/\/fondazionecarloacutis.webelements.it\/wp-content\/uploads\/2024\/08\/marzo-2023-foto-cappella-2-1536x1152.jpg 1536w\" sizes=\"(max-width: 1600px) 100vw, 1600px\" \/><\/figure><\/div><div class=\"item\"><figure><img loading=\"lazy\" decoding=\"async\" width=\"1152\" height=\"864\" src=\"https:\/\/fondazionecarloacutis.webelements.it\/wp-content\/uploads\/2024\/08\/marzo-2023-foto-cappella-3.jpg\" class=\"attachment-full size-full\" alt=\"\" srcset=\"https:\/\/fondazionecarloacutis.webelements.it\/wp-content\/uploads\/2024\/08\/marzo-2023-foto-cappella-3.jpg 1152w, https:\/\/fondazionecarloacutis.webelements.it\/wp-content\/uploads\/2024\/08\/marzo-2023-foto-cappella-3-300x225.jpg 300w, https:\/\/fondazionecarloacutis.webelements.it\/wp-content\/uploads\/2024\/08\/marzo-2023-foto-cappella-3-1024x768.jpg 1024w, https:\/\/fondazionecarloacutis.webelements.it\/wp-content\/uploads\/2024\/08\/marzo-2023-foto-cappella-3-768x576.jpg 768w\" sizes=\"(max-width: 1152px) 100vw, 1152px\" \/><\/figure><\/div><div class=\"item\"><figure><img loading=\"lazy\" decoding=\"async\" width=\"1600\" height=\"1200\" src=\"https:\/\/fondazionecarloacutis.webelements.it\/wp-content\/uploads\/2024\/08\/marzo-2023-foto-cappella-5.jpg\" class=\"attachment-full size-full\" alt=\"\" srcset=\"https:\/\/fondazionecarloacutis.webelements.it\/wp-content\/uploads\/2024\/08\/marzo-2023-foto-cappella-5.jpg 1600w, https:\/\/fondazionecarloacutis.webelements.it\/wp-content\/uploads\/2024\/08\/marzo-2023-foto-cappella-5-300x225.jpg 300w, https:\/\/fondazionecarloacutis.webelements.it\/wp-content\/uploads\/2024\/08\/marzo-2023-foto-cappella-5-1024x768.jpg 1024w, https:\/\/fondazionecarloacutis.webelements.it\/wp-content\/uploads\/2024\/08\/marzo-2023-foto-cappella-5-768x576.jpg 768w, https:\/\/fondazionecarloacutis.webelements.it\/wp-content\/uploads\/2024\/08\/marzo-2023-foto-cappella-5-1536x1152.jpg 1536w\" sizes=\"(max-width: 1600px) 100vw, 1600px\" \/><\/figure><\/div>\t<\/div><\/section>\n\n<div class=\"fca-spacer spacer-block_a3c27c7d4919620745de512d6ee3f8ed\"  style=\"--height: 70px; --heightTablet: 70px; --heightMobile: 70px;\"><\/div>\n\n\n<div class=\"wp-block-group alignfull bg-logo-white has-background is-layout-constrained wp-block-group-is-layout-constrained\" style=\"background-color:#f8f9fa\"><div class=\"fca-spacer spacer-block_aa4a5be83fd7bfd6c241682513a5bbab\"  style=\"--height: 50px; --heightTablet: 50px; --heightMobile: 50px;\"><\/div>\n\n<section class=\"section-title-block section-title-block_6f2af611b639c61b1a6d0d26f5c74742\" ><img decoding=\"async\" alt=\"iconBlock\" src=\"https:\/\/fondazionecarloacutis.webelements.it\/wp-content\/uploads\/2024\/08\/ha-sostenuto-il-progetto.svg\"><h3 style=\"--color: #000000;\">Qui\u00e9n apoy\u00f3 el proyecto<\/h3><\/section>\n\n<div class=\"fca-spacer spacer-block_9d44d5addc382660c4b603a5d4b24409\"  style=\"--height: 20px; --heightTablet: 20px; --heightMobile: 20px;\"><\/div>\n\n<section class=\"fca-promo promo-block_fbac1c4ce7b3827c54e26fe45932c8b9  small\" ><div class=\"item-container\"><div class=\"item\">\n\t\t\t<a nohref>  <figure><img loading=\"lazy\" decoding=\"async\" width=\"462\" height=\"96\" src=\"https:\/\/fondazionecarloacutis.webelements.it\/wp-content\/uploads\/2024\/07\/LogoSmallYafa.png\" class=\"attachment-full size-full\" alt=\"\" srcset=\"https:\/\/fondazionecarloacutis.webelements.it\/wp-content\/uploads\/2024\/07\/LogoSmallYafa.png 462w, https:\/\/fondazionecarloacutis.webelements.it\/wp-content\/uploads\/2024\/07\/LogoSmallYafa-300x62.png 300w\" sizes=\"(max-width: 462px) 100vw, 462px\" \/><\/figure><\/a>\n\t\t<\/div><\/div><div class=\"item-container\"><div class=\"item\">\n\t\t\t<a nohref>  <figure><img loading=\"lazy\" decoding=\"async\" width=\"510\" height=\"150\" src=\"https:\/\/fondazionecarloacutis.webelements.it\/wp-content\/uploads\/2024\/07\/LogoSmallVittoria.png\" class=\"attachment-full size-full\" alt=\"\" srcset=\"https:\/\/fondazionecarloacutis.webelements.it\/wp-content\/uploads\/2024\/07\/LogoSmallVittoria.png 510w, https:\/\/fondazionecarloacutis.webelements.it\/wp-content\/uploads\/2024\/07\/LogoSmallVittoria-300x88.png 300w\" sizes=\"(max-width: 510px) 100vw, 510px\" \/><\/figure><\/a>\n\t\t<\/div><\/div><\/section>\n\n<div class=\"fca-spacer spacer-block_6f986005ef8b4a60b87fabff7c1e3648\"  style=\"--height: 40px; --heightTablet: 40px; --heightMobile: 40px;\"><\/div>\n\n<section class=\"fca-cta cta-block_c98ce38355249bd06759096e790c690d\"  style=\"--color: #FFFFFF; --bgcolor: #D75F2C; --align: center;\"><a href=\"https:\/\/fondazionecarloacutis.webelements.it\/es\/colabora-con-nosotros\/\" target=\"\" title=\"Colabora con el proyecto\" class=\"comp-anim\">Colabora con el proyecto<\/a><\/section>\n\n<div class=\"fca-spacer spacer-block_aa4a5be83fd7bfd6c241682513a5bbab\"  style=\"--height: 50px; --heightTablet: 50px; --heightMobile: 50px;\"><\/div><\/div>\n","protected":false},"excerpt":{"rendered":"<p>El Orfanato \u00abOasi della Piet\u00e0\u00bb servir\u00e1 para ofrecer a los ni\u00f1os y j\u00f3venes, privados de asistencia familiar, un hogar donde recibir\u00e1n cuidados, protecci\u00f3n y acompa\u00f1amiento para un crecimiento sano y su desarrollo&#8230;<\/p>\n","protected":false},"featured_media":728,"menu_order":3,"template":"","meta":{"_acf_changed":true,"inline_featured_image":false,"_themeisle_gutenberg_block_has_review":false},"tema":[25],"class_list":["post-827","progetto","type-progetto","status-publish","has-post-thumbnail","hentry","tema-sociales-y-caritativos"],"acf":{"revslider":"","sottotitolo":"","titolo":"","colore_titolo":"#FFFFFF","velatura":"rgba(35,31,32,0)","style":""},"yoast_head":"<!-- This site is optimized with the Yoast SEO plugin v23.4 - https:\/\/yoast.com\/wordpress\/plugins\/seo\/ -->\n<title>Capilla del Orfanato Oasi della Piet\u00e0 - Fondazione Carlo Acutis<\/title>\n<meta name=\"robots\" content=\"noindex, follow, max-snippet:-1, max-image-preview:large, max-video-preview:-1\" \/>\n<meta property=\"og:locale\" content=\"es_ES\" \/>\n<meta property=\"og:type\" content=\"article\" \/>\n<meta property=\"og:title\" content=\"Capilla del Orfanato Oasi della Piet\u00e0 - Fondazione Carlo Acutis\" \/>\n<meta property=\"og:description\" content=\"El Orfanato \u00abOasi della Piet\u00e0\u00bb servir\u00e1 para ofrecer a los ni\u00f1os y j\u00f3venes, privados de asistencia familiar, un hogar donde recibir\u00e1n cuidados, protecci\u00f3n y acompa\u00f1amiento para un crecimiento sano y su desarrollo...\" \/>\n<meta property=\"og:url\" content=\"https:\/\/fondazionecarloacutis.webelements.it\/es\/proyecto\/capilla-del-orfanato-oasi-della-pieta\/\" \/>\n<meta property=\"og:site_name\" content=\"Fondazione Carlo Acutis\" \/>\n<meta property=\"article:modified_time\" content=\"2024-09-16T08:50:50+00:00\" \/>\n<meta property=\"og:image\" content=\"https:\/\/fondazionecarloacutis.webelements.it\/wp-content\/uploads\/2024\/08\/9.jpg\" \/>\n\t<meta property=\"og:image:width\" content=\"1440\" \/>\n\t<meta property=\"og:image:height\" content=\"570\" \/>\n\t<meta property=\"og:image:type\" content=\"image\/jpeg\" \/>\n<meta name=\"twitter:card\" content=\"summary_large_image\" \/>\n<meta name=\"twitter:label1\" content=\"Tiempo de lectura\" \/>\n\t<meta name=\"twitter:data1\" content=\"2 minutos\" \/>\n<script type=\"application\/ld+json\" class=\"yoast-schema-graph\">{\"@context\":\"https:\/\/schema.org\",\"@graph\":[{\"@type\":\"WebPage\",\"@id\":\"https:\/\/fondazionecarloacutis.webelements.it\/es\/proyecto\/capilla-del-orfanato-oasi-della-pieta\/\",\"url\":\"https:\/\/fondazionecarloacutis.webelements.it\/es\/proyecto\/capilla-del-orfanato-oasi-della-pieta\/\",\"name\":\"Capilla del Orfanato Oasi della Piet\u00e0 - Fondazione Carlo Acutis\",\"isPartOf\":{\"@id\":\"https:\/\/fondazionecarloacutis.webelements.it\/es\/#website\"},\"primaryImageOfPage\":{\"@id\":\"https:\/\/fondazionecarloacutis.webelements.it\/es\/proyecto\/capilla-del-orfanato-oasi-della-pieta\/#primaryimage\"},\"image\":{\"@id\":\"https:\/\/fondazionecarloacutis.webelements.it\/es\/proyecto\/capilla-del-orfanato-oasi-della-pieta\/#primaryimage\"},\"thumbnailUrl\":\"https:\/\/fondazionecarloacutis.webelements.it\/wp-content\/uploads\/2024\/08\/9.jpg\",\"datePublished\":\"2024-08-02T22:04:19+00:00\",\"dateModified\":\"2024-09-16T08:50:50+00:00\",\"breadcrumb\":{\"@id\":\"https:\/\/fondazionecarloacutis.webelements.it\/es\/proyecto\/capilla-del-orfanato-oasi-della-pieta\/#breadcrumb\"},\"inLanguage\":\"es\",\"potentialAction\":[{\"@type\":\"ReadAction\",\"target\":[\"https:\/\/fondazionecarloacutis.webelements.it\/es\/proyecto\/capilla-del-orfanato-oasi-della-pieta\/\"]}]},{\"@type\":\"ImageObject\",\"inLanguage\":\"es\",\"@id\":\"https:\/\/fondazionecarloacutis.webelements.it\/es\/proyecto\/capilla-del-orfanato-oasi-della-pieta\/#primaryimage\",\"url\":\"https:\/\/fondazionecarloacutis.webelements.it\/wp-content\/uploads\/2024\/08\/9.jpg\",\"contentUrl\":\"https:\/\/fondazionecarloacutis.webelements.it\/wp-content\/uploads\/2024\/08\/9.jpg\",\"width\":1440,\"height\":570},{\"@type\":\"BreadcrumbList\",\"@id\":\"https:\/\/fondazionecarloacutis.webelements.it\/es\/proyecto\/capilla-del-orfanato-oasi-della-pieta\/#breadcrumb\",\"itemListElement\":[{\"@type\":\"ListItem\",\"position\":1,\"name\":\"Home\",\"item\":\"https:\/\/fondazionecarloacutis.webelements.it\/es\/\"},{\"@type\":\"ListItem\",\"position\":2,\"name\":\"Capilla del Orfanato Oasi della Piet\u00e0\"}]},{\"@type\":\"WebSite\",\"@id\":\"https:\/\/fondazionecarloacutis.webelements.it\/es\/#website\",\"url\":\"https:\/\/fondazionecarloacutis.webelements.it\/es\/\",\"name\":\"Fondazione Carlo Acutis\",\"description\":\"Sito Ufficiale Fondazione Carlo Acutis\",\"publisher\":{\"@id\":\"https:\/\/fondazionecarloacutis.webelements.it\/es\/#organization\"},\"potentialAction\":[{\"@type\":\"SearchAction\",\"target\":{\"@type\":\"EntryPoint\",\"urlTemplate\":\"https:\/\/fondazionecarloacutis.webelements.it\/es\/?s={search_term_string}\"},\"query-input\":{\"@type\":\"PropertyValueSpecification\",\"valueRequired\":true,\"valueName\":\"search_term_string\"}}],\"inLanguage\":\"es\"},{\"@type\":\"Organization\",\"@id\":\"https:\/\/fondazionecarloacutis.webelements.it\/es\/#organization\",\"name\":\"Fondazione Carlo Acutis\",\"url\":\"https:\/\/fondazionecarloacutis.webelements.it\/es\/\",\"logo\":{\"@type\":\"ImageObject\",\"inLanguage\":\"es\",\"@id\":\"https:\/\/fondazionecarloacutis.webelements.it\/es\/#\/schema\/logo\/image\/\",\"url\":\"https:\/\/fondazionecarloacutis.webelements.it\/wp-content\/uploads\/2024\/06\/logo-487c76feba5148a519f510677ab1bb3a.svg\",\"contentUrl\":\"https:\/\/fondazionecarloacutis.webelements.it\/wp-content\/uploads\/2024\/06\/logo-487c76feba5148a519f510677ab1bb3a.svg\",\"width\":96,\"height\":46,\"caption\":\"Fondazione Carlo Acutis\"},\"image\":{\"@id\":\"https:\/\/fondazionecarloacutis.webelements.it\/es\/#\/schema\/logo\/image\/\"}}]}<\/script>\n<!-- \/ Yoast SEO plugin. -->","yoast_head_json":{"title":"Capilla del Orfanato Oasi della Piet\u00e0 - Fondazione Carlo Acutis","robots":{"index":"noindex","follow":"follow","max-snippet":"max-snippet:-1","max-image-preview":"max-image-preview:large","max-video-preview":"max-video-preview:-1"},"og_locale":"es_ES","og_type":"article","og_title":"Capilla del Orfanato Oasi della Piet\u00e0 - Fondazione Carlo Acutis","og_description":"El Orfanato \u00abOasi della Piet\u00e0\u00bb servir\u00e1 para ofrecer a los ni\u00f1os y j\u00f3venes, privados de asistencia familiar, un hogar donde recibir\u00e1n cuidados, protecci\u00f3n y acompa\u00f1amiento para un crecimiento sano y su desarrollo...","og_url":"https:\/\/fondazionecarloacutis.webelements.it\/es\/proyecto\/capilla-del-orfanato-oasi-della-pieta\/","og_site_name":"Fondazione Carlo Acutis","article_modified_time":"2024-09-16T08:50:50+00:00","og_image":[{"width":1440,"height":570,"url":"https:\/\/fondazionecarloacutis.webelements.it\/wp-content\/uploads\/2024\/08\/9.jpg","type":"image\/jpeg"}],"twitter_card":"summary_large_image","twitter_misc":{"Tiempo de lectura":"2 minutos"},"schema":{"@context":"https:\/\/schema.org","@graph":[{"@type":"WebPage","@id":"https:\/\/fondazionecarloacutis.webelements.it\/es\/proyecto\/capilla-del-orfanato-oasi-della-pieta\/","url":"https:\/\/fondazionecarloacutis.webelements.it\/es\/proyecto\/capilla-del-orfanato-oasi-della-pieta\/","name":"Capilla del Orfanato Oasi della Piet\u00e0 - Fondazione Carlo Acutis","isPartOf":{"@id":"https:\/\/fondazionecarloacutis.webelements.it\/es\/#website"},"primaryImageOfPage":{"@id":"https:\/\/fondazionecarloacutis.webelements.it\/es\/proyecto\/capilla-del-orfanato-oasi-della-pieta\/#primaryimage"},"image":{"@id":"https:\/\/fondazionecarloacutis.webelements.it\/es\/proyecto\/capilla-del-orfanato-oasi-della-pieta\/#primaryimage"},"thumbnailUrl":"https:\/\/fondazionecarloacutis.webelements.it\/wp-content\/uploads\/2024\/08\/9.jpg","datePublished":"2024-08-02T22:04:19+00:00","dateModified":"2024-09-16T08:50:50+00:00","breadcrumb":{"@id":"https:\/\/fondazionecarloacutis.webelements.it\/es\/proyecto\/capilla-del-orfanato-oasi-della-pieta\/#breadcrumb"},"inLanguage":"es","potentialAction":[{"@type":"ReadAction","target":["https:\/\/fondazionecarloacutis.webelements.it\/es\/proyecto\/capilla-del-orfanato-oasi-della-pieta\/"]}]},{"@type":"ImageObject","inLanguage":"es","@id":"https:\/\/fondazionecarloacutis.webelements.it\/es\/proyecto\/capilla-del-orfanato-oasi-della-pieta\/#primaryimage","url":"https:\/\/fondazionecarloacutis.webelements.it\/wp-content\/uploads\/2024\/08\/9.jpg","contentUrl":"https:\/\/fondazionecarloacutis.webelements.it\/wp-content\/uploads\/2024\/08\/9.jpg","width":1440,"height":570},{"@type":"BreadcrumbList","@id":"https:\/\/fondazionecarloacutis.webelements.it\/es\/proyecto\/capilla-del-orfanato-oasi-della-pieta\/#breadcrumb","itemListElement":[{"@type":"ListItem","position":1,"name":"Home","item":"https:\/\/fondazionecarloacutis.webelements.it\/es\/"},{"@type":"ListItem","position":2,"name":"Capilla del Orfanato Oasi della Piet\u00e0"}]},{"@type":"WebSite","@id":"https:\/\/fondazionecarloacutis.webelements.it\/es\/#website","url":"https:\/\/fondazionecarloacutis.webelements.it\/es\/","name":"Fondazione Carlo Acutis","description":"Sito Ufficiale Fondazione Carlo Acutis","publisher":{"@id":"https:\/\/fondazionecarloacutis.webelements.it\/es\/#organization"},"potentialAction":[{"@type":"SearchAction","target":{"@type":"EntryPoint","urlTemplate":"https:\/\/fondazionecarloacutis.webelements.it\/es\/?s={search_term_string}"},"query-input":{"@type":"PropertyValueSpecification","valueRequired":true,"valueName":"search_term_string"}}],"inLanguage":"es"},{"@type":"Organization","@id":"https:\/\/fondazionecarloacutis.webelements.it\/es\/#organization","name":"Fondazione Carlo Acutis","url":"https:\/\/fondazionecarloacutis.webelements.it\/es\/","logo":{"@type":"ImageObject","inLanguage":"es","@id":"https:\/\/fondazionecarloacutis.webelements.it\/es\/#\/schema\/logo\/image\/","url":"https:\/\/fondazionecarloacutis.webelements.it\/wp-content\/uploads\/2024\/06\/logo-487c76feba5148a519f510677ab1bb3a.svg","contentUrl":"https:\/\/fondazionecarloacutis.webelements.it\/wp-content\/uploads\/2024\/06\/logo-487c76feba5148a519f510677ab1bb3a.svg","width":96,"height":46,"caption":"Fondazione Carlo Acutis"},"image":{"@id":"https:\/\/fondazionecarloacutis.webelements.it\/es\/#\/schema\/logo\/image\/"}}]}},"_links":{"self":[{"href":"https:\/\/fondazionecarloacutis.webelements.it\/es\/wp-json\/wp\/v2\/progetto\/827"}],"collection":[{"href":"https:\/\/fondazionecarloacutis.webelements.it\/es\/wp-json\/wp\/v2\/progetto"}],"about":[{"href":"https:\/\/fondazionecarloacutis.webelements.it\/es\/wp-json\/wp\/v2\/types\/progetto"}],"wp:featuredmedia":[{"embeddable":true,"href":"https:\/\/fondazionecarloacutis.webelements.it\/es\/wp-json\/wp\/v2\/media\/728"}],"wp:attachment":[{"href":"https:\/\/fondazionecarloacutis.webelements.it\/es\/wp-json\/wp\/v2\/media?parent=827"}],"wp:term":[{"taxonomy":"tema","embeddable":true,"href":"https:\/\/fondazionecarloacutis.webelements.it\/es\/wp-json\/wp\/v2\/tema?post=827"}],"curies":[{"name":"wp","href":"https:\/\/api.w.org\/{rel}","templated":true}]}}