{"id":989,"date":"2023-07-05T21:08:00","date_gmt":"2023-07-05T19:08:00","guid":{"rendered":"https:\/\/fondazionecarloacutis.webelements.it\/progetto\/in-cammino-itinerari-sindonici-sulla-via-francigena\/"},"modified":"2024-09-16T10:53:31","modified_gmt":"2024-09-16T08:53:31","slug":"in-cammino-itinerari-sindonici-sulla-via-francigena","status":"publish","type":"progetto","link":"https:\/\/fondazionecarloacutis.webelements.it\/es\/proyecto\/in-cammino-itinerari-sindonici-sulla-via-francigena\/","title":{"rendered":"IN CAMMINO: Itinerari sindonici sulla Via Francigena"},"content":{"rendered":"<div class=\"fca-spacer spacer-block_1b576c53ed3c14dc193b9f6f767cb2ea\"  style=\"--height: 70px; --heightTablet: 70px; --heightMobile: 40px;\"><\/div>\n\n\n<h2 class=\"wp-block-heading\"><strong>IN CAMMINO. La porta di Torino: itinerari sindonici sulla Via Francigena<\/strong><\/h2>\n\n\n<div class=\"fca-spacer spacer-block_b89a9cb49024f075be804e1848132181\"  style=\"--height: 35px; --heightTablet: 35px; --heightMobile: 35px;\"><\/div>\n\n\n<p><strong>Palazzo Madama \u2013 Museo C\u00edvico de Arte Antiguo<\/strong> y la <strong>Fundaci\u00f3n Carlo Acutis<\/strong>, en colaboraci\u00f3n con la <strong>Regione Piemonte<\/strong>, presentan, <strong>desde el 13 de julio al 10 de octubre de 2023<\/strong>, en el \u00e1mbito del proyecto \u201cVia Francigena for All\u201d, la exposici\u00f3n <strong>IN CAMMINO. La porta di Torino: itinerari sindonici sulla Via Francigena<\/strong> (En camino. La puerta de Torino: itinerarios de la S\u00e1bana Santa en la V\u00eda Franc\u00edgena). La muestra fue dise\u00f1ada con el objetivo de ser <strong>totalmente accesible e inclusiva<\/strong>.<\/p>\n\n\n\n<p>La exposici\u00f3n muestra los aspectos hist\u00f3ricos y contempor\u00e1neos m\u00e1s destacados de Tur\u00edn y la regi\u00f3n del Piamonte, cuna de la&nbsp;<strong>S\u00e1bana Santa<\/strong>&nbsp;y principal puerta de entrada a la Pen\u00ednsula a lo largo de&nbsp;<strong>la ruta de peregrinaci\u00f3n de la Via Francigena.<\/strong><\/p>\n\n\n\n<details class=\"wp-block-details is-layout-flow wp-block-details-is-layout-flow\"><summary>Detalles<\/summary>\n<p>Con una reflexi\u00f3n&nbsp;<strong>sobre el peregrino<\/strong>&nbsp;-el que se desplaza en busca de la salvaci\u00f3n material, cuerpo y esp\u00edritu- y del recorrido por la regi\u00f3n de los Santos de la Caridad -desde San Giovanni Bosco, San Giuseppe Cafasso, San Giuseppe Benedetto Cottolengo hasta los beatos Piergiorgio Frassati y Carlo Acutis-, la exposici\u00f3n propone una serie de encuentros con el alma de la regi\u00f3n a trav\u00e9s de una exploraci\u00f3n visual dedicada a sus temas fundacionales.<br>Destaca, en particular, las huellas de la devoci\u00f3n a la&nbsp;<strong>S\u00e1bana Santa<\/strong>&nbsp;a lo largo de caminos que se cruzan con las rutas de la&nbsp;<strong>Via Francigena<\/strong>, signos externos de peregrinaci\u00f3n que hacen de Tur\u00edn un faro para el mundo entero.<\/p>\n<\/details>\n\n\n<div class=\"fca-spacer spacer-block_1b576c53ed3c14dc193b9f6f767cb2ea\"  style=\"--height: 70px; --heightTablet: 70px; --heightMobile: 40px;\"><\/div>\n\n\n<h2 class=\"wp-block-heading\"><strong>La exposici\u00f3n<\/strong><\/h2>\n\n\n<div class=\"fca-spacer spacer-block_b89a9cb49024f075be804e1848132181\"  style=\"--height: 35px; --heightTablet: 35px; --heightMobile: 35px;\"><\/div>\n\n\n<p><strong>La exposici\u00f3n desarrolla los temas de la peregrinaci\u00f3n, la Via Francigena y los itinerarios relacionados con la S\u00e1bana Santa<\/strong>&nbsp;con el apoyo de:<\/p>\n\n\n\n<ul class=\"wp-block-list\">\n<li><strong>Diecis\u00e9is j\u00f3venes ilustradores italianos<\/strong>, hombres y mujeres, de renombre internacional: Massimiliano Aurelio, Giacomo Alvise Bettiol, Roberto \u2018Hikimi\u2019 Blefari, Davide Bonazzi, Andrea De Luca, Massimiliano Di Lauro, Giovanna Giuliano, Riccardo Guasco, Gabriele Pino, Sergio Ponchione, Jacopo \u2018Jeugov\u2019 Riva, Jacopo Rosati, Elisa Seitzinger, Elisa Talentino, Ilaria Urbinati, Cinzia Zenocchini.<\/li>\n\n\n\n<li><strong>videos<\/strong>&nbsp;especialmente creados para ilustrar la Via Francigena y las rutas de la S\u00e1bana Santa, permitiendo que los visitantes tengan una experiencia inmersiva.<\/li>\n\n\n\n<li><strong>Im\u00e1genes de una investigaci\u00f3n realizada por Sisto Giriodi<\/strong> sobre las huellas dejadas por siglos de peregrinaciones a la S\u00e1bana Santa, que se conserva en Tur\u00edn desde 1578.<\/li>\n\n\n\n<li><strong>El artista piamont\u00e9s Carlo Gloria.<\/strong><\/li>\n<\/ul>\n\n\n\n<p><strong>Instalaciones multimedia<\/strong>:&nbsp;ARCHILANDstudio de Paolo Maldotti.<\/p>\n\n\n\n<p><strong>Coordinaci\u00f3n organizativa<\/strong>:&nbsp;Eventum<\/p>\n\n\n<div class=\"fca-spacer spacer-block_1b576c53ed3c14dc193b9f6f767cb2ea\"  style=\"--height: 70px; --heightTablet: 70px; --heightMobile: 40px;\"><\/div>\n\n\n<h2 class=\"wp-block-heading\"><strong>Itinerarios de la S\u00e1bana Santa<\/strong><\/h2>\n\n\n<div class=\"fca-spacer spacer-block_b89a9cb49024f075be804e1848132181\"  style=\"--height: 35px; --heightTablet: 35px; --heightMobile: 35px;\"><\/div>\n\n\n<p>La puerta de entrada al Piamonte, a Tur\u00edn, se abre a un rico <strong>patrimonio cultural, bellezas naturales y especialidades gastron\u00f3micas<\/strong>. En Tur\u00edn hay un bien precioso que puede considerarse un faro para quienes emprenden <strong>un viaje religioso: la S\u00e1bana Santa.<\/strong><br>A lo largo de las rutas que unen Francia con Piamonte, por donde la S\u00e1bana Santa ha viajado a lo largo de los siglos, a veces en secreto, y a veces, se dice, enga\u00f1osamente para despistar a personas malintencionadas, ha inspirado a artistas. Existen m\u00e1s de 600 testimonios iconogr\u00e1ficos que el Centro Iconogr\u00e1fico Internacional de Estudios sobre la S\u00e1bana Santa est\u00e1 catalogando actualmente.<\/p>\n\n\n\n<p><strong>Entre ellos, unos 100 son \u201cmurales sudarios\u201d del Piamonte<\/strong>, pintados en las paredes exteriores de diversos edificios, como casas, palacios y castillos. Pero tambi\u00e9n caba\u00f1as de monta\u00f1a y granjas: constituyen un cap\u00edtulo enteramente piamont\u00e9s de la historia de la S\u00e1bana Santa y de sus manifestaciones p\u00fablicas. Es poco conocida incluso por muchos piamonteses, a pesar de ser un caso \u00fanico de devoci\u00f3n popular y un ciclo art\u00edstico que abarca tres siglos.&nbsp;<strong>(Sisto Giriodi, Le altre Sindoni)<\/strong><br>Son obras sencillas, como lo son a menudo las cosas m\u00e1s importantes. Catalogadas por Sisto Giriodi y expuestas en la exposici\u00f3n.<\/p>\n\n\n<div class=\"fca-spacer spacer-block_1b576c53ed3c14dc193b9f6f767cb2ea\"  style=\"--height: 70px; --heightTablet: 70px; --heightMobile: 40px;\"><\/div>\n\n<section class=\"slick-carusel carusel-block_1d115034a2a9fe023d0b0f9427351321\" >\t<div class=\"carusel\"><div class=\"item\"><figure><img loading=\"lazy\" decoding=\"async\" width=\"2560\" height=\"1440\" src=\"https:\/\/fondazionecarloacutis.webelements.it\/wp-content\/uploads\/2024\/08\/IN-CAMMINO-web-scaled-1.jpg\" class=\"attachment-full size-full\" alt=\"\" srcset=\"https:\/\/fondazionecarloacutis.webelements.it\/wp-content\/uploads\/2024\/08\/IN-CAMMINO-web-scaled-1.jpg 2560w, https:\/\/fondazionecarloacutis.webelements.it\/wp-content\/uploads\/2024\/08\/IN-CAMMINO-web-scaled-1-300x169.jpg 300w, https:\/\/fondazionecarloacutis.webelements.it\/wp-content\/uploads\/2024\/08\/IN-CAMMINO-web-scaled-1-1024x576.jpg 1024w, https:\/\/fondazionecarloacutis.webelements.it\/wp-content\/uploads\/2024\/08\/IN-CAMMINO-web-scaled-1-768x432.jpg 768w, https:\/\/fondazionecarloacutis.webelements.it\/wp-content\/uploads\/2024\/08\/IN-CAMMINO-web-scaled-1-1536x864.jpg 1536w, https:\/\/fondazionecarloacutis.webelements.it\/wp-content\/uploads\/2024\/08\/IN-CAMMINO-web-scaled-1-2048x1152.jpg 2048w\" sizes=\"(max-width: 2560px) 100vw, 2560px\" \/><\/figure><\/div><div class=\"item\"><figure><img loading=\"lazy\" decoding=\"async\" width=\"790\" height=\"420\" src=\"https:\/\/fondazionecarloacutis.webelements.it\/wp-content\/uploads\/2024\/08\/slider-4.jpg\" class=\"attachment-full size-full\" alt=\"\" srcset=\"https:\/\/fondazionecarloacutis.webelements.it\/wp-content\/uploads\/2024\/08\/slider-4.jpg 790w, https:\/\/fondazionecarloacutis.webelements.it\/wp-content\/uploads\/2024\/08\/slider-4-300x159.jpg 300w, https:\/\/fondazionecarloacutis.webelements.it\/wp-content\/uploads\/2024\/08\/slider-4-768x408.jpg 768w\" sizes=\"(max-width: 790px) 100vw, 790px\" \/><\/figure><\/div><div class=\"item\"><figure><img loading=\"lazy\" decoding=\"async\" width=\"1620\" height=\"1080\" src=\"https:\/\/fondazionecarloacutis.webelements.it\/wp-content\/uploads\/2024\/08\/1.jpg\" class=\"attachment-full size-full\" alt=\"\" srcset=\"https:\/\/fondazionecarloacutis.webelements.it\/wp-content\/uploads\/2024\/08\/1.jpg 1620w, https:\/\/fondazionecarloacutis.webelements.it\/wp-content\/uploads\/2024\/08\/1-300x200.jpg 300w, https:\/\/fondazionecarloacutis.webelements.it\/wp-content\/uploads\/2024\/08\/1-1024x683.jpg 1024w, https:\/\/fondazionecarloacutis.webelements.it\/wp-content\/uploads\/2024\/08\/1-768x512.jpg 768w, https:\/\/fondazionecarloacutis.webelements.it\/wp-content\/uploads\/2024\/08\/1-1536x1024.jpg 1536w\" sizes=\"(max-width: 1620px) 100vw, 1620px\" \/><\/figure><\/div><div class=\"item\"><figure><img loading=\"lazy\" decoding=\"async\" width=\"1620\" height=\"1080\" src=\"https:\/\/fondazionecarloacutis.webelements.it\/wp-content\/uploads\/2024\/08\/8-2.jpg\" class=\"attachment-full size-full\" alt=\"\" srcset=\"https:\/\/fondazionecarloacutis.webelements.it\/wp-content\/uploads\/2024\/08\/8-2.jpg 1620w, https:\/\/fondazionecarloacutis.webelements.it\/wp-content\/uploads\/2024\/08\/8-2-300x200.jpg 300w, https:\/\/fondazionecarloacutis.webelements.it\/wp-content\/uploads\/2024\/08\/8-2-1024x683.jpg 1024w, https:\/\/fondazionecarloacutis.webelements.it\/wp-content\/uploads\/2024\/08\/8-2-768x512.jpg 768w, https:\/\/fondazionecarloacutis.webelements.it\/wp-content\/uploads\/2024\/08\/8-2-1536x1024.jpg 1536w\" sizes=\"(max-width: 1620px) 100vw, 1620px\" \/><\/figure><\/div><div class=\"item\"><figure><img loading=\"lazy\" decoding=\"async\" width=\"1024\" height=\"682\" src=\"https:\/\/fondazionecarloacutis.webelements.it\/wp-content\/uploads\/2024\/08\/60.jpg\" class=\"attachment-full size-full\" alt=\"\" srcset=\"https:\/\/fondazionecarloacutis.webelements.it\/wp-content\/uploads\/2024\/08\/60.jpg 1024w, https:\/\/fondazionecarloacutis.webelements.it\/wp-content\/uploads\/2024\/08\/60-300x200.jpg 300w, https:\/\/fondazionecarloacutis.webelements.it\/wp-content\/uploads\/2024\/08\/60-768x512.jpg 768w\" sizes=\"(max-width: 1024px) 100vw, 1024px\" \/><\/figure><\/div><div class=\"item\"><figure><img loading=\"lazy\" decoding=\"async\" width=\"1620\" height=\"1080\" src=\"https:\/\/fondazionecarloacutis.webelements.it\/wp-content\/uploads\/2024\/08\/32-1.jpg\" class=\"attachment-full size-full\" alt=\"\" srcset=\"https:\/\/fondazionecarloacutis.webelements.it\/wp-content\/uploads\/2024\/08\/32-1.jpg 1620w, https:\/\/fondazionecarloacutis.webelements.it\/wp-content\/uploads\/2024\/08\/32-1-300x200.jpg 300w, https:\/\/fondazionecarloacutis.webelements.it\/wp-content\/uploads\/2024\/08\/32-1-1024x683.jpg 1024w, https:\/\/fondazionecarloacutis.webelements.it\/wp-content\/uploads\/2024\/08\/32-1-768x512.jpg 768w, https:\/\/fondazionecarloacutis.webelements.it\/wp-content\/uploads\/2024\/08\/32-1-1536x1024.jpg 1536w\" sizes=\"(max-width: 1620px) 100vw, 1620px\" \/><\/figure><\/div><div class=\"item\"><figure><img loading=\"lazy\" decoding=\"async\" width=\"1620\" height=\"1080\" src=\"https:\/\/fondazionecarloacutis.webelements.it\/wp-content\/uploads\/2024\/08\/31.jpg\" class=\"attachment-full size-full\" alt=\"\" srcset=\"https:\/\/fondazionecarloacutis.webelements.it\/wp-content\/uploads\/2024\/08\/31.jpg 1620w, https:\/\/fondazionecarloacutis.webelements.it\/wp-content\/uploads\/2024\/08\/31-300x200.jpg 300w, https:\/\/fondazionecarloacutis.webelements.it\/wp-content\/uploads\/2024\/08\/31-1024x683.jpg 1024w, https:\/\/fondazionecarloacutis.webelements.it\/wp-content\/uploads\/2024\/08\/31-768x512.jpg 768w, https:\/\/fondazionecarloacutis.webelements.it\/wp-content\/uploads\/2024\/08\/31-1536x1024.jpg 1536w\" sizes=\"(max-width: 1620px) 100vw, 1620px\" \/><\/figure><\/div><div class=\"item\"><figure><img loading=\"lazy\" decoding=\"async\" width=\"1620\" height=\"1080\" src=\"https:\/\/fondazionecarloacutis.webelements.it\/wp-content\/uploads\/2024\/08\/35-1.jpg\" class=\"attachment-full size-full\" alt=\"\" srcset=\"https:\/\/fondazionecarloacutis.webelements.it\/wp-content\/uploads\/2024\/08\/35-1.jpg 1620w, https:\/\/fondazionecarloacutis.webelements.it\/wp-content\/uploads\/2024\/08\/35-1-300x200.jpg 300w, https:\/\/fondazionecarloacutis.webelements.it\/wp-content\/uploads\/2024\/08\/35-1-1024x683.jpg 1024w, https:\/\/fondazionecarloacutis.webelements.it\/wp-content\/uploads\/2024\/08\/35-1-768x512.jpg 768w, https:\/\/fondazionecarloacutis.webelements.it\/wp-content\/uploads\/2024\/08\/35-1-1536x1024.jpg 1536w\" sizes=\"(max-width: 1620px) 100vw, 1620px\" \/><\/figure><\/div><div class=\"item\"><figure><img loading=\"lazy\" decoding=\"async\" width=\"1024\" height=\"683\" src=\"https:\/\/fondazionecarloacutis.webelements.it\/wp-content\/uploads\/2024\/08\/58.jpg\" class=\"attachment-full size-full\" alt=\"\" srcset=\"https:\/\/fondazionecarloacutis.webelements.it\/wp-content\/uploads\/2024\/08\/58.jpg 1024w, https:\/\/fondazionecarloacutis.webelements.it\/wp-content\/uploads\/2024\/08\/58-300x200.jpg 300w, https:\/\/fondazionecarloacutis.webelements.it\/wp-content\/uploads\/2024\/08\/58-768x512.jpg 768w\" sizes=\"(max-width: 1024px) 100vw, 1024px\" \/><\/figure><\/div><div class=\"item\"><figure><img loading=\"lazy\" decoding=\"async\" width=\"790\" height=\"420\" src=\"https:\/\/fondazionecarloacutis.webelements.it\/wp-content\/uploads\/2024\/08\/slider-5.jpg\" class=\"attachment-full size-full\" alt=\"\" srcset=\"https:\/\/fondazionecarloacutis.webelements.it\/wp-content\/uploads\/2024\/08\/slider-5.jpg 790w, https:\/\/fondazionecarloacutis.webelements.it\/wp-content\/uploads\/2024\/08\/slider-5-300x159.jpg 300w, https:\/\/fondazionecarloacutis.webelements.it\/wp-content\/uploads\/2024\/08\/slider-5-768x408.jpg 768w\" sizes=\"(max-width: 790px) 100vw, 790px\" \/><\/figure><\/div><div class=\"item\"><figure><img loading=\"lazy\" decoding=\"async\" width=\"790\" height=\"420\" src=\"https:\/\/fondazionecarloacutis.webelements.it\/wp-content\/uploads\/2024\/08\/40.jpg\" class=\"attachment-full size-full\" alt=\"\" srcset=\"https:\/\/fondazionecarloacutis.webelements.it\/wp-content\/uploads\/2024\/08\/40.jpg 790w, https:\/\/fondazionecarloacutis.webelements.it\/wp-content\/uploads\/2024\/08\/40-300x159.jpg 300w, https:\/\/fondazionecarloacutis.webelements.it\/wp-content\/uploads\/2024\/08\/40-768x408.jpg 768w\" sizes=\"(max-width: 790px) 100vw, 790px\" \/><\/figure><\/div><div class=\"item\"><figure><img loading=\"lazy\" decoding=\"async\" width=\"790\" height=\"420\" src=\"https:\/\/fondazionecarloacutis.webelements.it\/wp-content\/uploads\/2024\/08\/39.jpg\" class=\"attachment-full size-full\" alt=\"\" srcset=\"https:\/\/fondazionecarloacutis.webelements.it\/wp-content\/uploads\/2024\/08\/39.jpg 790w, https:\/\/fondazionecarloacutis.webelements.it\/wp-content\/uploads\/2024\/08\/39-300x159.jpg 300w, https:\/\/fondazionecarloacutis.webelements.it\/wp-content\/uploads\/2024\/08\/39-768x408.jpg 768w\" sizes=\"(max-width: 790px) 100vw, 790px\" \/><\/figure><\/div><div class=\"item\"><figure><img loading=\"lazy\" decoding=\"async\" width=\"790\" height=\"420\" src=\"https:\/\/fondazionecarloacutis.webelements.it\/wp-content\/uploads\/2024\/08\/38.jpg\" class=\"attachment-full size-full\" alt=\"\" srcset=\"https:\/\/fondazionecarloacutis.webelements.it\/wp-content\/uploads\/2024\/08\/38.jpg 790w, https:\/\/fondazionecarloacutis.webelements.it\/wp-content\/uploads\/2024\/08\/38-300x159.jpg 300w, https:\/\/fondazionecarloacutis.webelements.it\/wp-content\/uploads\/2024\/08\/38-768x408.jpg 768w\" sizes=\"(max-width: 790px) 100vw, 790px\" \/><\/figure><\/div>\t<\/div><\/section>\n\n<div class=\"fca-spacer spacer-block_1a2a3d611247d8616c7ab05e74c709a9\"  style=\"--height: 40px; --heightTablet: 40px; --heightMobile: 40px;\"><\/div>\n\n\n<div class=\"wp-block-group is-layout-constrained wp-block-group-is-layout-constrained\">\n<figure class=\"wp-block-embed is-type-video is-provider-youtube wp-block-embed-youtube wp-embed-aspect-16-9 wp-has-aspect-ratio\"><div class=\"wp-block-embed__wrapper\">\n<iframe loading=\"lazy\" title=\"La Fondazione Carlo Acutis per In Cammino\" width=\"640\" height=\"360\" src=\"https:\/\/www.youtube.com\/embed\/a7MIHwQfld0?feature=oembed\" frameborder=\"0\" allow=\"accelerometer; autoplay; clipboard-write; encrypted-media; gyroscope; picture-in-picture; web-share\" referrerpolicy=\"strict-origin-when-cross-origin\" allowfullscreen><\/iframe>\n<\/div><\/figure>\n<\/div>\n\n\n<div class=\"fca-spacer spacer-block_1a2a3d611247d8616c7ab05e74c709a9\"  style=\"--height: 40px; --heightTablet: 40px; --heightMobile: 40px;\"><\/div>\n\n<section class=\"fca-files files-block_719e05063213179b3c3def51f5c365cc\" >\t<div class=\"title\">Documentaci\u00f3n<\/div>\t<div class=\"body\"><a href=\"https:\/\/fondazionecarloacutis.webelements.it\/wp-content\/uploads\/2024\/08\/01_CS_In-Cammino-e-Via-Francigena.pdf\" target=\"_blank\" class=\"row\" style=\"--bg: var(--gradient);\">\t<div class=\"file-icon\">\t\t<img decoding=\"async\" alt=\"file-icon\" src=\"https:\/\/fondazionecarloacutis.webelements.it\/wp-content\/themes\/fondazionecarloacutis\/assets\/img\/pdf.svg\">\t<\/div>\t<div class=\"file-name\"> descargar el comunicado de prensa<\/div>\t<img decoding=\"async\" alt=\"download-icon\" src=\"https:\/\/fondazionecarloacutis.webelements.it\/wp-content\/themes\/fondazionecarloacutis\/assets\/img\/download.svg\" class=\"download-icon\"><\/a>\t<\/div><\/section>\n\n<div class=\"fca-spacer spacer-block_1b576c53ed3c14dc193b9f6f767cb2ea\"  style=\"--height: 70px; --heightTablet: 70px; --heightMobile: 40px;\"><\/div>\n\n\n<div class=\"wp-block-group alignfull bg-logo-white has-background is-layout-constrained wp-block-group-is-layout-constrained\" style=\"background-color:#f8f9fa\"><div class=\"fca-spacer spacer-block_94ce70703c1943103c172b29ae8516e2\"  style=\"--height: 50px; --heightTablet: 50px; --heightMobile: 50px;\"><\/div>\n\n<section class=\"section-title-block section-title-block_3cbe8561b6fb5898c8fc0945fa8938c7\" ><img decoding=\"async\" alt=\"iconBlock\" src=\"https:\/\/fondazionecarloacutis.webelements.it\/wp-content\/uploads\/2024\/08\/9.png\"><h3 style=\"--color: #000000;\">con el patrocinio de<\/h3><\/section>\n\n<section class=\"fca-promo promo-block_14df9b1ad357c7f1962641c4baa34f81  big\" ><div class=\"item-container\"><div class=\"item\">\n\t\t\t<a nohref>  <figure><img loading=\"lazy\" decoding=\"async\" width=\"790\" height=\"420\" src=\"https:\/\/fondazionecarloacutis.webelements.it\/wp-content\/uploads\/2024\/08\/Banda-Loghi_Banda-loghi-3_loghi-partner-2.jpg\" class=\"attachment-full size-full\" alt=\"\" srcset=\"https:\/\/fondazionecarloacutis.webelements.it\/wp-content\/uploads\/2024\/08\/Banda-Loghi_Banda-loghi-3_loghi-partner-2.jpg 790w, https:\/\/fondazionecarloacutis.webelements.it\/wp-content\/uploads\/2024\/08\/Banda-Loghi_Banda-loghi-3_loghi-partner-2-300x159.jpg 300w, https:\/\/fondazionecarloacutis.webelements.it\/wp-content\/uploads\/2024\/08\/Banda-Loghi_Banda-loghi-3_loghi-partner-2-768x408.jpg 768w\" sizes=\"(max-width: 790px) 100vw, 790px\" \/><\/figure><\/a>\n\t\t<\/div><\/div><\/section>\n\n<div class=\"fca-spacer spacer-block_94ce70703c1943103c172b29ae8516e2\"  style=\"--height: 50px; --heightTablet: 50px; --heightMobile: 50px;\"><\/div><\/div>\n","protected":false},"excerpt":{"rendered":"<p>IN CAMMINO. La porta di Torino: itinerari sindonici sulla Via Francigena Palazzo Madama \u2013 Museo C\u00edvico de Arte Antiguo y la Fundaci\u00f3n Carlo Acutis, en colaboraci\u00f3n con la Regione Piemonte, presentan, desde el 13 de julio al 10 de octubre de 2023, en el \u00e1mbito del proyecto \u201cVia Francigena for All\u201d, la exposici\u00f3n IN CAMMINO. [&hellip;]<\/p>\n","protected":false},"featured_media":888,"menu_order":14,"template":"","meta":{"_acf_changed":true,"inline_featured_image":false,"_themeisle_gutenberg_block_has_review":false},"tema":[21],"class_list":["post-989","progetto","type-progetto","status-publish","has-post-thumbnail","hentry","tema-exposicion"],"acf":{"revslider":"","sottotitolo":"","titolo":"","colore_titolo":"#FFFFFF","velatura":"rgba(35,31,32,0)","style":".fca-promo.big { --width: 380px; --height: 380px; }\r\n.fca-promo.big .item { padding: 0px; }\r\n.bg-logo-white { background-size: 80%; background-position: 250% 10%; }\r\n@media (max-width: 767px) {\r\n    .entry-header::before { background-position: 60% center; }\r\n}"},"yoast_head":"<!-- This site is optimized with the Yoast SEO plugin v23.4 - https:\/\/yoast.com\/wordpress\/plugins\/seo\/ -->\n<title>IN CAMMINO: Itinerari sindonici sulla Via Francigena - Fondazione Carlo Acutis<\/title>\n<meta name=\"robots\" content=\"noindex, follow, max-snippet:-1, max-image-preview:large, max-video-preview:-1\" \/>\n<meta property=\"og:locale\" content=\"es_ES\" \/>\n<meta property=\"og:type\" content=\"article\" \/>\n<meta property=\"og:title\" content=\"IN CAMMINO: Itinerari sindonici sulla Via Francigena - Fondazione Carlo Acutis\" \/>\n<meta property=\"og:description\" content=\"IN CAMMINO. La porta di Torino: itinerari sindonici sulla Via Francigena Palazzo Madama \u2013 Museo C\u00edvico de Arte Antiguo y la Fundaci\u00f3n Carlo Acutis, en colaboraci\u00f3n con la Regione Piemonte, presentan, desde el 13 de julio al 10 de octubre de 2023, en el \u00e1mbito del proyecto \u201cVia Francigena for All\u201d, la exposici\u00f3n IN CAMMINO. [&hellip;]\" \/>\n<meta property=\"og:url\" content=\"https:\/\/fondazionecarloacutis.webelements.it\/es\/proyecto\/in-cammino-itinerari-sindonici-sulla-via-francigena\/\" \/>\n<meta property=\"og:site_name\" content=\"Fondazione Carlo Acutis\" \/>\n<meta property=\"article:modified_time\" content=\"2024-09-16T08:53:31+00:00\" \/>\n<meta property=\"og:image\" content=\"https:\/\/fondazionecarloacutis.webelements.it\/wp-content\/uploads\/2024\/08\/Bannerweb_Cammino_web-3-1-scaled-1.jpg\" \/>\n\t<meta property=\"og:image:width\" content=\"2560\" \/>\n\t<meta property=\"og:image:height\" content=\"1029\" \/>\n\t<meta property=\"og:image:type\" content=\"image\/jpeg\" \/>\n<meta name=\"twitter:card\" content=\"summary_large_image\" \/>\n<meta name=\"twitter:label1\" content=\"Tiempo de lectura\" \/>\n\t<meta name=\"twitter:data1\" content=\"4 minutos\" \/>\n<script type=\"application\/ld+json\" class=\"yoast-schema-graph\">{\"@context\":\"https:\/\/schema.org\",\"@graph\":[{\"@type\":\"WebPage\",\"@id\":\"https:\/\/fondazionecarloacutis.webelements.it\/es\/proyecto\/in-cammino-itinerari-sindonici-sulla-via-francigena\/\",\"url\":\"https:\/\/fondazionecarloacutis.webelements.it\/es\/proyecto\/in-cammino-itinerari-sindonici-sulla-via-francigena\/\",\"name\":\"IN CAMMINO: Itinerari sindonici sulla Via Francigena - Fondazione Carlo Acutis\",\"isPartOf\":{\"@id\":\"https:\/\/fondazionecarloacutis.webelements.it\/es\/#website\"},\"primaryImageOfPage\":{\"@id\":\"https:\/\/fondazionecarloacutis.webelements.it\/es\/proyecto\/in-cammino-itinerari-sindonici-sulla-via-francigena\/#primaryimage\"},\"image\":{\"@id\":\"https:\/\/fondazionecarloacutis.webelements.it\/es\/proyecto\/in-cammino-itinerari-sindonici-sulla-via-francigena\/#primaryimage\"},\"thumbnailUrl\":\"https:\/\/fondazionecarloacutis.webelements.it\/wp-content\/uploads\/2024\/08\/Bannerweb_Cammino_web-3-1-scaled-1.jpg\",\"datePublished\":\"2023-07-05T19:08:00+00:00\",\"dateModified\":\"2024-09-16T08:53:31+00:00\",\"breadcrumb\":{\"@id\":\"https:\/\/fondazionecarloacutis.webelements.it\/es\/proyecto\/in-cammino-itinerari-sindonici-sulla-via-francigena\/#breadcrumb\"},\"inLanguage\":\"es\",\"potentialAction\":[{\"@type\":\"ReadAction\",\"target\":[\"https:\/\/fondazionecarloacutis.webelements.it\/es\/proyecto\/in-cammino-itinerari-sindonici-sulla-via-francigena\/\"]}]},{\"@type\":\"ImageObject\",\"inLanguage\":\"es\",\"@id\":\"https:\/\/fondazionecarloacutis.webelements.it\/es\/proyecto\/in-cammino-itinerari-sindonici-sulla-via-francigena\/#primaryimage\",\"url\":\"https:\/\/fondazionecarloacutis.webelements.it\/wp-content\/uploads\/2024\/08\/Bannerweb_Cammino_web-3-1-scaled-1.jpg\",\"contentUrl\":\"https:\/\/fondazionecarloacutis.webelements.it\/wp-content\/uploads\/2024\/08\/Bannerweb_Cammino_web-3-1-scaled-1.jpg\",\"width\":2560,\"height\":1029},{\"@type\":\"BreadcrumbList\",\"@id\":\"https:\/\/fondazionecarloacutis.webelements.it\/es\/proyecto\/in-cammino-itinerari-sindonici-sulla-via-francigena\/#breadcrumb\",\"itemListElement\":[{\"@type\":\"ListItem\",\"position\":1,\"name\":\"Home\",\"item\":\"https:\/\/fondazionecarloacutis.webelements.it\/es\/\"},{\"@type\":\"ListItem\",\"position\":2,\"name\":\"IN CAMMINO: Itinerari sindonici sulla Via Francigena\"}]},{\"@type\":\"WebSite\",\"@id\":\"https:\/\/fondazionecarloacutis.webelements.it\/es\/#website\",\"url\":\"https:\/\/fondazionecarloacutis.webelements.it\/es\/\",\"name\":\"Fondazione Carlo Acutis\",\"description\":\"Sito Ufficiale Fondazione Carlo Acutis\",\"publisher\":{\"@id\":\"https:\/\/fondazionecarloacutis.webelements.it\/es\/#organization\"},\"potentialAction\":[{\"@type\":\"SearchAction\",\"target\":{\"@type\":\"EntryPoint\",\"urlTemplate\":\"https:\/\/fondazionecarloacutis.webelements.it\/es\/?s={search_term_string}\"},\"query-input\":{\"@type\":\"PropertyValueSpecification\",\"valueRequired\":true,\"valueName\":\"search_term_string\"}}],\"inLanguage\":\"es\"},{\"@type\":\"Organization\",\"@id\":\"https:\/\/fondazionecarloacutis.webelements.it\/es\/#organization\",\"name\":\"Fondazione Carlo Acutis\",\"url\":\"https:\/\/fondazionecarloacutis.webelements.it\/es\/\",\"logo\":{\"@type\":\"ImageObject\",\"inLanguage\":\"es\",\"@id\":\"https:\/\/fondazionecarloacutis.webelements.it\/es\/#\/schema\/logo\/image\/\",\"url\":\"https:\/\/fondazionecarloacutis.webelements.it\/wp-content\/uploads\/2024\/06\/logo-487c76feba5148a519f510677ab1bb3a.svg\",\"contentUrl\":\"https:\/\/fondazionecarloacutis.webelements.it\/wp-content\/uploads\/2024\/06\/logo-487c76feba5148a519f510677ab1bb3a.svg\",\"width\":96,\"height\":46,\"caption\":\"Fondazione Carlo Acutis\"},\"image\":{\"@id\":\"https:\/\/fondazionecarloacutis.webelements.it\/es\/#\/schema\/logo\/image\/\"}}]}<\/script>\n<!-- \/ Yoast SEO plugin. -->","yoast_head_json":{"title":"IN CAMMINO: Itinerari sindonici sulla Via Francigena - Fondazione Carlo Acutis","robots":{"index":"noindex","follow":"follow","max-snippet":"max-snippet:-1","max-image-preview":"max-image-preview:large","max-video-preview":"max-video-preview:-1"},"og_locale":"es_ES","og_type":"article","og_title":"IN CAMMINO: Itinerari sindonici sulla Via Francigena - Fondazione Carlo Acutis","og_description":"IN CAMMINO. La porta di Torino: itinerari sindonici sulla Via Francigena Palazzo Madama \u2013 Museo C\u00edvico de Arte Antiguo y la Fundaci\u00f3n Carlo Acutis, en colaboraci\u00f3n con la Regione Piemonte, presentan, desde el 13 de julio al 10 de octubre de 2023, en el \u00e1mbito del proyecto \u201cVia Francigena for All\u201d, la exposici\u00f3n IN CAMMINO. [&hellip;]","og_url":"https:\/\/fondazionecarloacutis.webelements.it\/es\/proyecto\/in-cammino-itinerari-sindonici-sulla-via-francigena\/","og_site_name":"Fondazione Carlo Acutis","article_modified_time":"2024-09-16T08:53:31+00:00","og_image":[{"width":2560,"height":1029,"url":"https:\/\/fondazionecarloacutis.webelements.it\/wp-content\/uploads\/2024\/08\/Bannerweb_Cammino_web-3-1-scaled-1.jpg","type":"image\/jpeg"}],"twitter_card":"summary_large_image","twitter_misc":{"Tiempo de lectura":"4 minutos"},"schema":{"@context":"https:\/\/schema.org","@graph":[{"@type":"WebPage","@id":"https:\/\/fondazionecarloacutis.webelements.it\/es\/proyecto\/in-cammino-itinerari-sindonici-sulla-via-francigena\/","url":"https:\/\/fondazionecarloacutis.webelements.it\/es\/proyecto\/in-cammino-itinerari-sindonici-sulla-via-francigena\/","name":"IN CAMMINO: Itinerari sindonici sulla Via Francigena - Fondazione Carlo Acutis","isPartOf":{"@id":"https:\/\/fondazionecarloacutis.webelements.it\/es\/#website"},"primaryImageOfPage":{"@id":"https:\/\/fondazionecarloacutis.webelements.it\/es\/proyecto\/in-cammino-itinerari-sindonici-sulla-via-francigena\/#primaryimage"},"image":{"@id":"https:\/\/fondazionecarloacutis.webelements.it\/es\/proyecto\/in-cammino-itinerari-sindonici-sulla-via-francigena\/#primaryimage"},"thumbnailUrl":"https:\/\/fondazionecarloacutis.webelements.it\/wp-content\/uploads\/2024\/08\/Bannerweb_Cammino_web-3-1-scaled-1.jpg","datePublished":"2023-07-05T19:08:00+00:00","dateModified":"2024-09-16T08:53:31+00:00","breadcrumb":{"@id":"https:\/\/fondazionecarloacutis.webelements.it\/es\/proyecto\/in-cammino-itinerari-sindonici-sulla-via-francigena\/#breadcrumb"},"inLanguage":"es","potentialAction":[{"@type":"ReadAction","target":["https:\/\/fondazionecarloacutis.webelements.it\/es\/proyecto\/in-cammino-itinerari-sindonici-sulla-via-francigena\/"]}]},{"@type":"ImageObject","inLanguage":"es","@id":"https:\/\/fondazionecarloacutis.webelements.it\/es\/proyecto\/in-cammino-itinerari-sindonici-sulla-via-francigena\/#primaryimage","url":"https:\/\/fondazionecarloacutis.webelements.it\/wp-content\/uploads\/2024\/08\/Bannerweb_Cammino_web-3-1-scaled-1.jpg","contentUrl":"https:\/\/fondazionecarloacutis.webelements.it\/wp-content\/uploads\/2024\/08\/Bannerweb_Cammino_web-3-1-scaled-1.jpg","width":2560,"height":1029},{"@type":"BreadcrumbList","@id":"https:\/\/fondazionecarloacutis.webelements.it\/es\/proyecto\/in-cammino-itinerari-sindonici-sulla-via-francigena\/#breadcrumb","itemListElement":[{"@type":"ListItem","position":1,"name":"Home","item":"https:\/\/fondazionecarloacutis.webelements.it\/es\/"},{"@type":"ListItem","position":2,"name":"IN CAMMINO: Itinerari sindonici sulla Via Francigena"}]},{"@type":"WebSite","@id":"https:\/\/fondazionecarloacutis.webelements.it\/es\/#website","url":"https:\/\/fondazionecarloacutis.webelements.it\/es\/","name":"Fondazione Carlo Acutis","description":"Sito Ufficiale Fondazione Carlo Acutis","publisher":{"@id":"https:\/\/fondazionecarloacutis.webelements.it\/es\/#organization"},"potentialAction":[{"@type":"SearchAction","target":{"@type":"EntryPoint","urlTemplate":"https:\/\/fondazionecarloacutis.webelements.it\/es\/?s={search_term_string}"},"query-input":{"@type":"PropertyValueSpecification","valueRequired":true,"valueName":"search_term_string"}}],"inLanguage":"es"},{"@type":"Organization","@id":"https:\/\/fondazionecarloacutis.webelements.it\/es\/#organization","name":"Fondazione Carlo Acutis","url":"https:\/\/fondazionecarloacutis.webelements.it\/es\/","logo":{"@type":"ImageObject","inLanguage":"es","@id":"https:\/\/fondazionecarloacutis.webelements.it\/es\/#\/schema\/logo\/image\/","url":"https:\/\/fondazionecarloacutis.webelements.it\/wp-content\/uploads\/2024\/06\/logo-487c76feba5148a519f510677ab1bb3a.svg","contentUrl":"https:\/\/fondazionecarloacutis.webelements.it\/wp-content\/uploads\/2024\/06\/logo-487c76feba5148a519f510677ab1bb3a.svg","width":96,"height":46,"caption":"Fondazione Carlo Acutis"},"image":{"@id":"https:\/\/fondazionecarloacutis.webelements.it\/es\/#\/schema\/logo\/image\/"}}]}},"_links":{"self":[{"href":"https:\/\/fondazionecarloacutis.webelements.it\/es\/wp-json\/wp\/v2\/progetto\/989"}],"collection":[{"href":"https:\/\/fondazionecarloacutis.webelements.it\/es\/wp-json\/wp\/v2\/progetto"}],"about":[{"href":"https:\/\/fondazionecarloacutis.webelements.it\/es\/wp-json\/wp\/v2\/types\/progetto"}],"wp:featuredmedia":[{"embeddable":true,"href":"https:\/\/fondazionecarloacutis.webelements.it\/es\/wp-json\/wp\/v2\/media\/888"}],"wp:attachment":[{"href":"https:\/\/fondazionecarloacutis.webelements.it\/es\/wp-json\/wp\/v2\/media?parent=989"}],"wp:term":[{"taxonomy":"tema","embeddable":true,"href":"https:\/\/fondazionecarloacutis.webelements.it\/es\/wp-json\/wp\/v2\/tema?post=989"}],"curies":[{"name":"wp","href":"https:\/\/api.w.org\/{rel}","templated":true}]}}